{"id":7865,"date":"2017-11-21T16:02:38","date_gmt":"2017-11-21T15:02:38","guid":{"rendered":"http:\/\/www.waldviertel-rallye.at\/cms\/?page_id=7865"},"modified":"2018-12-11T13:07:44","modified_gmt":"2018-12-11T12:07:44","slug":"presse-info-2017","status":"publish","type":"page","link":"http:\/\/www.waldviertel-rallye.at\/cms\/presse-info-2017\/","title":{"rendered":"Presse Info 2017"},"content":{"rendered":"<p>&nbsp;<\/p>\n<p><a href=\"http:\/\/www.waldviertel-rallye.at\/cms\/wp-content\/uploads\/2017\/11\/winners_2017-1.jpg\"><img loading=\"lazy\" decoding=\"async\" class=\"wp-image-7866 aligncenter\" src=\"http:\/\/www.waldviertel-rallye.at\/cms\/wp-content\/uploads\/2017\/11\/winners_2017-1.jpg\" alt=\"\" width=\"1201\" height=\"547\" srcset=\"http:\/\/www.waldviertel-rallye.at\/cms\/wp-content\/uploads\/2017\/11\/winners_2017-1.jpg 2400w, http:\/\/www.waldviertel-rallye.at\/cms\/wp-content\/uploads\/2017\/11\/winners_2017-1-300x137.jpg 300w, http:\/\/www.waldviertel-rallye.at\/cms\/wp-content\/uploads\/2017\/11\/winners_2017-1-768x350.jpg 768w, http:\/\/www.waldviertel-rallye.at\/cms\/wp-content\/uploads\/2017\/11\/winners_2017-1-1024x466.jpg 1024w, http:\/\/www.waldviertel-rallye.at\/cms\/wp-content\/uploads\/2017\/11\/winners_2017-1-250x114.jpg 250w\" sizes=\"(max-width: 1201px) 100vw, 1201px\" \/><\/a><\/p>\n<p><strong> 14. Staatsmeistertitel f\u00fcr Raimund Baumschlager<br \/>\n<\/strong><strong>In einem wahren Herzschlagfinale setzt sich der Ober\u00f6sterreicher bei der 37. und letzten Rallye Waldviertel mit 5,4 Sekunden Vorsprung gegen Hermann Neubauer durch \/ Auch der 2WD-Titel geht nach Ober\u00f6sterreich, Julian Wagner beerbt hier seinen Bruder als Champion<\/strong><\/p>\n<p>Sportlich hochstehende und dramatische Entscheidungen einerseits bzw. viele nostalgische Reminiszenzen ob der <strong>37. und letzten Rallye Waldviertel<\/strong> pr\u00e4gten an diesem Wochenende das Geschehen dieses Klassikers in der Gegend rund um <strong>Horn, Krems und Fuglau<\/strong>.<\/p>\n<p>Die beiden langj\u00e4hrigen Veranstalter<strong> \u00d6AMTC ZV Baden<\/strong> und <strong>MSRR Neulengbach<\/strong> mit dem Organisationsteam von <strong>Helmut Sch\u00f6pf<\/strong> an der Spitze, luden noch einmal zum Rallye-Saisonfinale ins Waldviertel. Dieser Einladung folgten nicht nur \u00d6sterreichs absolute Spitzenpiloten mit ihren Meisterschaftsentscheidungen, sondern auch viele starke Ausl\u00e4nder aus den Nachbarl\u00e4ndern, aber vor allem rund <strong>40.000 Besucher<\/strong>, die bei guten \u00e4u\u00dferen Bedingungen ins Waldviertel gepilgert waren.<\/p>\n<p>Dazu <strong>Helmut Sch\u00f6pf:<\/strong> \u201e Es war f\u00fcr alle Beteiligten ein emotionaler Abschluss. Den Siegern und allen \u00fcbrigen Teilnehmern ist zu gratulieren und zu danken, sie haben gro\u00dfartigen Rallyesport geboten. Bedanken m\u00f6chte ich mich auch bei den <strong>vielen Fans<\/strong>, bei unseren <strong>treuen Sponsoren<\/strong> und <strong>Rallyegemeinden in der Region<\/strong>. Selbstverst\u00e4ndlich gilt der Dank auch den <strong>Vertretern der Feuerwehren, der Rettung, der Polizei<\/strong> und unserer medizinischen <strong>MSS Sicherheitsstaffel<\/strong>. Ganz speziell gilt mein Dank unseren <strong>Funktion\u00e4ren<\/strong>, die \u00fcber viele Jahre hindurch sich in den Dienst der Rallye Waldviertel gestellt haben. Ohne deren Engagement w\u00e4re die Durchf\u00fchrung einer so langen Serie \u00fcberhaupt nicht m\u00f6glich gewesen. Nun ist es auch f\u00fcr mich Zeit, sich von dieser Rallye leider zu verabschieden. Die Gr\u00fcnde daf\u00fcr wurden im Vorfeld schon hinreichend er\u00f6rtert, trotzdem vielen Dank. Es war f\u00fcr <strong>mich und meine Familie<\/strong>, die mich in all den Jahren immer unterst\u00fctzt hat, eine anstrengende Zeit. Ich m\u00f6chte im Nachhinein keinen Tag missen.\u201c<\/p>\n<table>\n<tbody>\n<tr>\n<td style=\"text-align: left;\"><a href=\"http:\/\/www.waldviertel-rallye.at\/cms\/wp-content\/uploads\/2017\/11\/Rallye-Waldviertel-2017-PR-14-Schlussbericht.docx\" class=\"mtli_attachment mtli_docx\">Rallye Waldviertel 2017 PR 14 Schlussbericht<\/a><\/td>\n<\/tr>\n<tr>\n<td style=\"text-align: left;\"><a href=\"http:\/\/www.waldviertel-rallye.at\/cms\/wp-content\/uploads\/2017\/11\/Rallye-Waldviertel-2017-PR-13-Nach-SP-9.docx\" class=\"mtli_attachment mtli_docx\">Rallye Waldviertel 2017 PR 13 Nach SP 9<\/a><\/td>\n<\/tr>\n<tr>\n<td style=\"text-align: left;\"><a href=\"http:\/\/www.waldviertel-rallye.at\/cms\/wp-content\/uploads\/2017\/11\/Rallye-Waldviertel-2017-PR-12-Nach-dem-ersten-Tag.docx\" class=\"mtli_attachment mtli_docx\">Rallye Waldviertel 2017 PR 12 Nach dem ersten Tag<\/a><\/td>\n<\/tr>\n<tr>\n<td style=\"text-align: left;\"><a href=\"http:\/\/www.waldviertel-rallye.at\/cms\/wp-content\/uploads\/2017\/11\/Rallye-Waldviertel-2017-PR-11-Nach-SP-2.docx\" class=\"mtli_attachment mtli_docx\">Rallye Waldviertel 2017 PR 11 Nach SP 2<\/a><\/td>\n<\/tr>\n<tr>\n<td style=\"text-align: left;\"><a href=\"http:\/\/www.waldviertel-rallye.at\/cms\/wp-content\/uploads\/2017\/11\/Rallye-Waldviertel-2017-PR-10-Vor-dem-Start.docx\" class=\"mtli_attachment mtli_docx\">Rallye Waldviertel 2017 PR 10 Vor dem Start<\/a><\/td>\n<\/tr>\n<tr>\n<td style=\"text-align: left;\"><a href=\"http:\/\/www.waldviertel-rallye.at\/cms\/wp-content\/uploads\/2017\/11\/Rallye-Waldviertel-2017-PR-09-Show-im-Waldviertel-beginnt.docx\" class=\"mtli_attachment mtli_docx\">Rallye Waldviertel 2017 PR 09 Show im Waldviertel beginnt<\/a><\/td>\n<\/tr>\n<tr>\n<td style=\"text-align: left;\"><a href=\"http:\/\/www.waldviertel-rallye.at\/cms\/wp-content\/uploads\/2017\/11\/Rallye-Waldviertel-2017-PR-08-Lokalmatador-Schubert-Mrlik-Zeitplan-Nennliste.docx\" class=\"mtli_attachment mtli_docx\">Rallye Waldviertel 2017 PR 08 Lokalmatador Schubert-Mrlik, Zeitplan, Nennliste<\/a><\/td>\n<\/tr>\n<tr>\n<td style=\"text-align: left;\"><a href=\"http:\/\/www.waldviertel-rallye.at\/cms\/wp-content\/uploads\/2017\/11\/Rallye-Waldviertel-2017-PR-07-Zeitplan-Rallye-Waldviertel-2016-Staatsmeister-Statistik-Akkreditierung.docx\" class=\"mtli_attachment mtli_docx\">Rallye Waldviertel 2017 PR 07 Zeitplan<\/a><\/p>\n<p><a href=\"http:\/\/www.waldviertel-rallye.at\/cms\/wp-content\/uploads\/2017\/11\/Rallye-Waldviertel-2017-Pressemappe_Korr.docx\" class=\"mtli_attachment mtli_docx\">Rallye Waldviertel 2017 Pressemappe_Korr<\/a><\/td>\n<\/tr>\n<tr>\n<td style=\"text-align: left;\"><a href=\"http:\/\/www.waldviertel-rallye.at\/cms\/wp-content\/uploads\/2017\/11\/Rallye-Waldviertel-2017-PR-06-Opel-Cup-NO\u0308-Trophy-36-Jahre-Siegerstatistik.docx\" class=\"mtli_attachment mtli_docx\">Rallye Waldviertel 2017 PR 06 Opel Cup, NO\u0308-Trophy, 36 Jahre &#8211; Siegerstatistik<\/a><\/td>\n<\/tr>\n<tr>\n<td style=\"text-align: left;\"><a href=\"http:\/\/www.waldviertel-rallye.at\/cms\/wp-content\/uploads\/2017\/11\/Rallye-Waldviertel-2017-PR-05.docx\" class=\"mtli_attachment mtli_docx\">Rallye Waldviertel 2017 PR 05<\/a><\/td>\n<\/tr>\n<tr>\n<td style=\"text-align: left;\"><a href=\"http:\/\/www.waldviertel-rallye.at\/cms\/wp-content\/uploads\/2017\/10\/Rallye-Waldviertel-2017-PR-04.docx\" class=\"mtli_attachment mtli_docx\">Rallye Waldviertel 2017 PR 04<\/a><\/td>\n<\/tr>\n<tr>\n<td style=\"text-align: left;\"><a href=\"http:\/\/www.waldviertel-rallye.at\/cms\/wp-content\/uploads\/2017\/10\/Rallye-Waldviertel-2017-PR-03-TOTAL-Rallye-Show-.docx\" class=\"mtli_attachment mtli_docx\">Rallye Waldviertel 2017 PR 03 TOTAL Rallye Show<\/a><\/td>\n<\/tr>\n<tr>\n<td style=\"text-align: left;\"><a href=\"http:\/\/www.waldviertel-rallye.at\/cms\/wp-content\/uploads\/2017\/10\/Rallye-Waldviertel-2017-PR-02-Action-total.docx\" class=\"mtli_attachment mtli_docx\">Rallye Waldviertel 2017 PR 02 Action total<\/a><\/td>\n<\/tr>\n<tr>\n<td style=\"text-align: left;\"><a href=\"http:\/\/www.waldviertel-rallye.at\/cms\/wp-content\/uploads\/2017\/10\/Rallye-Waldviertel-2017-PR-01-Final-Rallydays-in-jeder-Hinsicht.docx\" class=\"mtli_attachment mtli_docx\">Rallye Waldviertel 2017 PR 01 Final Rallydays in jeder Hinsicht<\/a><\/td>\n<\/tr>\n<\/tbody>\n<\/table>\n<p>&nbsp;<\/p>\n<h3><strong>Die Geschichte hinter der Geschichte\u2026&nbsp; <\/strong><\/h3>\n<p><strong>2017 Rallye Waldviertel \u201ethe final event\u201c <\/strong><\/p>\n<p>Der 2 malige Ausflug nach St. P\u00f6lten mit der Rallyeshow war zwar ein tolles Projekt und brachte f\u00fcr die Rallye Waldviertel auch enorme Aufmerksamkeit, was an den Zuseherzahlen am Samstag auch deutlich erkennbar war, alleine in der Region fehlte das Verst\u00e4ndnis daf\u00fcr. Die Zahlen der N\u00e4chtigungen waren in jedem Fall h\u00f6her nur hatte sich das Zielgebiet etwas &#8222;nach unten&#8220; verschobent was mit dem Slogan &#8222;wo wir sind ist oben&#8220; eben nicht wirklich vereinbar war. Die Idee den kurzen Rallye Freitag als Marketinginstrument zu nutzen ging zwar auf aber die Kosten und auch das Wehklagen aus der Region waren nicht in den Griff zu bekommen. Das Ziel einen internationalen FIA Event der erstmals in \u00d6sterreich durchgef\u00fchrt wurde zu bekommen hatte ich erreicht. Mit den FIA Observer Bestbewertungen f\u00fcr 2013 und 2014 wurde die Grundlage geschaffen den FIA ERT FINAL EVENT bei der ersten Abhaltung nach \u00d6sterreich holen zu k\u00f6nnen und die Reisen zu den ERT Seminaren nach Riga, Istanbul, Zagreb und in die Schweiz halfen da sicherlich auch etwas mit. Dieses Projekt war meine Idee und mein Ziel war auch die Aufmerksamkeit f\u00fcr den Rallyesport zu heben, die Verschw\u00f6rungstheoretiker vermuten noch immer eine Beteiligung von Sportland oder auch politischen Einfluss von ganz oben, aber f\u00fcr dieses internationale Projekt gab es keine extra Unterst\u00fctzung oder extra W\u00fcnsche auch nicht von der politischen Seite. Sogar die Sportland Banner waren in St. P\u00f6lten nicht erw\u00fcnscht. In anderen L\u00e4ndern bist du wahrscheinlich der Hero wenn du einen solchen Event bringts in \u00d6sterreich sieht das eben anders aus da die Neidgenossenschaft sowieso immer alles besser weis.<\/p>\n<p>Kurz nach der FIA ERT Finale Event Veranstaltung 2016 war bereits klar das sich an der Finanzierungspolitik von &#8222;SPORTLAND NIEDER\u00d6STERREICH &#8220; ab den Wahlen 2017 einiges \u00e4ndern w\u00fcrde. Meine Planung ging daher bereits im Winter 2016 in Richtung KLEIN und KOMPAKT f\u00fcr die 37. Rallye Waldviertel. Dazu half auch die Reduktion auf &#8222;nur&#8220; 120 SP km f\u00fcr einen Schotterlauf in der ORM. Das FIA Projekt war Geschichte und ich konzentrierte mich auf die kompakte Rallyeversion f\u00fcr 2017. Im Mai kam dann der Hammer, Sportland Nieder\u00f6sterreich wollte pl\u00f6tzlich und ohne Vorwarnung aus dem Projekt Rallye Waldviertel aussteigen, was einer Katastrophe gleichkam da das Rallyeprojekt deutlich ins Minus gerutscht war und nur eine weitere Austragung \u00fcberhaupt die M\u00f6glichkeit bot dieses Minus auch wieder etwas zu verkleinern. Aus &#8222;KLEIN und KOMPAKT&#8220; wurde dann eine Sparversion 2017 die obwohl es von den Gesamtkosten her in Grafenegg&nbsp; billiger gewesen w\u00e4re wurde wieder verst\u00e4rkt &#8222;weiter oben&#8220; gefahren. Es waren immerhin 15 Jahre Organisationst\u00e4tigkeit die auch getragen von der Region Horn erm\u00f6glicht wurden und zum Abschied sollte es dann auch ein ordentlicher Event werden, denn eines war klar ohne die Unterst\u00fctzung von Sportland Nieder\u00f6sterreich war die Rallye Waldviertel in der gewohnten Gr\u00f6\u00dfenordnung und Qualit\u00e4t nicht zu machen, zumal es noch andere Problemfelder in der Rallye Organisation gab die nicht einfach zu l\u00f6sen waren und auch jetzt noch immer nicht gel\u00f6st sind. &nbsp;<\/p>\n<p>Da ich immer f\u00fcr klare Verh\u00e4ltnisse eingstanden bin wurde die Rallye Waldviertel nach einer Besprechung mit den Veranstalterclubs f\u00fcr 2018 nicht angemeldet. Ich wollte nicht das Risiko eingehen das im September 2018 eine Absage der Veranstaltung erfolgt, einen ORM Lauf sagt man nicht einfach ab. Als Bet\u00e4tigungsfeld der Partnervereine \u00d6AMTC ZV Baden und dem MSRR Neulengbach 2018 wurde daher der Waldviertel Rallyesprint f\u00fcr die ARC als Ersatz gew\u00e4hlt da bei dieser Gr\u00f6\u00dfenordnung auch das Risiko und die Kosten \u00fcberschaubar waren, es war also bereits im September 2017 klar das f\u00fcr 2018 keine Durchf\u00fchrung vorgesehen ist. Bereits vor der Veranstaltung 2017 und w\u00e4hrend der Rallye wurde ich auf diesen Umstand von sehr vielen Personen angesprochen, nur nicht von Personen die Helfen wollten. F\u00fcr mich Stand daher fest das ich f\u00fcr eine &#8222;schlechte&#8220; Variante 2018 nicht zur Verf\u00fcgung stehen werde. Man hat eben auch Prinzipien. Der Grund warum das so war ist auch einfach erkl\u00e4rt, nebem dem finanziellem Risiko ist in der Rallyeorganisation einer der wichtigsten wenn nicht der wichtigste Faktor kompetentes Personal und dieses kompetente Personal wird leider immer weniger da seit vielen Jahren die Ausbildung und Schulung f\u00fcr Rallyepersonal str\u00e4flich vernachl\u00e4ssigt wurde. Mein Gedanke war daher eher das es besser sein w\u00fcrde in diese Personalausbildung Zeit zu investieren als viel Geld in eine&nbsp; m\u00f6glicherweise &#8222;schlechte&#8220; Veranstaltung und weiter mit dem Personalproblem herumzuwurschteln und auf den Supergau zu warten. Die M\u00f6glichkeit nach einer Pause auch wieder einen Neustart zu machen Stand ebenfalls im Raum da die J\u00e4nner Rallye das ja bereits vorgezeigt hatte.&nbsp;<\/p>\n<p>Gekommen ist dann alles anders&#8230;.&nbsp; Bei einem Reparaturtermin meines Anh\u00e4ngersteckers in einer KFZ Werkst\u00e4tte in Sankt Leonhard habe ich alle diese Umst\u00e4nde und Fakten erkl\u00e4rt die es sinnvoller machen die Rallye Waldviertel in eine Pause zu schicken und die M\u00f6glichkeit eines Comebacks ins Auge zu fassen und auch das ich f\u00fcr 2018 sicherlich nicht zur Verf\u00fcgung stehen werde. Nur wenige Stunden sp\u00e4ter stand in der Kronenzeitung sehr vieles aber leider nichts&nbsp; was der Wahrheit entsprochen h\u00e4tte. Aus diesem Grund habe ich meine Entscheidung f\u00fcr 2018 nicht zur Verf\u00fcgung zu stehen auch nicht revidiert. Ich habe Christian Schuberth Mrlik in einem SMS&nbsp; viel Erfolg f\u00fcr seine Veranstaltung&nbsp; gew\u00fcnscht egal wie sie hei\u00dfen mag und wann und wo auch immer er sie durchf\u00fchren m\u00f6chte. Auch den Anspruch auf den Namen &#8222;Waldviertel Rallye&#8220; habe ich bei dieser Gelegenheit deponiert da f\u00fcr 2019 bereits Sponsorenangebote vorlagen und das Produk Waldviertel Rallye eben mein Produkt ist. Alleine 5 Jahre gingen drauf bis ich den \u00d6BF und die Manhartsberger Gemeinde und Privatstra\u00dfenbesitzer auf die Rallyeschiene bringen konnte. Auch Christian damals nur Mrlik hatte ich diese Strecken bereits 2003 gezeigt mit dem Hinweis auf Schotterausbau. Keine 2 km von Ihm zu Hause entfernt hat er diese einmaligen Schotterstrecken die er jetzt als &#8222;Seine Rallye&#8220; verkauft gar nicht gekannt.<\/p>\n<p>Wenn jemand 15 b.z.w. 37 Jahre in ein&nbsp; Projekt viel Zeit und auch viel Geld investiert, bei der \u00dcbernahme in gewisser Form eine Abl\u00f6se bezahlt und mit dem Veranstalterclub eine Vereinbarung trifft die auch die Pause der Veranstaltung betrifft dann muss das auch halten. Das MUSS auch halten wenn ein selbsternannter Nachfolger mit mehr als unlauteren Mitteln die Veranstaltung quasi &#8222;kopiert&#8220; und mit beweisbar unrichtigen Angaben Negativstimmung in der Region macht und zus\u00e4tzlich auch noch beide Veranstalterclubs negiert. Dieses Vorgehen und diese Art hilft sicherlich auf lange Sicht nicht der Veranstaltung in Ihrer &#8222;vielleicht&#8220; m\u00f6glichen Entwicklung. Die Zukunft wird es zeigen.<\/p>\n<p>Der Rallye W4 als Rallyeevent bin ich pers\u00f6nlich und auch die Veranstalterclubs in keiner Weise&nbsp; entgegen getreten. Die einzige Bedingung \/ Bitte die gestellt wurde war, das der Veranstalter der RallyeW4 daf\u00fcr sorge tr\u00e4gt das keine Verwechslung mit der Rallye Waldviertel stattfinden kann und Videos und Fotos der letzten 3 Jahre nicht f\u00fcr das Marketing verwendet werden sollen ausgenommen der Bilder und Videos die Christian Schuberth Mrlik bei den Veranstaltungen 2015-2017 zeigen. Dies auch deshalb da der Name Rallye Waldviertel auch in Zukunft weiter verwendet werden soll. Diese Vereinarung wurde mit Christian Schuberth Mrlik pers\u00f6nlich besprochen (ausgenommen Videos) aber bereits zwei Tage nach der Besprechung tauchte ein Video auf das nur aus Aufnahmen der Waldviertel Rallye 2017 bestand. Aus diesem Umstand heraus wurde die Vereinbarung textlich um den Videopassus erweitert und \u00fcbermittelt. Mit der Begr\u00fcndung &#8222;das kann ich aber nicht unterschreiben&#8220; wurde diese Vereinbarung dann eben nicht unterzeichnet, mit etwas Ehrgef\u00fchl h\u00e4tte man auch dieser L\u00f6sung zustimmen k\u00f6nnen aber der Begriff Ehrgef\u00fchl scheint im Norden v\u00f6llig abhanden gekommen zu sein auch wenn man als Protege jahrelang Vorteile genossen hat. In weiterer Folge wurde sogar mit dem Titel Rallye Waldviertel und mit der 38. Durchf\u00fchrung geworben. F\u00fcr mich ist es dann schon verst\u00e4ndlich wenn sich die Veranstalterclubs mit geeigneten Mitteln zur Wehr setzen und f\u00fcr 2019 eine Veranstaltung anmelden. Auch in dieser Sache haben die beiden Veranstalterclubs mehr Anerkennung der Sache gegen\u00fcber gezeigt als jemals nur aus der anderen Richtung gekommen ist. Die Kopie der Rallye Waldviertel die 2018 unter dem Titel RallyeW4 abgehalten wurde ist so wie das Logo der Veranstaltung, so wie die Strecke, so wie die Einreichungsunterlagen, so wie die Hinweistafeln und auch alles andere rundherum eben nur eine Kopie im wahrsten Sinne des Wortes. Niemand wurden gefragt ob Texte oder Layouts verwendet werden d\u00fcrfen man hat sich das alles einfach zusammengeklaut \/ kopiert und noch dazu \u00f6ffentlich verbreitet das die Organisation und alles ja so viel Arbeit war weil der Vorveranstalter nichts hergegeben hat. Die 1. RallyeW4 2018 hat mich daher irgendwie an &#8222;Malen mit Zahlen&#8220; erinnert. GUTE VORLAGEN MEIST SCHLECHTES ERGEBNIS. Der Veranstaltung bleibt nur zu w\u00fcnschen das sie die hohen Erwartungen wenigstens in der Zukunft zu erf\u00fcllen vermag bei der Ausgabe 1 war nichts davon zu bemerken und der Erstlingsbonus wird ab 2019 auch nicht mehr so zum tragen kommen. Nur mit kopieren alleine wird es nicht besser werden. Neuigkeiten haben sich keine gezeigt aber es gibt ja m\u00f6glicherweise in der Zukunft noch ausreichend Gelegenheit das in den Griff zu bekommen. NEU war an&nbsp; der Rallye W4 leider nur der Umstand das einem Veranstalterclub der 37 Jahre lang f\u00fcr den Rallyesport gearbeitet hat eine Veranstaltung unter dem &#8222;A&#8230;.&nbsp; weggezogen wurde.<\/p>\n<p>Wenn nach 15 Jahren Rallye Waldviertel in der Region Horn und Krems ein Res\u00fcme gezogen wird schaut es von den Umwegsrentabilit\u00e4tswerten und den Werbewerten f\u00fcr die Region Waldviertel in Millionenh\u00f6he jedenalls sehr gut aus. Ich pers\u00f6nlich kann nur DANKE sagen das ich 15 Jahre die Veranstaltung mit Unterst\u00fctzung der Gemeinden &#8222;egal in welcher Form&#8220; den \u00d6BF und Privatwegebesitzern und vor allem den Helfern aus der Region veranstalten durfte und der ORM und auch den internationalen FIA Bewerben eine Plattform bieten konnte die nicht selbstverst\u00e4ndlich ist. Auch im Namen der Rallye Teams die im Waldviertel aufgenommen wurden kann man nur Danke sagen das diese Strecken f\u00fcr den Rallyesport zur Verf\u00fcgung gestellt wurden.<\/p>\n<p>Man k\u00f6nnte, sollte man zumindest annehmen auch etwas Anerkennung und auch Respekt f\u00fcr 15 durchgef\u00fchrte Veranstaltungen erwarten. Aber auch diese Worte scheinen vor allem in der Region St. Leonhard unbekannt. Statt Anerkennung und Respekt gibt es dumme Ger\u00fcchte unwahre und Gesch\u00e4ftssch\u00e4digende Aussagen sowie pers\u00f6nliche Angriffe in Gemeindenachrichten u.v.a.m. Auch daf\u00fcr ein sehr pers\u00f6nliches und herzliches Dankesch\u00f6n von der Organisation der Rallye Waldviertel.<\/p>\n<p>VIEL GL\u00dcCK F\u00dcR DIE ZUKUNFT<\/p>\n<p>w\u00fcnscht Helmut Sch\u00f6pf<\/p>\n<p>B\u00f6heimkirchen im Dezember 2018<\/p>\n<p>&nbsp;<\/p>\n<p>&nbsp;<\/p>\n","protected":false},"excerpt":{"rendered":"<p>&nbsp; 14. Staatsmeistertitel f\u00fcr Raimund Baumschlager In einem wahren Herzschlagfinale setzt sich der Ober\u00f6sterreicher bei der 37. und letzten Rallye Waldviertel mit 5,4 Sekunden Vorsprung gegen Hermann Neubauer durch \/ Auch der 2WD-Titel geht nach Ober\u00f6sterreich, Julian Wagner beerbt hier seinen Bruder als Champion Sportlich hochstehende und dramatische Entscheidungen einerseits bzw. viele nostalgische Reminiszenzen ob [&hellip;]<\/p>\n","protected":false},"author":1,"featured_media":0,"parent":0,"menu_order":0,"comment_status":"closed","ping_status":"closed","template":"","meta":{"ngg_post_thumbnail":0,"footnotes":""},"_links":{"self":[{"href":"http:\/\/www.waldviertel-rallye.at\/cms\/wp-json\/wp\/v2\/pages\/7865"}],"collection":[{"href":"http:\/\/www.waldviertel-rallye.at\/cms\/wp-json\/wp\/v2\/pages"}],"about":[{"href":"http:\/\/www.waldviertel-rallye.at\/cms\/wp-json\/wp\/v2\/types\/page"}],"author":[{"embeddable":true,"href":"http:\/\/www.waldviertel-rallye.at\/cms\/wp-json\/wp\/v2\/users\/1"}],"replies":[{"embeddable":true,"href":"http:\/\/www.waldviertel-rallye.at\/cms\/wp-json\/wp\/v2\/comments?post=7865"}],"version-history":[{"count":12,"href":"http:\/\/www.waldviertel-rallye.at\/cms\/wp-json\/wp\/v2\/pages\/7865\/revisions"}],"predecessor-version":[{"id":8007,"href":"http:\/\/www.waldviertel-rallye.at\/cms\/wp-json\/wp\/v2\/pages\/7865\/revisions\/8007"}],"wp:attachment":[{"href":"http:\/\/www.waldviertel-rallye.at\/cms\/wp-json\/wp\/v2\/media?parent=7865"}],"curies":[{"name":"wp","href":"https:\/\/api.w.org\/{rel}","templated":true}]}}