{"id":7276,"date":"2016-11-27T16:50:23","date_gmt":"2016-11-27T15:50:23","guid":{"rendered":"http:\/\/www.waldviertel-rallye.at\/cms\/?page_id=7276"},"modified":"2016-11-27T16:53:26","modified_gmt":"2016-11-27T15:53:26","slug":"video-highlights","status":"publish","type":"page","link":"http:\/\/www.waldviertel-rallye.at\/cms\/video-highlights\/","title":{"rendered":"VIDEO HIGHLIGHTS"},"content":{"rendered":"<div class=\"yt-thumb video-thumb\"><span class=\"yt-thumb-simple\"> <img loading=\"lazy\" decoding=\"async\" src=\"https:\/\/i.ytimg.com\/vi\/uqtTg9suR_Y\/hqdefault.jpg?custom=true&amp;w=196&amp;h=110&amp;stc=true&amp;jpg444=true&amp;jpgq=90&amp;sp=68&amp;sigh=jbXniHT5NtCCthB0oBUL63typeY\" alt=\"\" data-ytimg=\"1\" width=\"196\" height=\"110\"\/> <\/span><\/div>\n<p><a class=\"yt-uix-sessionlink spf-link \" href=\"https:\/\/www.youtube.com\/watch?v=uqtTg9suR_Y\" data-sessionlink=\"itct=CEQQ3DAYACITCK3Fjs-jydACFSL3wgod2WINbyj0JFISV2FsZHZpZXJ0ZWwgUmFsbHll\"><span class=\"video-time\">2:06<\/span><\/a><\/p>\n<div class=\"yt-lockup-thumbnail contains-percent-duration-watched contains-addto\">&nbsp;<\/div>\n<div class=\"yt-lockup-content\">\n<h3 class=\"yt-lockup-title \"><a class=\"yt-uix-sessionlink yt-uix-tile-link yt-ui-ellipsis yt-ui-ellipsis-2 spf-link \" dir=\"ltr\" title=\"Best of Shakedown + SP1 Crash, Action, Waldviertel Rallye 2016\" href=\"https:\/\/www.youtube.com\/watch?v=uqtTg9suR_Y\" rel=\"spf-prefetch\" data-sessionlink=\"itct=CEQQ3DAYACITCK3Fjs-jydACFSL3wgod2WINbyj0JFISV2FsZHZpZXJ0ZWwgUmFsbHll\">Best of Shakedown + SP1 Crash, Action, Waldviertel Rallye 2016<\/a><\/h3>\n<div class=\"yt-lockup-byline \"><a class=\"g-hovercard yt-uix-sessionlink spf-link \" href=\"https:\/\/www.youtube.com\/user\/fotovideopolt\" data-ytid=\"UCAkxOhDAzrthXPCO7gxfeAw\" data-sessionlink=\"itct=CEQQ3DAYACITCK3Fjs-jydACFSL3wgod2WINbyj0JA\">Foto Video POLT<\/a><\/div>\n<div class=\"yt-lockup-description yt-ui-ellipsis yt-ui-ellipsis-2\" dir=\"ltr\"><a class=\"yt-uix-redirect-link\" dir=\"ltr\" title=\"http:\/\/www.facebook.com\/FotoVideoPolt\" href=\"http:\/\/www.facebook.com\/FotoVideoPolt\" target=\"_blank\" rel=\"nofollow\">http:\/\/www.facebook.com\/FotoVideoPolt<\/a> <a class=\"yt-uix-redirect-link\" dir=\"ltr\" title=\"http:\/\/www.foto-video-polt.com\" href=\"http:\/\/www.foto-video-polt.com\" target=\"_blank\" rel=\"nofollow\">http:\/\/www.foto-video-polt.com<\/a>.<\/div>\n<div class=\"yt-lockup-action-menu yt-uix-menu-container\">&nbsp;<\/div>\n<\/div>\n<div class=\"yt-lockup yt-lockup-tile yt-lockup-video clearfix\" data-context-item-id=\"zg02EkNnWyo\" data-visibility-tracking=\"CEMQ3DAYASITCK3Fjs-jydACFSL3wgod2WINbyj0JECqtp2bpMLNhs4B\">\n<div class=\"yt-lockup-dismissable yt-uix-tile\">\n<div class=\"yt-lockup-thumbnail contains-percent-duration-watched contains-addto\">\n<div class=\"yt-thumb video-thumb\"><span class=\"yt-thumb-simple\"> <img loading=\"lazy\" decoding=\"async\" src=\"https:\/\/i.ytimg.com\/vi\/zg02EkNnWyo\/hqdefault.jpg?custom=true&amp;w=196&amp;h=110&amp;stc=true&amp;jpg444=true&amp;jpgq=90&amp;sp=68&amp;sigh=GavAOEE4DjTqEgwb4YNixhn2V4s\" alt=\"\" data-ytimg=\"1\" width=\"196\" height=\"110\"\/> <\/span><\/div>\n<p><a class=\"yt-uix-sessionlink spf-link \" href=\"https:\/\/www.youtube.com\/watch?v=zg02EkNnWyo&amp;t=10s\" data-sessionlink=\"itct=CEMQ3DAYASITCK3Fjs-jydACFSL3wgod2WINbyj0JFISV2FsZHZpZXJ0ZWwgUmFsbHll\"><span class=\"video-time\">13:33<\/span><\/a><\/p>\n<\/div>\n<\/div>\n<\/div>\n<div class=\"yt-lockup-thumbnail contains-percent-duration-watched contains-addto\">&nbsp;<\/div>\n<div class=\"yt-lockup-content\">\n<h3 class=\"yt-lockup-title \"><a class=\"yt-uix-sessionlink yt-uix-tile-link yt-ui-ellipsis yt-ui-ellipsis-2 spf-link \" dir=\"ltr\" title=\"ORM Waldviertel Rallye 2016\" href=\"https:\/\/www.youtube.com\/watch?v=zg02EkNnWyo&amp;t=10s\" rel=\"spf-prefetch\" data-sessionlink=\"itct=CEMQ3DAYASITCK3Fjs-jydACFSL3wgod2WINbyj0JFISV2FsZHZpZXJ0ZWwgUmFsbHll\">ORM Waldviertel Rallye 2016<\/a><\/h3>\n<div class=\"yt-lockup-byline \"><a class=\"g-hovercard yt-uix-sessionlink spf-link \" href=\"https:\/\/www.youtube.com\/user\/fotovideopolt\" data-ytid=\"UCAkxOhDAzrthXPCO7gxfeAw\" data-sessionlink=\"itct=CEMQ3DAYASITCK3Fjs-jydACFSL3wgod2WINbyj0JA\">Foto Video POLT<\/a><\/div>\n<div class=\"yt-lockup-description yt-ui-ellipsis yt-ui-ellipsis-2\" dir=\"ltr\"><a class=\"yt-uix-redirect-link\" dir=\"ltr\" title=\"http:\/\/www.facebook.com\/FotoVideoPolt\" href=\"http:\/\/www.facebook.com\/FotoVideoPolt\" target=\"_blank\" rel=\"nofollow\">http:\/\/www.facebook.com\/FotoVideoPolt<\/a> <a class=\"yt-uix-redirect-link\" dir=\"ltr\" title=\"http:\/\/www.foto-video-polt.com\" href=\"http:\/\/www.foto-video-polt.com\" target=\"_blank\" rel=\"nofollow\">http:\/\/www.foto-video-polt.com<\/a>.<\/div>\n<div class=\"yt-lockup-action-menu yt-uix-menu-container\">&nbsp;<\/div>\n<\/div>\n<div class=\"yt-lockup yt-lockup-tile yt-lockup-video clearfix\" data-context-item-id=\"qFJMlo2Y488\" data-visibility-tracking=\"CEIQ3DAYAiITCK3Fjs-jydACFSL3wgod2WINbyj0JEDPx-Ps6JKTqagB\">\n<div class=\"yt-lockup-dismissable yt-uix-tile\">\n<div class=\"yt-lockup-thumbnail contains-addto\">\n<div class=\"yt-thumb video-thumb\"><span class=\"yt-thumb-simple\"> <img loading=\"lazy\" decoding=\"async\" src=\"https:\/\/i.ytimg.com\/vi\/qFJMlo2Y488\/hqdefault.jpg?custom=true&amp;w=196&amp;h=110&amp;stc=true&amp;jpg444=true&amp;jpgq=90&amp;sp=68&amp;sigh=vZ6EVjfJrKz9ehynj3VpGj_HvLg\" alt=\"\" data-ytimg=\"1\" width=\"196\" height=\"110\"\/> <\/span><\/div>\n<p><a class=\"yt-uix-sessionlink spf-link \" href=\"https:\/\/www.youtube.com\/watch?v=qFJMlo2Y488\" data-sessionlink=\"itct=CEIQ3DAYAiITCK3Fjs-jydACFSL3wgod2WINbyj0JFISV2FsZHZpZXJ0ZWwgUmFsbHll\"><span class=\"video-time\">7:56<\/span><\/a><\/p>\n<\/div>\n<\/div>\n<\/div>\n<div class=\"yt-lockup-thumbnail contains-addto\">&nbsp;<\/div>\n<div class=\"yt-lockup-content\">\n<h3 class=\"yt-lockup-title \"><a class=\"yt-uix-sessionlink yt-uix-tile-link yt-ui-ellipsis yt-ui-ellipsis-2 spf-link \" dir=\"ltr\" title=\"Rallye Waldviertel 2016 (crash &amp; action)\" href=\"https:\/\/www.youtube.com\/watch?v=qFJMlo2Y488\" rel=\"spf-prefetch\" data-sessionlink=\"itct=CEIQ3DAYAiITCK3Fjs-jydACFSL3wgod2WINbyj0JFISV2FsZHZpZXJ0ZWwgUmFsbHll\">Rallye Waldviertel 2016 (crash &amp; action)<\/a><\/h3>\n<div class=\"yt-lockup-byline \"><a class=\"g-hovercard yt-uix-sessionlink spf-link \" href=\"https:\/\/www.youtube.com\/channel\/UCdTukmA61kbimYzYc_gWqXg\" data-ytid=\"UCdTukmA61kbimYzYc_gWqXg\" data-sessionlink=\"itct=CEIQ3DAYAiITCK3Fjs-jydACFSL3wgod2WINbyj0JA\">JNK Studio<\/a><\/div>\n<div class=\"yt-lockup-meta \">\n<ul class=\"yt-lockup-meta-info\">\n<li>vor 1 Woche<\/li>\n<li>11.659 Aufrufe<\/li>\n<\/ul>\n<\/div>\n<div class=\"yt-lockup-badges\">\n<ul class=\"yt-badge-list \">\n<li class=\"yt-badge-item\"><span class=\"yt-badge \">Neu<\/span><\/li>\n<\/ul>\n<\/div>\n<div class=\"yt-lockup-action-menu yt-uix-menu-container\">&nbsp;<\/div>\n<\/div>\n<div class=\"yt-lockup yt-lockup-tile yt-lockup-video clearfix\" data-context-item-id=\"lEKF8T1_5M4\" data-visibility-tracking=\"CEEQ3DAYAyITCK3Fjs-jydACFSL3wgod2WINbyj0JEDOyf_rk76hoZQB\">\n<div class=\"yt-lockup-dismissable yt-uix-tile\">\n<div class=\"yt-lockup-thumbnail contains-addto\">\n<div class=\"yt-thumb video-thumb\"><span class=\"yt-thumb-simple\"> <img loading=\"lazy\" decoding=\"async\" src=\"https:\/\/i.ytimg.com\/vi\/lEKF8T1_5M4\/hqdefault.jpg?custom=true&amp;w=196&amp;h=110&amp;stc=true&amp;jpg444=true&amp;jpgq=90&amp;sp=68&amp;sigh=CtXA4UAXvkSMduMb8BkC0xKveFs\" alt=\"\" data-ytimg=\"1\" width=\"196\" height=\"110\"\/> <\/span><\/div>\n<p><a class=\"yt-uix-sessionlink spf-link \" href=\"https:\/\/www.youtube.com\/watch?v=lEKF8T1_5M4\" data-sessionlink=\"itct=CEEQ3DAYAyITCK3Fjs-jydACFSL3wgod2WINbyj0JFISV2FsZHZpZXJ0ZWwgUmFsbHll\"><span class=\"video-time\">5:15<\/span><\/a><\/p>\n<\/div>\n<\/div>\n<\/div>\n<div class=\"yt-lockup-thumbnail contains-addto\">&nbsp;<\/div>\n<div class=\"yt-lockup-content\">\n<h3 class=\"yt-lockup-title \"><a class=\"yt-uix-sessionlink yt-uix-tile-link yt-ui-ellipsis yt-ui-ellipsis-2 spf-link \" dir=\"ltr\" title=\"Waldviertel Rallye 2016 | ACTION\" href=\"https:\/\/www.youtube.com\/watch?v=lEKF8T1_5M4\" rel=\"spf-prefetch\" data-sessionlink=\"itct=CEEQ3DAYAyITCK3Fjs-jydACFSL3wgod2WINbyj0JFISV2FsZHZpZXJ0ZWwgUmFsbHll\">Waldviertel Rallye 2016 | ACTION<\/a><\/h3>\n<div class=\"yt-lockup-byline \"><a class=\"g-hovercard yt-uix-sessionlink spf-link \" href=\"https:\/\/www.youtube.com\/user\/GHrallyemotion\" data-ytid=\"UCpZJqkEh3_wg5-EGHHVigPA\" data-sessionlink=\"itct=CEEQ3DAYAyITCK3Fjs-jydACFSL3wgod2WINbyj0JA\">GHrallyemotion<\/a><\/div>\n<div class=\"yt-lockup-description yt-ui-ellipsis yt-ui-ellipsis-2\" dir=\"ltr\">Starkes internationales Starterfeld im Waldviertel! Im spannenden Kampf zwischen drei Skoda Fabia R5 setzt sich Raimund &#8230;<\/div>\n<div class=\"yt-lockup-action-menu yt-uix-menu-container\">&nbsp;<\/div>\n<\/div>\n<div class=\"yt-lockup yt-lockup-tile yt-lockup-video clearfix\" data-context-item-id=\"7_Xdki1mloc\" data-visibility-tracking=\"CEAQ3DAYBCITCK3Fjs-jydACFSL3wgod2WINbyj0JECHrZrrorL3-u8B\">\n<div class=\"yt-lockup-dismissable yt-uix-tile\">\n<div class=\"yt-lockup-thumbnail contains-addto\">\n<div class=\"yt-thumb video-thumb\"><span class=\"yt-thumb-simple\"> <img loading=\"lazy\" decoding=\"async\" src=\"https:\/\/i.ytimg.com\/vi\/7_Xdki1mloc\/hqdefault.jpg?custom=true&amp;w=196&amp;h=110&amp;stc=true&amp;jpg444=true&amp;jpgq=90&amp;sp=68&amp;sigh=VNOin62BT_AfM0XymDzg94fN4YE\" alt=\"\" data-ytimg=\"1\" width=\"196\" height=\"110\"\/> <\/span><\/div>\n<p><a class=\"yt-uix-sessionlink spf-link \" href=\"https:\/\/www.youtube.com\/watch?v=7_Xdki1mloc\" data-sessionlink=\"itct=CEAQ3DAYBCITCK3Fjs-jydACFSL3wgod2WINbyj0JFISV2FsZHZpZXJ0ZWwgUmFsbHll\"><span class=\"video-time\">2:51<\/span><\/a><\/p>\n<\/div>\n<\/div>\n<\/div>\n<div class=\"yt-lockup-thumbnail contains-addto\">&nbsp;<\/div>\n<div class=\"yt-lockup-content\">\n<h3 class=\"yt-lockup-title \"><a class=\"yt-uix-sessionlink yt-uix-tile-link yt-ui-ellipsis yt-ui-ellipsis-2 spf-link \" dir=\"ltr\" title=\"Rallye Waldviertel 2016 MUD &amp; ACTION Day - 1\" href=\"https:\/\/www.youtube.com\/watch?v=7_Xdki1mloc\" rel=\"spf-prefetch\" data-sessionlink=\"itct=CEAQ3DAYBCITCK3Fjs-jydACFSL3wgod2WINbyj0JFISV2FsZHZpZXJ0ZWwgUmFsbHll\">Rallye Waldviertel 2016 MUD &amp; ACTION Day &#8211; 1<\/a><\/h3>\n<div class=\"yt-lockup-byline \"><a class=\"g-hovercard yt-uix-sessionlink spf-link \" href=\"https:\/\/www.youtube.com\/user\/PatrickButschell\" data-ytid=\"UCEWMYz9flvP2ch7Qdc2V9gA\" data-sessionlink=\"itct=CEAQ3DAYBCITCK3Fjs-jydACFSL3wgod2WINbyj0JA\">bmpTV<\/a><\/div>\n<div class=\"yt-lockup-description yt-ui-ellipsis yt-ui-ellipsis-2\" dir=\"ltr\">www.facebook.com\/motorsportfotos www.bmp-motorsportfotos.com.<\/div>\n<div class=\"yt-lockup-action-menu yt-uix-menu-container\">&nbsp;<\/div>\n<\/div>\n<div class=\"yt-lockup yt-lockup-tile yt-lockup-video clearfix\" data-context-item-id=\"bcnCiycEyAc\" data-visibility-tracking=\"CD8Q3DAYBSITCK3Fjs-jydACFSL3wgod2WINbyj0JECHkJO4stHw5G0=\">\n<div class=\"yt-lockup-dismissable yt-uix-tile\">\n<div class=\"yt-lockup-thumbnail contains-addto\">\n<div class=\"yt-thumb video-thumb\"><span class=\"yt-thumb-simple\"> <img loading=\"lazy\" decoding=\"async\" src=\"https:\/\/i.ytimg.com\/vi\/bcnCiycEyAc\/hqdefault.jpg?custom=true&amp;w=196&amp;h=110&amp;stc=true&amp;jpg444=true&amp;jpgq=90&amp;sp=68&amp;sigh=fPMq9lusiRbceix4yJzQbWJYBvI\" alt=\"\" data-ytimg=\"1\" width=\"196\" height=\"110\"\/> <\/span><\/div>\n<p><a class=\"yt-uix-sessionlink spf-link \" href=\"https:\/\/www.youtube.com\/watch?v=bcnCiycEyAc\" data-sessionlink=\"itct=CD8Q3DAYBSITCK3Fjs-jydACFSL3wgod2WINbyj0JFISV2FsZHZpZXJ0ZWwgUmFsbHll\"><span class=\"video-time\">8:55<\/span><\/a><\/p>\n<\/div>\n<\/div>\n<\/div>\n<div class=\"yt-lockup-thumbnail contains-addto\">&nbsp;<\/div>\n<div class=\"yt-lockup-content\">\n<h3 class=\"yt-lockup-title \"><a class=\"yt-uix-sessionlink yt-uix-tile-link yt-ui-ellipsis yt-ui-ellipsis-2 spf-link \" dir=\"ltr\" title=\"Waldviertel Rally 2016.11.18-19. [MAX ATTACK - action, mistake]\" href=\"https:\/\/www.youtube.com\/watch?v=bcnCiycEyAc\" rel=\"spf-prefetch\" data-sessionlink=\"itct=CD8Q3DAYBSITCK3Fjs-jydACFSL3wgod2WINbyj0JFISV2FsZHZpZXJ0ZWwgUmFsbHll\">Waldviertel Rally 2016.11.18-19. [MAX ATTACK &#8211; action, mistake]<\/a><\/h3>\n<div class=\"yt-lockup-byline \"><a class=\"g-hovercard yt-uix-sessionlink spf-link \" href=\"https:\/\/www.youtube.com\/user\/benzingozhu\" data-ytid=\"UCHXiY4XEKPhCVlThpCHOcgA\" data-sessionlink=\"itct=CD8Q3DAYBSITCK3Fjs-jydACFSL3wgod2WINbyj0JA\">Benzing\u0151z<\/a><\/div>\n<div class=\"yt-lockup-description yt-ui-ellipsis yt-ui-ellipsis-2\" dir=\"ltr\">Waldviertel Rally 2016.11.18-19. F\u00fcredi SportVideo &#8211; BiGBeni Rally Video 2016.<\/div>\n<div class=\"yt-lockup-action-menu yt-uix-menu-container\">&nbsp;<\/div>\n<\/div>\n<div class=\"yt-lockup yt-lockup-tile yt-lockup-video clearfix\" data-context-item-id=\"jEUIEq-CeW0\" data-visibility-tracking=\"CD4Q3DAYBiITCK3Fjs-jydACFSL3wgod2WINbyj0JEDt8on8qoLCoowB\">\n<div class=\"yt-lockup-dismissable yt-uix-tile\">\n<div class=\"yt-lockup-thumbnail contains-addto\">\n<div class=\"yt-thumb video-thumb\"><span class=\"yt-thumb-simple\"> <img loading=\"lazy\" decoding=\"async\" src=\"https:\/\/i.ytimg.com\/vi\/jEUIEq-CeW0\/hqdefault.jpg?custom=true&amp;w=196&amp;h=110&amp;stc=true&amp;jpg444=true&amp;jpgq=90&amp;sp=68&amp;sigh=EMXwxLPaVApMQzv1ickvBx_4pAA\" alt=\"\" data-ytimg=\"1\" width=\"196\" height=\"110\"\/> <\/span><\/div>\n<p><a class=\"yt-uix-sessionlink spf-link \" href=\"https:\/\/www.youtube.com\/watch?v=jEUIEq-CeW0\" data-sessionlink=\"itct=CD4Q3DAYBiITCK3Fjs-jydACFSL3wgod2WINbyj0JFISV2FsZHZpZXJ0ZWwgUmFsbHll\"><span class=\"video-time\">19:46<\/span><\/a><\/p>\n<\/div>\n<\/div>\n<\/div>\n<div class=\"yt-lockup-thumbnail contains-addto\">&nbsp;<\/div>\n<div class=\"yt-lockup-content\">\n<h3 class=\"yt-lockup-title \"><a class=\"yt-uix-sessionlink yt-uix-tile-link yt-ui-ellipsis yt-ui-ellipsis-2 spf-link \" dir=\"ltr\" title=\"Rally Waldviertel 2016\" href=\"https:\/\/www.youtube.com\/watch?v=jEUIEq-CeW0\" rel=\"spf-prefetch\" data-sessionlink=\"itct=CD4Q3DAYBiITCK3Fjs-jydACFSL3wgod2WINbyj0JFISV2FsZHZpZXJ0ZWwgUmFsbHll\">Rally Waldviertel 2016<\/a><\/h3>\n<div class=\"yt-lockup-byline \"><a class=\"g-hovercard yt-uix-sessionlink spf-link \" href=\"https:\/\/www.youtube.com\/channel\/UCfbHZyyv1_CYAZs9m39kB1w\" data-ytid=\"UCfbHZyyv1_CYAZs9m39kB1w\" data-sessionlink=\"itct=CD4Q3DAYBiITCK3Fjs-jydACFSL3wgod2WINbyj0JA\">Petr Kulh\u00e1nek<\/a><\/div>\n<div class=\"yt-lockup-action-menu yt-uix-menu-container\">&nbsp;<\/div>\n<\/div>\n<div class=\"yt-lockup yt-lockup-tile yt-lockup-video clearfix\" data-context-item-id=\"bzT-sP0r168\" data-visibility-tracking=\"CD0Q3DAYByITCK3Fjs-jydACFSL3wgod2WINbyj0JECvr6_pj9a_mm8=\">\n<div class=\"yt-lockup-dismissable yt-uix-tile\">\n<div class=\"yt-lockup-thumbnail contains-addto\">\n<div class=\"yt-thumb video-thumb\"><span class=\"yt-thumb-simple\"> <img loading=\"lazy\" decoding=\"async\" src=\"https:\/\/i.ytimg.com\/vi\/bzT-sP0r168\/hqdefault.jpg?custom=true&amp;w=196&amp;h=110&amp;stc=true&amp;jpg444=true&amp;jpgq=90&amp;sp=68&amp;sigh=ngdyyb63uZqXdF7IQ4oYoSorF7A\" alt=\"\" data-ytimg=\"1\" width=\"196\" height=\"110\"\/> <\/span><\/div>\n<p><a class=\"yt-uix-sessionlink spf-link \" href=\"https:\/\/www.youtube.com\/watch?v=bzT-sP0r168\" data-sessionlink=\"itct=CD0Q3DAYByITCK3Fjs-jydACFSL3wgod2WINbyj0JFISV2FsZHZpZXJ0ZWwgUmFsbHll\"><span class=\"video-time\">5:49<\/span><\/a><\/p>\n<\/div>\n<\/div>\n<\/div>\n<div class=\"yt-lockup-thumbnail contains-addto\">&nbsp;<\/div>\n<div class=\"yt-lockup-content\">\n<h3 class=\"yt-lockup-title \"><a class=\"yt-uix-sessionlink yt-uix-tile-link yt-ui-ellipsis yt-ui-ellipsis-2 spf-link \" dir=\"ltr\" title=\"Waldviertel rally 2016 Maxx attack\" href=\"https:\/\/www.youtube.com\/watch?v=bzT-sP0r168\" rel=\"spf-prefetch\" data-sessionlink=\"itct=CD0Q3DAYByITCK3Fjs-jydACFSL3wgod2WINbyj0JFISV2FsZHZpZXJ0ZWwgUmFsbHll\">Waldviertel rally 2016 Maxx attack<\/a><\/h3>\n<div class=\"yt-lockup-byline \"><a class=\"g-hovercard yt-uix-sessionlink spf-link \" href=\"https:\/\/www.youtube.com\/user\/lubosRM\" data-ytid=\"UCYmEE0OoZc9pP4Ai5ju-OiQ\" data-sessionlink=\"itct=CD0Q3DAYByITCK3Fjs-jydACFSL3wgod2WINbyj0JA\">RallySportHD<\/a><\/div>\n<div class=\"yt-lockup-action-menu yt-uix-menu-container\">&nbsp;<\/div>\n<\/div>\n<div class=\"yt-lockup yt-lockup-tile yt-lockup-video clearfix\" data-context-item-id=\"tcYKT1KLaxE\" data-visibility-tracking=\"CDwQ3DAYCCITCK3Fjs-jydACFSL3wgod2WINbyj0JECR1q2U9cmC47UB\">\n<div class=\"yt-lockup-dismissable yt-uix-tile\">\n<div class=\"yt-lockup-thumbnail contains-percent-duration-watched contains-addto\">\n<div class=\"yt-thumb video-thumb\"><span class=\"yt-thumb-simple\"> <img loading=\"lazy\" decoding=\"async\" src=\"https:\/\/i.ytimg.com\/vi\/tcYKT1KLaxE\/hqdefault.jpg?custom=true&amp;w=196&amp;h=110&amp;stc=true&amp;jpg444=true&amp;jpgq=90&amp;sp=68&amp;sigh=CIhtnCB-0Kneks3it4Xa65xc954\" alt=\"\" data-ytimg=\"1\" width=\"196\" height=\"110\"\/> <\/span><\/div>\n<p><a class=\"yt-uix-sessionlink spf-link \" href=\"https:\/\/www.youtube.com\/watch?v=tcYKT1KLaxE&amp;t=6s\" data-sessionlink=\"itct=CDwQ3DAYCCITCK3Fjs-jydACFSL3wgod2WINbyj0JFISV2FsZHZpZXJ0ZWwgUmFsbHll\"><span class=\"video-time\">7:35<\/span><\/a><\/p>\n<\/div>\n<\/div>\n<\/div>\n<div class=\"yt-lockup-thumbnail contains-percent-duration-watched contains-addto\">&nbsp;<\/div>\n<div class=\"yt-lockup-content\">\n<h3 class=\"yt-lockup-title \"><a class=\"yt-uix-sessionlink yt-uix-tile-link yt-ui-ellipsis yt-ui-ellipsis-2 spf-link \" dir=\"ltr\" title=\"Rallye Waldviertel - the final rallydays | 18. - 19.11.2016 | HD\" href=\"https:\/\/www.youtube.com\/watch?v=tcYKT1KLaxE&amp;t=6s\" rel=\"spf-prefetch\" data-sessionlink=\"itct=CDwQ3DAYCCITCK3Fjs-jydACFSL3wgod2WINbyj0JFISV2FsZHZpZXJ0ZWwgUmFsbHll\">Rallye Waldviertel &#8211; the final rallydays | 18. &#8211; 19.11.2016 | HD<\/a><\/h3>\n<div class=\"yt-lockup-byline \"><a class=\"g-hovercard yt-uix-sessionlink spf-link \" href=\"https:\/\/www.youtube.com\/user\/Rallyejournal\" data-ytid=\"UC--WrcB5lalWe9LQPJs-JEQ\" data-sessionlink=\"itct=CDwQ3DAYCCITCK3Fjs-jydACFSL3wgod2WINbyj0JA\">Rallyejournal<\/a><\/div>\n<div class=\"yt-lockup-action-menu yt-uix-menu-container\">&nbsp;<\/div>\n<\/div>\n<div class=\"yt-lockup yt-lockup-tile yt-lockup-video clearfix\" data-context-item-id=\"PNXXHPVtF2Q\" data-visibility-tracking=\"CDsQ3DAYCSITCK3Fjs-jydACFSL3wgod2WINbyj0JEDkrrSrz-P16jw=\">\n<div class=\"yt-lockup-dismissable yt-uix-tile\">\n<div class=\"yt-lockup-thumbnail contains-addto\">\n<div class=\"yt-thumb video-thumb\"><span class=\"yt-thumb-simple\"> <img loading=\"lazy\" decoding=\"async\" src=\"https:\/\/i.ytimg.com\/vi\/PNXXHPVtF2Q\/hqdefault.jpg?custom=true&amp;w=196&amp;h=110&amp;stc=true&amp;jpg444=true&amp;jpgq=90&amp;sp=68&amp;sigh=yy1Ir5cw5LdBeCPE18bM6SGxjp4\" alt=\"\" data-ytimg=\"1\" width=\"196\" height=\"110\"\/> <\/span><\/div>\n<p><a class=\"yt-uix-sessionlink spf-link \" href=\"https:\/\/www.youtube.com\/watch?v=PNXXHPVtF2Q\" data-sessionlink=\"itct=CDsQ3DAYCSITCK3Fjs-jydACFSL3wgod2WINbyj0JFISV2FsZHZpZXJ0ZWwgUmFsbHll\"><span class=\"video-time\">8:51<\/span><\/a><\/p>\n<\/div>\n<\/div>\n<\/div>\n<div class=\"yt-lockup-thumbnail contains-addto\">&nbsp;<\/div>\n<div class=\"yt-lockup-content\">\n<h3 class=\"yt-lockup-title \"><a class=\"yt-uix-sessionlink yt-uix-tile-link yt-ui-ellipsis yt-ui-ellipsis-2 spf-link \" dir=\"ltr\" title=\"Int. Rallye Waldviertel 2016 action, mud &amp; many mistakes\" href=\"https:\/\/www.youtube.com\/watch?v=PNXXHPVtF2Q\" rel=\"spf-prefetch\" data-sessionlink=\"itct=CDsQ3DAYCSITCK3Fjs-jydACFSL3wgod2WINbyj0JFISV2FsZHZpZXJ0ZWwgUmFsbHll\">Int. Rallye Waldviertel 2016 action, mud &amp; many mistakes<\/a><\/h3>\n<div class=\"yt-lockup-byline \"><a class=\"g-hovercard yt-uix-sessionlink spf-link \" href=\"https:\/\/www.youtube.com\/user\/rallyefan3\" data-ytid=\"UCHCaCXOiNEIDPfgy0AXvTWw\" data-sessionlink=\"itct=CDsQ3DAYCSITCK3Fjs-jydACFSL3wgod2WINbyj0JA\">rallyefan3<\/a><\/div>\n<div class=\"yt-lockup-action-menu yt-uix-menu-container\">&nbsp;<\/div>\n<\/div>\n<div class=\"yt-lockup yt-lockup-tile yt-lockup-video clearfix\" data-context-item-id=\"FmR7fTTtR0k\" data-visibility-tracking=\"CDoQ3DAYCiITCK3Fjs-jydACFSL3wgod2WINbyj0JEDJjrWn0--eshY=\">\n<div class=\"yt-lockup-dismissable yt-uix-tile\">\n<div class=\"yt-lockup-thumbnail contains-addto\">\n<div class=\"yt-thumb video-thumb\"><span class=\"yt-thumb-simple\"> <img loading=\"lazy\" decoding=\"async\" src=\"https:\/\/i.ytimg.com\/vi\/FmR7fTTtR0k\/hqdefault.jpg?custom=true&amp;w=196&amp;h=110&amp;stc=true&amp;jpg444=true&amp;jpgq=90&amp;sp=68&amp;sigh=TDq9MqB6vqVk2tt9kezgiAOi_XM\" alt=\"\" data-ytimg=\"1\" width=\"196\" height=\"110\"\/> <\/span><\/div>\n<p><a class=\"yt-uix-sessionlink spf-link \" href=\"https:\/\/www.youtube.com\/watch?v=FmR7fTTtR0k\" data-sessionlink=\"itct=CDoQ3DAYCiITCK3Fjs-jydACFSL3wgod2WINbyj0JFISV2FsZHZpZXJ0ZWwgUmFsbHll\"><span class=\"video-time\">6:21<\/span><\/a><\/p>\n<\/div>\n<\/div>\n<\/div>\n<div class=\"yt-lockup-thumbnail contains-addto\">&nbsp;<\/div>\n<div class=\"yt-lockup-content\">\n<h3 class=\"yt-lockup-title \"><a class=\"yt-uix-sessionlink yt-uix-tile-link yt-ui-ellipsis yt-ui-ellipsis-2 spf-link \" dir=\"ltr\" title=\"Waldviertel rallye 2016\" href=\"https:\/\/www.youtube.com\/watch?v=FmR7fTTtR0k\" rel=\"spf-prefetch\" data-sessionlink=\"itct=CDoQ3DAYCiITCK3Fjs-jydACFSL3wgod2WINbyj0JFISV2FsZHZpZXJ0ZWwgUmFsbHll\">Waldviertel rallye 2016<\/a><\/h3>\n<div class=\"yt-lockup-byline \"><a class=\"g-hovercard yt-uix-sessionlink spf-link \" href=\"https:\/\/www.youtube.com\/user\/tondahuska\" data-ytid=\"UCjT2_gKVWn40j03LHHyFtUg\" data-sessionlink=\"itct=CDoQ3DAYCiITCK3Fjs-jydACFSL3wgod2WINbyj0JA\">tondahuska<\/a><\/div>\n<div class=\"yt-lockup-action-menu yt-uix-menu-container\">&nbsp;<\/div>\n<\/div>\n<div class=\"yt-lockup yt-lockup-tile yt-lockup-video clearfix\" data-context-item-id=\"rIW71DpcUr0\" data-visibility-tracking=\"CDkQ3DAYCyITCK3Fjs-jydACFSL3wgod2WINbyj0JEC9pfHSw_ruwqwB\">\n<div class=\"yt-lockup-dismissable yt-uix-tile\">\n<div class=\"yt-lockup-thumbnail contains-addto\">\n<div class=\"yt-thumb video-thumb\"><span class=\"yt-thumb-simple\"> <img loading=\"lazy\" decoding=\"async\" src=\"https:\/\/i.ytimg.com\/vi\/rIW71DpcUr0\/hqdefault.jpg?custom=true&amp;w=196&amp;h=110&amp;stc=true&amp;jpg444=true&amp;jpgq=90&amp;sp=68&amp;sigh=SdEU4cI8BU0QY7_CRwqnlEZOvkU\" alt=\"\" data-ytimg=\"1\" width=\"196\" height=\"110\"\/> <\/span><\/div>\n<p><a class=\"yt-uix-sessionlink spf-link \" href=\"https:\/\/www.youtube.com\/watch?v=rIW71DpcUr0\" data-sessionlink=\"itct=CDkQ3DAYCyITCK3Fjs-jydACFSL3wgod2WINbyj0JFISV2FsZHZpZXJ0ZWwgUmFsbHll\"><span class=\"video-time\">3:23<\/span><\/a><\/p>\n<\/div>\n<\/div>\n<\/div>\n<div class=\"yt-lockup-thumbnail contains-addto\">&nbsp;<\/div>\n<div class=\"yt-lockup-content\">\n<h3 class=\"yt-lockup-title \"><a class=\"yt-uix-sessionlink yt-uix-tile-link yt-ui-ellipsis yt-ui-ellipsis-2 spf-link \" dir=\"ltr\" title=\"Test BRR Waldviertel Rallye 2016\" href=\"https:\/\/www.youtube.com\/watch?v=rIW71DpcUr0\" rel=\"spf-prefetch\" data-sessionlink=\"itct=CDkQ3DAYCyITCK3Fjs-jydACFSL3wgod2WINbyj0JFISV2FsZHZpZXJ0ZWwgUmFsbHll\">Test BRR Waldviertel Rallye 2016<\/a><\/h3>\n<div class=\"yt-lockup-byline \"><a class=\"g-hovercard yt-uix-sessionlink spf-link \" href=\"https:\/\/www.youtube.com\/user\/fotovideopolt\" data-ytid=\"UCAkxOhDAzrthXPCO7gxfeAw\" data-sessionlink=\"itct=CDkQ3DAYCyITCK3Fjs-jydACFSL3wgod2WINbyj0JA\">Foto Video POLT<\/a><\/div>\n<div class=\"yt-lockup-description yt-ui-ellipsis yt-ui-ellipsis-2\" dir=\"ltr\"><a class=\"yt-uix-redirect-link\" dir=\"ltr\" title=\"http:\/\/www.facebook.com\/FotoVideoPolt\" href=\"http:\/\/www.facebook.com\/FotoVideoPolt\" target=\"_blank\" rel=\"nofollow\">http:\/\/www.facebook.com\/FotoVideoPolt<\/a> <a class=\"yt-uix-redirect-link\" dir=\"ltr\" title=\"http:\/\/www.foto-video-polt.com\" href=\"http:\/\/www.foto-video-polt.com\" target=\"_blank\" rel=\"nofollow\">http:\/\/www.foto-video-polt.com<\/a>.<\/div>\n<div class=\"yt-lockup-action-menu yt-uix-menu-container\">&nbsp;<\/div>\n<\/div>\n<div class=\"yt-lockup yt-lockup-tile yt-lockup-video clearfix\" data-context-item-id=\"vyfBj6bqFTo\" data-visibility-tracking=\"CDgQ3DAYDCITCK3Fjs-jydACFSL3wgod2WINbyj0JEC6qqi3-rHwk78B\">\n<div class=\"yt-lockup-dismissable yt-uix-tile\">\n<div class=\"yt-lockup-thumbnail contains-addto\">\n<div class=\"yt-thumb video-thumb\"><span class=\"yt-thumb-simple\"> <img loading=\"lazy\" decoding=\"async\" src=\"https:\/\/i.ytimg.com\/vi\/vyfBj6bqFTo\/hqdefault.jpg?custom=true&amp;w=196&amp;h=110&amp;stc=true&amp;jpg444=true&amp;jpgq=90&amp;sp=68&amp;sigh=BAE0XXkrUKfqAWEKuSBXJf1ALN8\" alt=\"\" data-ytimg=\"1\" width=\"196\" height=\"110\"\/> <\/span><\/div>\n<p><a class=\"yt-uix-sessionlink spf-link \" href=\"https:\/\/www.youtube.com\/watch?v=vyfBj6bqFTo\" data-sessionlink=\"itct=CDgQ3DAYDCITCK3Fjs-jydACFSL3wgod2WINbyj0JFISV2FsZHZpZXJ0ZWwgUmFsbHll\"><span class=\"video-time\">5:03<\/span><\/a><\/p>\n<\/div>\n<\/div>\n<\/div>\n<div class=\"yt-lockup-thumbnail contains-addto\">&nbsp;<\/div>\n<div class=\"yt-lockup-content\">\n<h3 class=\"yt-lockup-title \"><a class=\"yt-uix-sessionlink yt-uix-tile-link yt-ui-ellipsis yt-ui-ellipsis-2 spf-link \" dir=\"ltr\" title=\"Waldviertel Rallye 2016\" href=\"https:\/\/www.youtube.com\/watch?v=vyfBj6bqFTo\" rel=\"spf-prefetch\" data-sessionlink=\"itct=CDgQ3DAYDCITCK3Fjs-jydACFSL3wgod2WINbyj0JFISV2FsZHZpZXJ0ZWwgUmFsbHll\">Waldviertel Rallye 2016<\/a><\/h3>\n<div class=\"yt-lockup-byline \"><a class=\"g-hovercard yt-uix-sessionlink spf-link \" href=\"https:\/\/www.youtube.com\/user\/wobberl\" data-ytid=\"UCoqUHDAmLKmdvIfEyiUaiQg\" data-sessionlink=\"itct=CDgQ3DAYDCITCK3Fjs-jydACFSL3wgod2WINbyj0JA\">wobberl<\/a><\/div>\n<div class=\"yt-lockup-action-menu yt-uix-menu-container\">&nbsp;<\/div>\n<\/div>\n<div class=\"yt-lockup yt-lockup-tile yt-lockup-video clearfix\" data-context-item-id=\"0nPYU3fRt58\" data-visibility-tracking=\"CDcQ3DAYDSITCK3Fjs-jydACFSL3wgod2WINbyj0JECf78a-t4r2udIB\">\n<div class=\"yt-lockup-dismissable yt-uix-tile\">\n<div class=\"yt-lockup-thumbnail contains-addto\">\n<div class=\"yt-thumb video-thumb\"><span class=\"yt-thumb-simple\"> <img loading=\"lazy\" decoding=\"async\" src=\"https:\/\/i.ytimg.com\/vi\/0nPYU3fRt58\/hqdefault.jpg?custom=true&amp;w=196&amp;h=110&amp;stc=true&amp;jpg444=true&amp;jpgq=90&amp;sp=68&amp;sigh=nTvQwgb2hcmesqqILPME9Fb_3l0\" alt=\"\" data-ytimg=\"1\" width=\"196\" height=\"110\"\/> <\/span><\/div>\n<p><a class=\"yt-uix-sessionlink spf-link \" href=\"https:\/\/www.youtube.com\/watch?v=0nPYU3fRt58\" data-sessionlink=\"itct=CDcQ3DAYDSITCK3Fjs-jydACFSL3wgod2WINbyj0JFISV2FsZHZpZXJ0ZWwgUmFsbHll\"><span class=\"video-time\">4:17<\/span><\/a><\/p>\n<\/div>\n<\/div>\n<\/div>\n<div class=\"yt-lockup-thumbnail contains-addto\">&nbsp;<\/div>\n<div class=\"yt-lockup-content\">\n<h3 class=\"yt-lockup-title \"><a class=\"yt-uix-sessionlink yt-uix-tile-link yt-ui-ellipsis yt-ui-ellipsis-2 spf-link \" dir=\"ltr\" title=\"Rally Waldviertel 2016 - FLATOUT - JUMP - ACTION\" href=\"https:\/\/www.youtube.com\/watch?v=0nPYU3fRt58\" rel=\"spf-prefetch\" data-sessionlink=\"itct=CDcQ3DAYDSITCK3Fjs-jydACFSL3wgod2WINbyj0JFISV2FsZHZpZXJ0ZWwgUmFsbHll\">Rally Waldviertel 2016 &#8211; FLATOUT &#8211; JUMP &#8211; ACTION<\/a><\/h3>\n<div class=\"yt-lockup-byline \"><a class=\"g-hovercard yt-uix-sessionlink spf-link \" href=\"https:\/\/www.youtube.com\/channel\/UC6JMiwqCu2etfEjAXSwijsg\" data-ytid=\"UC6JMiwqCu2etfEjAXSwijsg\" data-sessionlink=\"itct=CDcQ3DAYDSITCK3Fjs-jydACFSL3wgod2WINbyj0JA\">GSrallyevideo<\/a><\/div>\n<div class=\"yt-lockup-action-menu yt-uix-menu-container\">&nbsp;<\/div>\n<\/div>\n<div class=\"yt-lockup yt-lockup-tile yt-lockup-video clearfix\" data-context-item-id=\"t_jUuYyTBwY\" data-visibility-tracking=\"CDYQ3DAYDiITCK3Fjs-jydACFSL3wgod2WINbyj0JECGjszkmJe1_LcB\">\n<div class=\"yt-lockup-dismissable yt-uix-tile\">\n<div class=\"yt-lockup-thumbnail contains-addto\">\n<div class=\"yt-thumb video-thumb\"><span class=\"yt-thumb-simple\"> <img loading=\"lazy\" decoding=\"async\" src=\"https:\/\/i.ytimg.com\/vi\/t_jUuYyTBwY\/hqdefault.jpg?custom=true&amp;w=196&amp;h=110&amp;stc=true&amp;jpg444=true&amp;jpgq=90&amp;sp=68&amp;sigh=Agw1g0a7uwpP69GrrjcJOQvylPg\" alt=\"\" data-ytimg=\"1\" width=\"196\" height=\"110\"\/> <\/span><\/div>\n<p><a class=\"yt-uix-sessionlink spf-link \" href=\"https:\/\/www.youtube.com\/watch?v=t_jUuYyTBwY\" data-sessionlink=\"itct=CDYQ3DAYDiITCK3Fjs-jydACFSL3wgod2WINbyj0JFISV2FsZHZpZXJ0ZWwgUmFsbHll\"><span class=\"video-time\">16:49<\/span><\/a><\/p>\n<\/div>\n<\/div>\n<\/div>\n<div class=\"yt-lockup-thumbnail contains-addto\">&nbsp;<\/div>\n<div class=\"yt-lockup-content\">\n<h3 class=\"yt-lockup-title \"><a class=\"yt-uix-sessionlink yt-uix-tile-link yt-ui-ellipsis yt-ui-ellipsis-2 spf-link \" dir=\"ltr\" title=\"Waldviertel Rallye 2016 J.Wagner \/ J.Heigl SP8 Staar-Wolfshoferamt Onboard Opel Adam R2\" href=\"https:\/\/www.youtube.com\/watch?v=t_jUuYyTBwY\" rel=\"spf-prefetch\" data-sessionlink=\"itct=CDYQ3DAYDiITCK3Fjs-jydACFSL3wgod2WINbyj0JFISV2FsZHZpZXJ0ZWwgUmFsbHll\">Waldviertel Rallye 2016 J.Wagner \/ J.Heigl SP8 Staar-Wolfshoferamt Onboard Opel Adam R2<\/a><\/h3>\n<div class=\"yt-lockup-byline \"><a class=\"g-hovercard yt-uix-sessionlink spf-link \" href=\"https:\/\/www.youtube.com\/channel\/UCKQev9AxMSu0OLnnYun1olg\" data-ytid=\"UCKQev9AxMSu0OLnnYun1olg\" data-sessionlink=\"itct=CDYQ3DAYDiITCK3Fjs-jydACFSL3wgod2WINbyj0JA\">Julian Wagner<\/a><\/div>\n<div class=\"yt-lockup-action-menu yt-uix-menu-container\">&nbsp;<\/div>\n<\/div>\n<div class=\"yt-lockup yt-lockup-tile yt-lockup-video clearfix\" data-context-item-id=\"WllSw5RMjA8\" data-visibility-tracking=\"CDUQ3DAYDyITCK3Fjs-jydACFSL3wgod2WINbyj0JECPmLKiudjUrFo=\">\n<div class=\"yt-lockup-dismissable yt-uix-tile\">\n<div class=\"yt-lockup-thumbnail contains-addto\">\n<div class=\"yt-thumb video-thumb\"><span class=\"yt-thumb-simple\"> <img loading=\"lazy\" decoding=\"async\" src=\"https:\/\/i.ytimg.com\/vi\/WllSw5RMjA8\/hqdefault.jpg?custom=true&amp;w=196&amp;h=110&amp;stc=true&amp;jpg444=true&amp;jpgq=90&amp;sp=68&amp;sigh=CqaRI5BYuTUS8_dvH8NBXa6EXkw\" alt=\"\" data-ytimg=\"1\" width=\"196\" height=\"110\"\/> <\/span><\/div>\n<p><a class=\"yt-uix-sessionlink spf-link \" href=\"https:\/\/www.youtube.com\/watch?v=WllSw5RMjA8\" data-sessionlink=\"itct=CDUQ3DAYDyITCK3Fjs-jydACFSL3wgod2WINbyj0JFISV2FsZHZpZXJ0ZWwgUmFsbHll\"><span class=\"video-time\">7:57<\/span><\/a><\/p>\n<\/div>\n<\/div>\n<\/div>\n<div class=\"yt-lockup-thumbnail contains-addto\">&nbsp;<\/div>\n<div class=\"yt-lockup-content\">\n<h3 class=\"yt-lockup-title \"><a class=\"yt-uix-sessionlink yt-uix-tile-link yt-ui-ellipsis yt-ui-ellipsis-2 spf-link \" dir=\"ltr\" title=\"Rallye Waldviertel 2016 - bmpTV\" href=\"https:\/\/www.youtube.com\/watch?v=WllSw5RMjA8\" rel=\"spf-prefetch\" data-sessionlink=\"itct=CDUQ3DAYDyITCK3Fjs-jydACFSL3wgod2WINbyj0JFISV2FsZHZpZXJ0ZWwgUmFsbHll\">Rallye Waldviertel 2016 &#8211; bmpTV<\/a><\/h3>\n<div class=\"yt-lockup-byline \"><a class=\"g-hovercard yt-uix-sessionlink spf-link \" href=\"https:\/\/www.youtube.com\/user\/PatrickButschell\" data-ytid=\"UCEWMYz9flvP2ch7Qdc2V9gA\" data-sessionlink=\"itct=CDUQ3DAYDyITCK3Fjs-jydACFSL3wgod2WINbyj0JA\">bmpTV<\/a><\/div>\n<div class=\"yt-lockup-action-menu yt-uix-menu-container\">&nbsp;<\/div>\n<\/div>\n<div class=\"yt-lockup yt-lockup-tile yt-lockup-video clearfix\" data-context-item-id=\"2KsRpVGwnuY\" data-visibility-tracking=\"CDQQ3DAYECITCK3Fjs-jydACFSL3wgod2WINbyj0JEDmvcKN1bTE1dgB\">\n<div class=\"yt-lockup-dismissable yt-uix-tile\">\n<div class=\"yt-lockup-thumbnail contains-addto\">\n<div class=\"yt-thumb video-thumb\"><span class=\"yt-thumb-simple\"> <img loading=\"lazy\" decoding=\"async\" src=\"https:\/\/i.ytimg.com\/vi\/2KsRpVGwnuY\/hqdefault.jpg?custom=true&amp;w=196&amp;h=110&amp;stc=true&amp;jpg444=true&amp;jpgq=90&amp;sp=68&amp;sigh=3byvlLgQKy_08t9lf7O-hegp_-E\" alt=\"\" data-ytimg=\"1\" width=\"196\" height=\"110\"\/> <\/span><\/div>\n<p><a class=\"yt-uix-sessionlink spf-link \" href=\"https:\/\/www.youtube.com\/watch?v=2KsRpVGwnuY\" data-sessionlink=\"itct=CDQQ3DAYECITCK3Fjs-jydACFSL3wgod2WINbyj0JFISV2FsZHZpZXJ0ZWwgUmFsbHll\"><span class=\"video-time\">17:48<\/span><\/a><\/p>\n<\/div>\n<\/div>\n<\/div>\n<div class=\"yt-lockup-thumbnail contains-addto\">&nbsp;<\/div>\n<div class=\"yt-lockup-content\">\n<h3 class=\"yt-lockup-title \"><a class=\"yt-uix-sessionlink yt-uix-tile-link yt-ui-ellipsis yt-ui-ellipsis-2 spf-link \" dir=\"ltr\" title=\"Waldviertel Rallye 2016 &amp; Schreckliche Vorf\u00e4lle\" href=\"https:\/\/www.youtube.com\/watch?v=2KsRpVGwnuY\" rel=\"spf-prefetch\" data-sessionlink=\"itct=CDQQ3DAYECITCK3Fjs-jydACFSL3wgod2WINbyj0JFISV2FsZHZpZXJ0ZWwgUmFsbHll\">Waldviertel Rallye 2016 &amp; Schreckliche Vorf\u00e4lle<\/a><\/h3>\n<div class=\"yt-lockup-byline \"><a class=\"g-hovercard yt-uix-sessionlink spf-link \" href=\"https:\/\/www.youtube.com\/channel\/UCOg5JIkX0gVCB37tyzq6ewQ\" data-ytid=\"UCOg5JIkX0gVCB37tyzq6ewQ\" data-sessionlink=\"itct=CDQQ3DAYECITCK3Fjs-jydACFSL3wgod2WINbyj0JA\">akhbarakeah<\/a><\/div>\n<div class=\"yt-lockup-action-menu yt-uix-menu-container\">&nbsp;<\/div>\n<\/div>\n<div class=\"yt-lockup yt-lockup-tile yt-lockup-video clearfix\" data-context-item-id=\"dFEh2KdKSqc\" data-visibility-tracking=\"CDMQ3DAYESITCK3Fjs-jydACFSL3wgod2WINbyj0JECnlam6irvIqHQ=\">\n<div class=\"yt-lockup-dismissable yt-uix-tile\">\n<div class=\"yt-lockup-thumbnail contains-addto\">\n<div class=\"yt-thumb video-thumb\"><span class=\"yt-thumb-simple\"> <img loading=\"lazy\" decoding=\"async\" src=\"https:\/\/i.ytimg.com\/vi\/dFEh2KdKSqc\/hqdefault.jpg?custom=true&amp;w=196&amp;h=110&amp;stc=true&amp;jpg444=true&amp;jpgq=90&amp;sp=68&amp;sigh=noKkD9az7MvV2UIsnxLczlfq0cg\" alt=\"\" data-ytimg=\"1\" width=\"196\" height=\"110\"\/> <\/span><\/div>\n<p><a class=\"yt-uix-sessionlink spf-link \" href=\"https:\/\/www.youtube.com\/watch?v=dFEh2KdKSqc\" data-sessionlink=\"itct=CDMQ3DAYESITCK3Fjs-jydACFSL3wgod2WINbyj0JFISV2FsZHZpZXJ0ZWwgUmFsbHll\"><span class=\"video-time\">9:56<\/span><\/a><\/p>\n<\/div>\n<\/div>\n<\/div>\n<div class=\"yt-lockup-thumbnail contains-addto\">&nbsp;<\/div>\n<div class=\"yt-lockup-content\">\n<h3 class=\"yt-lockup-title \"><a class=\"yt-uix-sessionlink yt-uix-tile-link yt-ui-ellipsis yt-ui-ellipsis-2 spf-link \" dir=\"ltr\" title=\"Waldviertel Rallye 2016 &amp; Autounfall\" href=\"https:\/\/www.youtube.com\/watch?v=dFEh2KdKSqc\" rel=\"spf-prefetch\" data-sessionlink=\"itct=CDMQ3DAYESITCK3Fjs-jydACFSL3wgod2WINbyj0JFISV2FsZHZpZXJ0ZWwgUmFsbHll\">Waldviertel Rallye 2016 &amp; Autounfall<\/a><\/h3>\n<div class=\"yt-lockup-byline \"><a class=\"g-hovercard yt-uix-sessionlink spf-link \" href=\"https:\/\/www.youtube.com\/channel\/UCOg5JIkX0gVCB37tyzq6ewQ\" data-ytid=\"UCOg5JIkX0gVCB37tyzq6ewQ\" data-sessionlink=\"itct=CDMQ3DAYESITCK3Fjs-jydACFSL3wgod2WINbyj0JA\">akhbarakeah<\/a><\/div>\n<div class=\"yt-lockup-description yt-ui-ellipsis yt-ui-ellipsis-2\" dir=\"ltr\">Waldviertel Rallye | Exciting and the most powerful in the world race for 2016 this race full of exciting and charming and distinctive&nbsp;&#8230;<\/div>\n<div class=\"yt-lockup-action-menu yt-uix-menu-container\">&nbsp;<\/div>\n<\/div>\n<div class=\"yt-lockup yt-lockup-tile yt-lockup-video clearfix\" data-context-item-id=\"F85T5nsfZGk\" data-visibility-tracking=\"CDIQ3DAYEiITCK3Fjs-jydACFSL3wgod2WINbyj0JEDpyP3Y5_yU5xc=\">\n<div class=\"yt-lockup-dismissable yt-uix-tile\">\n<div class=\"yt-lockup-thumbnail contains-addto\">\n<div class=\"yt-thumb video-thumb\"><span class=\"yt-thumb-simple\"> <img loading=\"lazy\" decoding=\"async\" src=\"https:\/\/i.ytimg.com\/vi\/F85T5nsfZGk\/hqdefault.jpg?custom=true&amp;w=196&amp;h=110&amp;stc=true&amp;jpg444=true&amp;jpgq=90&amp;sp=68&amp;sigh=bghP8jantJ9h-MzW_BGbhbftOrI\" alt=\"\" data-ytimg=\"1\" width=\"196\" height=\"110\"\/> <\/span><\/div>\n<p><a class=\"yt-uix-sessionlink spf-link \" href=\"https:\/\/www.youtube.com\/watch?v=F85T5nsfZGk\" data-sessionlink=\"itct=CDIQ3DAYEiITCK3Fjs-jydACFSL3wgod2WINbyj0JFISV2FsZHZpZXJ0ZWwgUmFsbHll\"><span class=\"video-time\">10:28<\/span><\/a><\/p>\n<\/div>\n<\/div>\n<\/div>\n<div class=\"yt-lockup-thumbnail contains-addto\">&nbsp;<\/div>\n<div class=\"yt-lockup-content\">\n<h3 class=\"yt-lockup-title \"><a class=\"yt-uix-sessionlink yt-uix-tile-link yt-ui-ellipsis yt-ui-ellipsis-2 spf-link \" dir=\"ltr\" title=\"Waldviertel Rallye 2016\" href=\"https:\/\/www.youtube.com\/watch?v=F85T5nsfZGk\" rel=\"spf-prefetch\" data-sessionlink=\"itct=CDIQ3DAYEiITCK3Fjs-jydACFSL3wgod2WINbyj0JFISV2FsZHZpZXJ0ZWwgUmFsbHll\">Waldviertel Rallye 2016<\/a><\/h3>\n<div class=\"yt-lockup-byline \"><a class=\"g-hovercard yt-uix-sessionlink spf-link \" href=\"https:\/\/www.youtube.com\/channel\/UCanEWs3bcIGUEFQEbxi8aEQ\" data-ytid=\"UCanEWs3bcIGUEFQEbxi8aEQ\" data-sessionlink=\"itct=CDIQ3DAYEiITCK3Fjs-jydACFSL3wgod2WINbyj0JA\">Philipp Lehner<\/a><\/div>\n<div class=\"yt-lockup-action-menu yt-uix-menu-container\">&nbsp;<\/div>\n<\/div>\n<div class=\"yt-lockup yt-lockup-tile yt-lockup-video clearfix\" data-context-item-id=\"OAETYcqTyjo\" data-visibility-tracking=\"CDEQ3DAYEyITCK3Fjs-jydACFSL3wgod2WINbyj0JEC6lM_UnOzEgDg=\">\n<div class=\"yt-lockup-dismissable yt-uix-tile\">\n<div class=\"yt-lockup-thumbnail contains-percent-duration-watched contains-addto\">\n<div class=\"yt-thumb video-thumb\"><span class=\"yt-thumb-simple\"> <img loading=\"lazy\" decoding=\"async\" src=\"https:\/\/i.ytimg.com\/vi\/OAETYcqTyjo\/hqdefault.jpg?custom=true&amp;w=196&amp;h=110&amp;stc=true&amp;jpg444=true&amp;jpgq=90&amp;sp=68&amp;sigh=Xg0X6yPOVgOUOo30Drja5k0SkBM\" alt=\"\" data-ytimg=\"1\" width=\"196\" height=\"110\"\/> <\/span><\/div>\n<p><a class=\"yt-uix-sessionlink spf-link \" href=\"https:\/\/www.youtube.com\/watch?v=OAETYcqTyjo&amp;t=22s\" data-sessionlink=\"itct=CDEQ3DAYEyITCK3Fjs-jydACFSL3wgod2WINbyj0JFISV2FsZHZpZXJ0ZWwgUmFsbHll\"><span class=\"video-time\">7:17<\/span><\/a><\/p>\n<\/div>\n<\/div>\n<\/div>\n<div class=\"yt-lockup-thumbnail contains-percent-duration-watched contains-addto\">&nbsp;<\/div>\n<div class=\"yt-lockup-content\">\n<h3 class=\"yt-lockup-title \"><a class=\"yt-uix-sessionlink yt-uix-tile-link yt-ui-ellipsis yt-ui-ellipsis-2 spf-link \" dir=\"ltr\" title=\"Waldviertel rally 2016\" href=\"https:\/\/www.youtube.com\/watch?v=OAETYcqTyjo&amp;t=22s\" rel=\"spf-prefetch\" data-sessionlink=\"itct=CDEQ3DAYEyITCK3Fjs-jydACFSL3wgod2WINbyj0JFISV2FsZHZpZXJ0ZWwgUmFsbHll\">Waldviertel rally 2016<\/a><\/h3>\n<div class=\"yt-lockup-byline \"><a class=\"g-hovercard yt-uix-sessionlink spf-link \" href=\"https:\/\/www.youtube.com\/channel\/UC9-bUruubrhhJT2sN9k5X5A\" data-ytid=\"UC9-bUruubrhhJT2sN9k5X5A\" data-sessionlink=\"itct=CDEQ3DAYEyITCK3Fjs-jydACFSL3wgod2WINbyj0JA\">M videocz<\/a><\/div>\n<div class=\"yt-lockup-description yt-ui-ellipsis yt-ui-ellipsis-2\" dir=\"ltr\">MIX RZ 6 \/ 8 \/ 10&#8230;.skv\u011bl\u00e1 \u0161otolinov\u00e1 Rally v Rakousku&#8230;<\/div>\n<\/div>\n<div class=\"yt-thumb video-thumb\"><span class=\"yt-thumb-simple\"> <img loading=\"lazy\" decoding=\"async\" src=\"https:\/\/i.ytimg.com\/vi\/1zxerePl4ZM\/hqdefault.jpg?custom=true&amp;w=196&amp;h=110&amp;stc=true&amp;jpg444=true&amp;jpgq=90&amp;sp=68&amp;sigh=WpRMQoGnIBpME2kHDJwaDBzDoa4\" alt=\"\" data-ytimg=\"1\" width=\"196\" height=\"110\"\/> <\/span><\/div>\n<div class=\"yt-lockup-thumbnail contains-addto\">&nbsp;<\/div>\n<div class=\"yt-lockup-content\">\n<h3 class=\"yt-lockup-title \"><a class=\"yt-uix-sessionlink yt-uix-tile-link yt-ui-ellipsis yt-ui-ellipsis-2 spf-link \" dir=\"ltr\" title=\"Waldviertel rallye 2016\" href=\"https:\/\/www.youtube.com\/watch?v=1zxerePl4ZM\" rel=\"spf-prefetch\" data-sessionlink=\"itct=CEUQ3DAYACITCPm6jcKkydACFSTrwgodLOAOfyj0JFISV2FsZHZpZXJ0ZWwgUmFsbHll\">Waldviertel rallye 2016<\/a><\/h3>\n<div class=\"yt-lockup-byline \"><a class=\"g-hovercard yt-uix-sessionlink spf-link \" href=\"https:\/\/www.youtube.com\/channel\/UCd8GHdE8P87MtfARTEhi0hg\" data-sessionlink=\"itct=CEUQ3DAYACITCPm6jcKkydACFSTrwgodLOAOfyj0JA\" data-ytid=\"UCd8GHdE8P87MtfARTEhi0hg\">janwrc<\/a><\/div>\n<div class=\"yt-lockup-action-menu yt-uix-menu-container\">&nbsp;<\/div>\n<\/div>\n<div class=\"yt-lockup yt-lockup-tile yt-lockup-video clearfix\" data-context-item-id=\"XaygVaFdrK8\" data-visibility-tracking=\"CEQQ3DAYASITCPm6jcKkydACFSTrwgodLOAOfyj0JECv2faK2oqo1l0=\">\n<div class=\"yt-lockup-dismissable yt-uix-tile\">\n<div class=\"yt-lockup-thumbnail contains-addto\">\n<div class=\"yt-thumb video-thumb\"><span class=\"yt-thumb-simple\"> <img loading=\"lazy\" decoding=\"async\" src=\"https:\/\/i.ytimg.com\/vi\/XaygVaFdrK8\/hqdefault.jpg?custom=true&amp;w=196&amp;h=110&amp;stc=true&amp;jpg444=true&amp;jpgq=90&amp;sp=68&amp;sigh=R-P7gXtRuMhd1XU1W7g-Lwhl5uo\" alt=\"\" data-ytimg=\"1\" width=\"196\" height=\"110\"\/> <\/span><\/div>\n<p><a class=\"yt-uix-sessionlink spf-link \" href=\"https:\/\/www.youtube.com\/watch?v=XaygVaFdrK8\" data-sessionlink=\"itct=CEQQ3DAYASITCPm6jcKkydACFSTrwgodLOAOfyj0JFISV2FsZHZpZXJ0ZWwgUmFsbHll\"><span class=\"video-time\">4:19<\/span><\/a><\/p>\n<\/div>\n<\/div>\n<\/div>\n<div class=\"yt-lockup-thumbnail contains-addto\">&nbsp;<\/div>\n<div class=\"yt-lockup-content\">\n<h3 class=\"yt-lockup-title \"><a class=\"yt-uix-sessionlink yt-uix-tile-link yt-ui-ellipsis yt-ui-ellipsis-2 spf-link \" dir=\"ltr\" title=\"Waldviertel Rallye 2016\" href=\"https:\/\/www.youtube.com\/watch?v=XaygVaFdrK8\" rel=\"spf-prefetch\" data-sessionlink=\"itct=CEQQ3DAYASITCPm6jcKkydACFSTrwgodLOAOfyj0JFISV2FsZHZpZXJ0ZWwgUmFsbHll\">Waldviertel Rallye 2016<\/a><\/h3>\n<div class=\"yt-lockup-byline \">&nbsp;<\/div>\n<div class=\"yt-lockup-action-menu yt-uix-menu-container\">&nbsp;<\/div>\n<\/div>\n<div class=\"yt-lockup yt-lockup-tile yt-lockup-video clearfix\" data-context-item-id=\"apv5OFS5TOs\" data-visibility-tracking=\"CEMQ3DAYAiITCPm6jcKkydACFSTrwgodLOAOfyj0JEDrmeWlhaf-zWo=\">\n<div class=\"yt-lockup-dismissable yt-uix-tile\">\n<div class=\"yt-lockup-thumbnail contains-addto\">\n<div class=\"yt-thumb video-thumb\"><span class=\"yt-thumb-simple\"> <img loading=\"lazy\" decoding=\"async\" src=\"https:\/\/i.ytimg.com\/vi\/apv5OFS5TOs\/hqdefault.jpg?custom=true&amp;w=196&amp;h=110&amp;stc=true&amp;jpg444=true&amp;jpgq=90&amp;sp=68&amp;sigh=oo9zEWkZqQoSULg9Dm3ufE239QE\" alt=\"\" data-ytimg=\"1\" width=\"196\" height=\"110\"\/> <\/span><\/div>\n<p><a class=\"yt-uix-sessionlink spf-link \" href=\"https:\/\/www.youtube.com\/watch?v=apv5OFS5TOs\" data-sessionlink=\"itct=CEMQ3DAYAiITCPm6jcKkydACFSTrwgodLOAOfyj0JFISV2FsZHZpZXJ0ZWwgUmFsbHll\"><span class=\"video-time\">1:39<\/span><\/a><\/p>\n<\/div>\n<\/div>\n<\/div>\n<div class=\"yt-lockup-thumbnail contains-addto\">&nbsp;<\/div>\n<div class=\"yt-lockup-content\">\n<h3 class=\"yt-lockup-title \"><a class=\"yt-uix-sessionlink yt-uix-tile-link yt-ui-ellipsis yt-ui-ellipsis-2 spf-link \" dir=\"ltr\" title=\"Waldviertel Rallye 2016 Sp 8 Michael Franz\" href=\"https:\/\/www.youtube.com\/watch?v=apv5OFS5TOs\" rel=\"spf-prefetch\" data-sessionlink=\"itct=CEMQ3DAYAiITCPm6jcKkydACFSTrwgodLOAOfyj0JFISV2FsZHZpZXJ0ZWwgUmFsbHll\">Waldviertel Rallye 2016 Sp 8 Michael Franz<\/a><\/h3>\n<div class=\"yt-lockup-byline \"><a class=\"g-hovercard yt-uix-sessionlink spf-link \" href=\"https:\/\/www.youtube.com\/channel\/UC8Jami0epk59biiTkdIKouA\" data-sessionlink=\"itct=CEMQ3DAYAiITCPm6jcKkydACFSTrwgodLOAOfyj0JA\" data-ytid=\"UC8Jami0epk59biiTkdIKouA\">Michael Franz<\/a><\/div>\n<div class=\"yt-lockup-action-menu yt-uix-menu-container\">&nbsp;<\/div>\n<\/div>\n<div class=\"yt-lockup yt-lockup-tile yt-lockup-video clearfix\" data-context-item-id=\"icKVWEcaQto\" data-visibility-tracking=\"CEIQ3DAYAyITCPm6jcKkydACFSTrwgodLOAOfyj0JEDahem4hKul4YkB\">\n<div class=\"yt-lockup-dismissable yt-uix-tile\">\n<div class=\"yt-lockup-thumbnail contains-addto\">\n<div class=\"yt-thumb video-thumb\"><span class=\"yt-thumb-simple\"> <img loading=\"lazy\" decoding=\"async\" src=\"https:\/\/i.ytimg.com\/vi\/icKVWEcaQto\/hqdefault.jpg?custom=true&amp;w=196&amp;h=110&amp;stc=true&amp;jpg444=true&amp;jpgq=90&amp;sp=68&amp;sigh=sRzxY2zWtwC197Q676DInQS9bik\" alt=\"\" data-ytimg=\"1\" width=\"196\" height=\"110\"\/> <\/span><\/div>\n<p><a class=\"yt-uix-sessionlink spf-link \" href=\"https:\/\/www.youtube.com\/watch?v=icKVWEcaQto\" data-sessionlink=\"itct=CEIQ3DAYAyITCPm6jcKkydACFSTrwgodLOAOfyj0JFISV2FsZHZpZXJ0ZWwgUmFsbHll\"><span class=\"video-time\">25:48<\/span><\/a><\/p>\n<\/div>\n<\/div>\n<\/div>\n<div class=\"yt-lockup-thumbnail contains-addto\">&nbsp;<\/div>\n<div class=\"yt-lockup-content\">\n<h3 class=\"yt-lockup-title \"><a class=\"yt-uix-sessionlink yt-uix-tile-link yt-ui-ellipsis yt-ui-ellipsis-2 spf-link \" dir=\"ltr\" title=\"Rallye Waldviertel 2026\" href=\"https:\/\/www.youtube.com\/watch?v=icKVWEcaQto\" rel=\"spf-prefetch\" data-sessionlink=\"itct=CEIQ3DAYAyITCPm6jcKkydACFSTrwgodLOAOfyj0JFISV2FsZHZpZXJ0ZWwgUmFsbHll\">Rallye Waldviertel 2026<\/a><\/h3>\n<div class=\"yt-lockup-byline \"><a class=\"g-hovercard yt-uix-sessionlink spf-link \" href=\"https:\/\/www.youtube.com\/user\/MarinkaToni\" data-sessionlink=\"itct=CEIQ3DAYAyITCPm6jcKkydACFSTrwgodLOAOfyj0JA\" data-ytid=\"UCo_qUlHTL9iC9Et_J8SS_yg\">MarinkaToni<\/a><\/div>\n<div class=\"yt-lockup-action-menu yt-uix-menu-container\">&nbsp;<\/div>\n<\/div>\n<div class=\"yt-lockup yt-lockup-tile yt-lockup-video clearfix\" data-context-item-id=\"BRl6BOFF9IU\" data-visibility-tracking=\"CEEQ3DAYBCITCPm6jcKkydACFSTrwgodLOAOfyj0JECF6ZeKzsDejAU=\">\n<div class=\"yt-lockup-dismissable yt-uix-tile\">\n<div class=\"yt-lockup-thumbnail contains-addto\">\n<div class=\"yt-thumb video-thumb\"><span class=\"yt-thumb-simple\"> <img loading=\"lazy\" decoding=\"async\" src=\"https:\/\/i.ytimg.com\/vi\/BRl6BOFF9IU\/hqdefault.jpg?custom=true&amp;w=196&amp;h=110&amp;stc=true&amp;jpg444=true&amp;jpgq=90&amp;sp=68&amp;sigh=LB5NSMCOQxuxapGl51ey2lY963c\" alt=\"\" data-ytimg=\"1\" width=\"196\" height=\"110\"\/> <\/span><\/div>\n<p><a class=\"yt-uix-sessionlink spf-link \" href=\"https:\/\/www.youtube.com\/watch?v=BRl6BOFF9IU\" data-sessionlink=\"itct=CEEQ3DAYBCITCPm6jcKkydACFSTrwgodLOAOfyj0JFISV2FsZHZpZXJ0ZWwgUmFsbHll\"><span class=\"video-time\">1:17<\/span><\/a><\/p>\n<\/div>\n<\/div>\n<\/div>\n<div class=\"yt-lockup-thumbnail contains-addto\">&nbsp;<\/div>\n<div class=\"yt-lockup-content\">\n<h3 class=\"yt-lockup-title \"><a class=\"yt-uix-sessionlink yt-uix-tile-link yt-ui-ellipsis yt-ui-ellipsis-2 spf-link \" dir=\"ltr\" title=\"Waldviertel Rally 2016 Rundkurs\" href=\"https:\/\/www.youtube.com\/watch?v=BRl6BOFF9IU\" rel=\"spf-prefetch\" data-sessionlink=\"itct=CEEQ3DAYBCITCPm6jcKkydACFSTrwgodLOAOfyj0JFISV2FsZHZpZXJ0ZWwgUmFsbHll\">Waldviertel Rally 2016 Rundkurs<\/a><\/h3>\n<div class=\"yt-lockup-byline \"><a class=\"g-hovercard yt-uix-sessionlink spf-link \" href=\"https:\/\/www.youtube.com\/channel\/UC0LrMOqsqwRZ3qkkOnBG4zw\" data-sessionlink=\"itct=CEEQ3DAYBCITCPm6jcKkydACFSTrwgodLOAOfyj0JA\" data-ytid=\"UC0LrMOqsqwRZ3qkkOnBG4zw\">Pyro zockers<\/a><\/div>\n<div class=\"yt-lockup-action-menu yt-uix-menu-container\">&nbsp;<\/div>\n<\/div>\n<div class=\"yt-lockup yt-lockup-tile yt-lockup-video clearfix\" data-context-item-id=\"6mcP-IdIgVg\" data-visibility-tracking=\"CEAQ3DAYBSITCPm6jcKkydACFSTrwgodLOAOfyj0JEDYgqK6iP_Ds-oB\">\n<div class=\"yt-lockup-dismissable yt-uix-tile\">\n<div class=\"yt-lockup-thumbnail contains-addto\">\n<div class=\"yt-thumb video-thumb\"><span class=\"yt-thumb-simple\"> <img loading=\"lazy\" decoding=\"async\" src=\"https:\/\/i.ytimg.com\/vi\/6mcP-IdIgVg\/hqdefault.jpg?custom=true&amp;w=196&amp;h=110&amp;stc=true&amp;jpg444=true&amp;jpgq=90&amp;sp=68&amp;sigh=XdZ6wZZee-ViAOVgEh6ewJeJGJs\" alt=\"\" data-ytimg=\"1\" width=\"196\" height=\"110\"\/> <\/span><\/div>\n<p><a class=\"yt-uix-sessionlink spf-link \" href=\"https:\/\/www.youtube.com\/watch?v=6mcP-IdIgVg\" data-sessionlink=\"itct=CEAQ3DAYBSITCPm6jcKkydACFSTrwgodLOAOfyj0JFISV2FsZHZpZXJ0ZWwgUmFsbHll\"><span class=\"video-time\">7:19<\/span><\/a><\/p>\n<\/div>\n<\/div>\n<\/div>\n<div class=\"yt-lockup-thumbnail contains-addto\">&nbsp;<\/div>\n<div class=\"yt-lockup-content\">\n<h3 class=\"yt-lockup-title \"><a class=\"yt-uix-sessionlink yt-uix-tile-link yt-ui-ellipsis yt-ui-ellipsis-2 spf-link \" dir=\"ltr\" title=\"Mr.Lik Wald4tel Rallye 2016\" href=\"https:\/\/www.youtube.com\/watch?v=6mcP-IdIgVg\" rel=\"spf-prefetch\" data-sessionlink=\"itct=CEAQ3DAYBSITCPm6jcKkydACFSTrwgodLOAOfyj0JFISV2FsZHZpZXJ0ZWwgUmFsbHll\">Mr.Lik Wald4tel Rallye 2016<\/a><\/h3>\n<div class=\"yt-lockup-byline \"><a class=\"g-hovercard yt-uix-sessionlink spf-link \" href=\"https:\/\/www.youtube.com\/channel\/UC-1JSwYKcMBPpIiaiL42oTg\" data-sessionlink=\"itct=CEAQ3DAYBSITCPm6jcKkydACFSTrwgodLOAOfyj0JA\" data-ytid=\"UC-1JSwYKcMBPpIiaiL42oTg\">Jennifer Mrlik<\/a><\/div>\n<div class=\"yt-lockup-action-menu yt-uix-menu-container\">&nbsp;<\/div>\n<\/div>\n<div class=\"yt-lockup yt-lockup-tile yt-lockup-video clearfix\" data-context-item-id=\"Z13LTt4ouZM\" data-visibility-tracking=\"CD8Q3DAYBiITCPm6jcKkydACFSTrwgodLOAOfyj0JECT86Lx7enyrmc=\">\n<div class=\"yt-lockup-dismissable yt-uix-tile\">\n<div class=\"yt-lockup-thumbnail contains-addto\">\n<div class=\"yt-thumb video-thumb\"><span class=\"yt-thumb-simple\"> <img loading=\"lazy\" decoding=\"async\" src=\"https:\/\/i.ytimg.com\/vi\/Z13LTt4ouZM\/hqdefault.jpg?custom=true&amp;w=196&amp;h=110&amp;stc=true&amp;jpg444=true&amp;jpgq=90&amp;sp=68&amp;sigh=eOWcqi8CNGFpE4WUJjrsnQcUgQg\" alt=\"\" data-ytimg=\"1\" width=\"196\" height=\"110\"\/> <\/span><\/div>\n<p><a class=\"yt-uix-sessionlink spf-link \" href=\"https:\/\/www.youtube.com\/watch?v=Z13LTt4ouZM\" data-sessionlink=\"itct=CD8Q3DAYBiITCPm6jcKkydACFSTrwgodLOAOfyj0JFISV2FsZHZpZXJ0ZWwgUmFsbHll\"><span class=\"video-time\">5:34<\/span><\/a><\/p>\n<\/div>\n<\/div>\n<\/div>\n<div class=\"yt-lockup-thumbnail contains-addto\">&nbsp;<\/div>\n<div class=\"yt-lockup-content\">\n<h3 class=\"yt-lockup-title \"><a class=\"yt-uix-sessionlink yt-uix-tile-link yt-ui-ellipsis yt-ui-ellipsis-2 spf-link \" dir=\"ltr\" title=\"BEST OF ONBOARD Waldviertel Rallye 2016 J.Wagner \/ J.Heigl Opel Adam R2 FIA ERT\" href=\"https:\/\/www.youtube.com\/watch?v=Z13LTt4ouZM\" rel=\"spf-prefetch\" data-sessionlink=\"itct=CD8Q3DAYBiITCPm6jcKkydACFSTrwgodLOAOfyj0JFISV2FsZHZpZXJ0ZWwgUmFsbHll\">BEST OF ONBOARD Waldviertel Rallye 2016 J.Wagner \/ J.Heigl Opel Adam R2 FIA ERT<\/a><\/h3>\n<div class=\"yt-lockup-byline \"><a class=\"g-hovercard yt-uix-sessionlink spf-link \" href=\"https:\/\/www.youtube.com\/channel\/UCKQev9AxMSu0OLnnYun1olg\" data-sessionlink=\"itct=CD8Q3DAYBiITCPm6jcKkydACFSTrwgodLOAOfyj0JA\" data-ytid=\"UCKQev9AxMSu0OLnnYun1olg\">Julian Wagner<\/a><\/div>\n<div class=\"yt-lockup-action-menu yt-uix-menu-container\">&nbsp;<\/div>\n<\/div>\n<div class=\"yt-lockup yt-lockup-tile yt-lockup-video clearfix\" data-context-item-id=\"dJpQd9vI7ms\" data-visibility-tracking=\"CD4Q3DAYByITCPm6jcKkydACFSTrwgodLOAOfyj0JEDr3KPe_Y6UzXQ=\">\n<div class=\"yt-lockup-dismissable yt-uix-tile\">\n<div class=\"yt-lockup-thumbnail contains-addto\">\n<div class=\"yt-thumb video-thumb\"><span class=\"yt-thumb-simple\"> <img loading=\"lazy\" decoding=\"async\" src=\"https:\/\/i.ytimg.com\/vi\/dJpQd9vI7ms\/hqdefault.jpg?custom=true&amp;w=196&amp;h=110&amp;stc=true&amp;jpg444=true&amp;jpgq=90&amp;sp=68&amp;sigh=7UTtWMmyyZQ9vyEkjmqrD4EGNo8\" alt=\"\" data-ytimg=\"1\" width=\"196\" height=\"110\"\/> <\/span><\/div>\n<p><a class=\"yt-uix-sessionlink spf-link \" href=\"https:\/\/www.youtube.com\/watch?v=dJpQd9vI7ms\" data-sessionlink=\"itct=CD4Q3DAYByITCPm6jcKkydACFSTrwgodLOAOfyj0JFISV2FsZHZpZXJ0ZWwgUmFsbHll\"><span class=\"video-time\">5:26<\/span><\/a><\/p>\n<\/div>\n<\/div>\n<\/div>\n<div class=\"yt-lockup-thumbnail contains-addto\">&nbsp;<\/div>\n<div class=\"yt-lockup-content\">\n<h3 class=\"yt-lockup-title \"><a class=\"yt-uix-sessionlink yt-uix-tile-link yt-ui-ellipsis yt-ui-ellipsis-2 spf-link \" dir=\"ltr\" title=\"Rally Waldviertel 2016 ONBOARD AOP racing team\" href=\"https:\/\/www.youtube.com\/watch?v=dJpQd9vI7ms\" rel=\"spf-prefetch\" data-sessionlink=\"itct=CD4Q3DAYByITCPm6jcKkydACFSTrwgodLOAOfyj0JFISV2FsZHZpZXJ0ZWwgUmFsbHll\">Rally Waldviertel 2016 ONBOARD AOP racing team<\/a><\/h3>\n<div class=\"yt-lockup-byline \"><a class=\"g-hovercard yt-uix-sessionlink spf-link \" href=\"https:\/\/www.youtube.com\/user\/RSWR450F\" data-sessionlink=\"itct=CD4Q3DAYByITCPm6jcKkydACFSTrwgodLOAOfyj0JA\" data-ytid=\"UCRPNmLrHxglnwfqTdBHJmvA\">RSWR450F<\/a><\/div>\n<div class=\"yt-lockup-action-menu yt-uix-menu-container\">&nbsp;<\/div>\n<\/div>\n<div class=\"yt-lockup yt-lockup-tile yt-lockup-video clearfix\" data-context-item-id=\"QIAq7FICKbo\" data-visibility-tracking=\"CD0Q3DAYCCITCPm6jcKkydACFSTrwgodLOAOfyj0JEC604iQxd2KwEA=\">\n<div class=\"yt-lockup-dismissable yt-uix-tile\">\n<div class=\"yt-lockup-thumbnail contains-addto\">\n<div class=\"yt-thumb video-thumb\"><span class=\"yt-thumb-simple\"> <img loading=\"lazy\" decoding=\"async\" src=\"https:\/\/i.ytimg.com\/vi\/QIAq7FICKbo\/hqdefault.jpg?custom=true&amp;w=196&amp;h=110&amp;stc=true&amp;jpg444=true&amp;jpgq=90&amp;sp=68&amp;sigh=mvRZ5bUpBLDfeHoll9eilxhg6VI\" alt=\"\" data-ytimg=\"1\" width=\"196\" height=\"110\"\/> <\/span><\/div>\n<p><a class=\"yt-uix-sessionlink spf-link \" href=\"https:\/\/www.youtube.com\/watch?v=QIAq7FICKbo\" data-sessionlink=\"itct=CD0Q3DAYCCITCPm6jcKkydACFSTrwgodLOAOfyj0JFISV2FsZHZpZXJ0ZWwgUmFsbHll\"><span class=\"video-time\">35:51<\/span><\/a><\/p>\n<\/div>\n<\/div>\n<\/div>\n<div class=\"yt-lockup-thumbnail contains-addto\">&nbsp;<\/div>\n<div class=\"yt-lockup-content\">\n<h3 class=\"yt-lockup-title \"><a class=\"yt-uix-sessionlink yt-uix-tile-link yt-ui-ellipsis yt-ui-ellipsis-2 spf-link \" dir=\"ltr\" title=\"OMV Rallye Waldviertel 2006\" href=\"https:\/\/www.youtube.com\/watch?v=QIAq7FICKbo\" rel=\"spf-prefetch\" data-sessionlink=\"itct=CD0Q3DAYCCITCPm6jcKkydACFSTrwgodLOAOfyj0JFISV2FsZHZpZXJ0ZWwgUmFsbHll\">OMV Rallye Waldviertel 2006<\/a><\/h3>\n<div class=\"yt-lockup-byline \"><a class=\"g-hovercard yt-uix-sessionlink spf-link \" href=\"https:\/\/www.youtube.com\/channel\/UCdTukmA61kbimYzYc_gWqXg\" data-sessionlink=\"itct=CD0Q3DAYCCITCPm6jcKkydACFSTrwgodLOAOfyj0JA\" data-ytid=\"UCdTukmA61kbimYzYc_gWqXg\">JNK Studio<\/a><\/div>\n<div class=\"yt-lockup-action-menu yt-uix-menu-container\">&nbsp;<\/div>\n<\/div>\n<div class=\"yt-lockup yt-lockup-tile yt-lockup-video clearfix\" data-context-item-id=\"pmEukw4u_B0\" data-visibility-tracking=\"CDwQ3DAYCSITCPm6jcKkydACFSTrwgodLOAOfyj0JECd-LvxsNLLsKYB\">\n<div class=\"yt-lockup-dismissable yt-uix-tile\">\n<div class=\"yt-lockup-thumbnail contains-percent-duration-watched contains-addto\">\n<div class=\"yt-thumb video-thumb\"><span class=\"yt-thumb-simple\"> <img loading=\"lazy\" decoding=\"async\" src=\"https:\/\/i.ytimg.com\/vi\/pmEukw4u_B0\/hqdefault.jpg?custom=true&amp;w=196&amp;h=110&amp;stc=true&amp;jpg444=true&amp;jpgq=90&amp;sp=68&amp;sigh=08tWlO4b2as-vGeMjvc4DMmVPzU\" alt=\"\" data-ytimg=\"1\" width=\"196\" height=\"110\"\/> <\/span><\/div>\n<p><a class=\"yt-uix-sessionlink spf-link \" href=\"https:\/\/www.youtube.com\/watch?v=pmEukw4u_B0&amp;t=101s\" data-sessionlink=\"itct=CDwQ3DAYCSITCPm6jcKkydACFSTrwgodLOAOfyj0JFISV2FsZHZpZXJ0ZWwgUmFsbHll\"><span class=\"video-time\">5:29<\/span><\/a><\/p>\n<\/div>\n<\/div>\n<\/div>\n<div class=\"yt-lockup-thumbnail contains-percent-duration-watched contains-addto\">&nbsp;<\/div>\n<div class=\"yt-lockup-content\">\n<h3 class=\"yt-lockup-title \"><a class=\"yt-uix-sessionlink yt-uix-tile-link yt-ui-ellipsis yt-ui-ellipsis-2 spf-link \" dir=\"ltr\" title=\"KARL WAGNER | GERDA ZAUNER | Ford Fiesta R5 | Waldviertel Rallye 2016\" href=\"https:\/\/www.youtube.com\/watch?v=pmEukw4u_B0&amp;t=101s\" rel=\"spf-prefetch\" data-sessionlink=\"itct=CDwQ3DAYCSITCPm6jcKkydACFSTrwgodLOAOfyj0JFISV2FsZHZpZXJ0ZWwgUmFsbHll\">KARL WAGNER | GERDA ZAUNER | Ford Fiesta R5 | Waldviertel Rallye 2016<\/a><\/h3>\n<div class=\"yt-lockup-byline \"><a class=\"g-hovercard yt-uix-sessionlink spf-link \" href=\"https:\/\/www.youtube.com\/channel\/UCrnvCLbt4Bdfub2EdxcDiaQ\" data-sessionlink=\"itct=CDwQ3DAYCSITCPm6jcKkydACFSTrwgodLOAOfyj0JA\" data-ytid=\"UCrnvCLbt4Bdfub2EdxcDiaQ\">walter scheucher<\/a><\/div>\n<div class=\"yt-lockup-action-menu yt-uix-menu-container\">&nbsp;<\/div>\n<\/div>\n<div class=\"yt-lockup yt-lockup-tile yt-lockup-video clearfix\" data-context-item-id=\"cmvGb4klUQo\" data-visibility-tracking=\"CDsQ3DAYCiITCPm6jcKkydACFSTrwgodLOAOfyj0JECKopXJ-M3xtXI=\">\n<div class=\"yt-lockup-dismissable yt-uix-tile\">\n<div class=\"yt-lockup-thumbnail contains-addto\">\n<div class=\"yt-thumb video-thumb\"><span class=\"yt-thumb-simple\"> <img loading=\"lazy\" decoding=\"async\" src=\"https:\/\/i.ytimg.com\/vi\/cmvGb4klUQo\/hqdefault.jpg?custom=true&amp;w=196&amp;h=110&amp;stc=true&amp;jpg444=true&amp;jpgq=90&amp;sp=68&amp;sigh=9uuu3_xu62xpe-ieaW-9oQs7A2M\" alt=\"\" data-ytimg=\"1\" width=\"196\" height=\"110\"\/> <\/span><\/div>\n<p><a class=\"yt-uix-sessionlink spf-link \" href=\"https:\/\/www.youtube.com\/watch?v=cmvGb4klUQo\" data-sessionlink=\"itct=CDsQ3DAYCiITCPm6jcKkydACFSTrwgodLOAOfyj0JFISV2FsZHZpZXJ0ZWwgUmFsbHll\"><span class=\"video-time\">10:52<\/span><\/a><\/p>\n<\/div>\n<\/div>\n<\/div>\n<div class=\"yt-lockup-thumbnail contains-addto\">&nbsp;<\/div>\n<div class=\"yt-lockup-content\">\n<h3 class=\"yt-lockup-title \"><a class=\"yt-uix-sessionlink yt-uix-tile-link yt-ui-ellipsis yt-ui-ellipsis-2 spf-link \" dir=\"ltr\" title=\"Video moments Rally - ORM Rallye Waldviertel - 17-19 - November 2016\" href=\"https:\/\/www.youtube.com\/watch?v=cmvGb4klUQo\" rel=\"spf-prefetch\" data-sessionlink=\"itct=CDsQ3DAYCiITCPm6jcKkydACFSTrwgodLOAOfyj0JFISV2FsZHZpZXJ0ZWwgUmFsbHll\">Video moments Rally &#8211; ORM Rallye Waldviertel &#8211; 17-19 &#8211; November 2016<\/a><\/h3>\n<div class=\"yt-lockup-byline \"><a class=\"g-hovercard yt-uix-sessionlink spf-link \" href=\"https:\/\/www.youtube.com\/user\/autovolk60\" data-sessionlink=\"itct=CDsQ3DAYCiITCPm6jcKkydACFSTrwgodLOAOfyj0JA\" data-ytid=\"UC1bjX-N41LJe61zHdKn_ykA\">Glebov Evgeny<\/a><\/div>\n<div class=\"yt-lockup-action-menu yt-uix-menu-container\">&nbsp;<\/div>\n<\/div>\n<div class=\"yt-lockup yt-lockup-tile yt-lockup-video clearfix\" data-context-item-id=\"N8-RrnuwmIU\" data-visibility-tracking=\"CDoQ3DAYCyITCPm6jcKkydACFSTrwgodLOAOfyj0JECFscLd57Xk5zc=\">\n<div class=\"yt-lockup-dismissable yt-uix-tile\">\n<div class=\"yt-lockup-thumbnail contains-addto\">\n<div class=\"yt-thumb video-thumb\"><span class=\"yt-thumb-simple\"> <img loading=\"lazy\" decoding=\"async\" src=\"https:\/\/i.ytimg.com\/vi\/N8-RrnuwmIU\/hqdefault.jpg?custom=true&amp;w=196&amp;h=110&amp;stc=true&amp;jpg444=true&amp;jpgq=90&amp;sp=68&amp;sigh=VmTbonQWcYBI2-luYGIrbNwxe7E\" alt=\"\" data-ytimg=\"1\" width=\"196\" height=\"110\"\/> <\/span><\/div>\n<p><a class=\"yt-uix-sessionlink spf-link \" href=\"https:\/\/www.youtube.com\/watch?v=N8-RrnuwmIU\" data-sessionlink=\"itct=CDoQ3DAYCyITCPm6jcKkydACFSTrwgodLOAOfyj0JFISV2FsZHZpZXJ0ZWwgUmFsbHll\"><span class=\"video-time\">0:14<\/span><\/a><\/p>\n<\/div>\n<\/div>\n<\/div>\n<div class=\"yt-lockup-thumbnail contains-addto\">&nbsp;<\/div>\n<div class=\"yt-lockup-content\">\n<h3 class=\"yt-lockup-title \"><a class=\"yt-uix-sessionlink yt-uix-tile-link yt-ui-ellipsis yt-ui-ellipsis-2 spf-link \" dir=\"ltr\" title=\"Waldviertel Rallye - slo mo sprung\" href=\"https:\/\/www.youtube.com\/watch?v=N8-RrnuwmIU\" rel=\"spf-prefetch\" data-sessionlink=\"itct=CDoQ3DAYCyITCPm6jcKkydACFSTrwgodLOAOfyj0JFISV2FsZHZpZXJ0ZWwgUmFsbHll\">Waldviertel Rallye &#8211; slo mo sprung<\/a><\/h3>\n<div class=\"yt-lockup-byline \"><a class=\"g-hovercard yt-uix-sessionlink spf-link \" href=\"https:\/\/www.youtube.com\/user\/mrTheDide\" data-sessionlink=\"itct=CDoQ3DAYCyITCPm6jcKkydACFSTrwgodLOAOfyj0JA\" data-ytid=\"UCG8mdDDuWhBLc7gLFX2eD3w\">Dietmar Szankovics<\/a><\/div>\n<div class=\"yt-lockup-action-menu yt-uix-menu-container\">&nbsp;<\/div>\n<\/div>\n<div class=\"yt-lockup yt-lockup-tile yt-lockup-video clearfix\" data-context-item-id=\"x2GcvE_9d5s\" data-visibility-tracking=\"CDkQ3DAYDCITCPm6jcKkydACFSTrwgodLOAOfyj0JECb7_X_xJfnsMcB\">\n<div class=\"yt-lockup-dismissable yt-uix-tile\">\n<div class=\"yt-lockup-thumbnail contains-addto\">\n<div class=\"yt-thumb video-thumb\"><span class=\"yt-thumb-simple\"> <img loading=\"lazy\" decoding=\"async\" src=\"https:\/\/i.ytimg.com\/vi\/x2GcvE_9d5s\/hqdefault.jpg?custom=true&amp;w=196&amp;h=110&amp;stc=true&amp;jpg444=true&amp;jpgq=90&amp;sp=68&amp;sigh=bFQuBH62WQXCkWxZZQhQaA-wbOo\" alt=\"\" data-ytimg=\"1\" width=\"196\" height=\"110\"\/> <\/span><\/div>\n<p><a class=\"yt-uix-sessionlink spf-link \" href=\"https:\/\/www.youtube.com\/watch?v=x2GcvE_9d5s\" data-sessionlink=\"itct=CDkQ3DAYDCITCPm6jcKkydACFSTrwgodLOAOfyj0JFISV2FsZHZpZXJ0ZWwgUmFsbHll\"><span class=\"video-time\">20:28<\/span><\/a><\/p>\n<\/div>\n<\/div>\n<\/div>\n<div class=\"yt-lockup-thumbnail contains-addto\">&nbsp;<\/div>\n<div class=\"yt-lockup-content\">\n<h3 class=\"yt-lockup-title \"><a class=\"yt-uix-sessionlink yt-uix-tile-link yt-ui-ellipsis yt-ui-ellipsis-2 spf-link \" dir=\"ltr\" title=\"Waldviertel Rallye 2016 &amp; Ein schrecklicher Kampf\" href=\"https:\/\/www.youtube.com\/watch?v=x2GcvE_9d5s\" rel=\"spf-prefetch\" data-sessionlink=\"itct=CDkQ3DAYDCITCPm6jcKkydACFSTrwgodLOAOfyj0JFISV2FsZHZpZXJ0ZWwgUmFsbHll\">Waldviertel Rallye 2016 &amp; Ein schrecklicher Kampf<\/a><\/h3>\n<div class=\"yt-lockup-byline \"><a class=\"g-hovercard yt-uix-sessionlink spf-link \" href=\"https:\/\/www.youtube.com\/channel\/UCOg5JIkX0gVCB37tyzq6ewQ\" data-sessionlink=\"itct=CDkQ3DAYDCITCPm6jcKkydACFSTrwgodLOAOfyj0JA\" data-ytid=\"UCOg5JIkX0gVCB37tyzq6ewQ\">akhbarakeah<\/a><\/div>\n<div class=\"yt-lockup-action-menu yt-uix-menu-container\">&nbsp;<\/div>\n<\/div>\n<div class=\"yt-lockup yt-lockup-tile yt-lockup-video clearfix\" data-context-item-id=\"zHL5Hd_MadQ\" data-visibility-tracking=\"CDgQ3DAYDSITCPm6jcKkydACFSTrwgodLOAOfyj0JEDU07H-3aO-ucwB\">\n<div class=\"yt-lockup-dismissable yt-uix-tile\">\n<div class=\"yt-lockup-thumbnail contains-addto\">\n<div class=\"yt-thumb video-thumb\"><span class=\"yt-thumb-simple\"> <img loading=\"lazy\" decoding=\"async\" src=\"https:\/\/i.ytimg.com\/vi\/zHL5Hd_MadQ\/hqdefault.jpg?custom=true&amp;w=196&amp;h=110&amp;stc=true&amp;jpg444=true&amp;jpgq=90&amp;sp=68&amp;sigh=Pw0oZzivJz4Bjo_4ZOBqQEkmBRE\" alt=\"\" data-ytimg=\"1\" width=\"196\" height=\"110\"\/> <\/span><\/div>\n<p><a class=\"yt-uix-sessionlink spf-link \" href=\"https:\/\/www.youtube.com\/watch?v=zHL5Hd_MadQ\" data-sessionlink=\"itct=CDgQ3DAYDSITCPm6jcKkydACFSTrwgodLOAOfyj0JFISV2FsZHZpZXJ0ZWwgUmFsbHll\"><span class=\"video-time\">4:49<\/span><\/a><\/p>\n<\/div>\n<\/div>\n<\/div>\n<div class=\"yt-lockup-thumbnail contains-addto\">&nbsp;<\/div>\n<div class=\"yt-lockup-content\">\n<h3 class=\"yt-lockup-title \"><a class=\"yt-uix-sessionlink yt-uix-tile-link yt-ui-ellipsis yt-ui-ellipsis-2 spf-link \" dir=\"ltr\" title=\"P\u00e1hi Rezg\u0151 2016 Waldviertel SS7\" href=\"https:\/\/www.youtube.com\/watch?v=zHL5Hd_MadQ\" rel=\"spf-prefetch\" data-sessionlink=\"itct=CDgQ3DAYDSITCPm6jcKkydACFSTrwgodLOAOfyj0JFISV2FsZHZpZXJ0ZWwgUmFsbHll\">P\u00e1hi Rezg\u0151 2016 Waldviertel SS7<\/a><\/h3>\n<div class=\"yt-lockup-byline \"><a class=\"g-hovercard yt-uix-sessionlink spf-link \" href=\"https:\/\/www.youtube.com\/user\/Erikaviking7708\" data-sessionlink=\"itct=CDgQ3DAYDSITCPm6jcKkydACFSTrwgodLOAOfyj0JA\" data-ytid=\"UCgDU1ae4DVyXgSNEzHAnFng\">Erik Rezgo<\/a><\/div>\n<div class=\"yt-lockup-action-menu yt-uix-menu-container\">&nbsp;<\/div>\n<\/div>\n<div class=\"yt-lockup yt-lockup-tile yt-lockup-video clearfix\" data-context-item-id=\"HeS5XC-gYmk\" data-visibility-tracking=\"CDcQ3DAYDiITCPm6jcKkydACFSTrwgodLOAOfyj0JEDpxIH9wquu8h0=\">\n<div class=\"yt-lockup-dismissable yt-uix-tile\">\n<div class=\"yt-lockup-thumbnail contains-addto\">\n<div class=\"yt-thumb video-thumb\"><span class=\"yt-thumb-simple\"> <img loading=\"lazy\" decoding=\"async\" src=\"https:\/\/i.ytimg.com\/vi\/HeS5XC-gYmk\/hqdefault.jpg?custom=true&amp;w=196&amp;h=110&amp;stc=true&amp;jpg444=true&amp;jpgq=90&amp;sp=68&amp;sigh=K1cBt9dF0XVJ2QoUWejQST9Y2sk\" alt=\"\" data-ytimg=\"1\" width=\"196\" height=\"110\"\/> <\/span><\/div>\n<p><a class=\"yt-uix-sessionlink spf-link \" href=\"https:\/\/www.youtube.com\/watch?v=HeS5XC-gYmk\" data-sessionlink=\"itct=CDcQ3DAYDiITCPm6jcKkydACFSTrwgodLOAOfyj0JFISV2FsZHZpZXJ0ZWwgUmFsbHll\"><span class=\"video-time\">1:35<\/span><\/a><\/p>\n<\/div>\n<\/div>\n<\/div>\n<div class=\"yt-lockup-thumbnail contains-addto\">&nbsp;<\/div>\n<div class=\"yt-lockup-content\">\n<h3 class=\"yt-lockup-title \"><a class=\"yt-uix-sessionlink yt-uix-tile-link yt-ui-ellipsis yt-ui-ellipsis-2 spf-link \" dir=\"ltr\" title=\"Waldviertel Rallye 2016 &amp; Keine Gnade\" href=\"https:\/\/www.youtube.com\/watch?v=HeS5XC-gYmk\" rel=\"spf-prefetch\" data-sessionlink=\"itct=CDcQ3DAYDiITCPm6jcKkydACFSTrwgodLOAOfyj0JFISV2FsZHZpZXJ0ZWwgUmFsbHll\">Waldviertel Rallye 2016 &amp; Keine Gnade<\/a><\/h3>\n<div class=\"yt-lockup-byline \"><a class=\"g-hovercard yt-uix-sessionlink spf-link \" href=\"https:\/\/www.youtube.com\/channel\/UCOg5JIkX0gVCB37tyzq6ewQ\" data-sessionlink=\"itct=CDcQ3DAYDiITCPm6jcKkydACFSTrwgodLOAOfyj0JA\" data-ytid=\"UCOg5JIkX0gVCB37tyzq6ewQ\">akhbarakeah<\/a><\/div>\n<div class=\"yt-lockup-action-menu yt-uix-menu-container\">&nbsp;<\/div>\n<\/div>\n<div class=\"yt-lockup yt-lockup-tile yt-lockup-video clearfix\" data-context-item-id=\"mQqL0i_xN4E\" data-visibility-tracking=\"CDYQ3DAYDyITCPm6jcKkydACFSTrwgodLOAOfyj0JECB78T_ovqihZkB\">\n<div class=\"yt-lockup-dismissable yt-uix-tile\">\n<div class=\"yt-lockup-thumbnail contains-addto\">\n<div class=\"yt-thumb video-thumb\"><span class=\"yt-thumb-simple\"> <img loading=\"lazy\" decoding=\"async\" src=\"https:\/\/i.ytimg.com\/vi\/mQqL0i_xN4E\/hqdefault.jpg?custom=true&amp;w=196&amp;h=110&amp;stc=true&amp;jpg444=true&amp;jpgq=90&amp;sp=68&amp;sigh=K1fAg9zRWL22jmLCT8STO_ojkos\" alt=\"\" data-ytimg=\"1\" width=\"196\" height=\"110\"\/> <\/span><\/div>\n<p><a class=\"yt-uix-sessionlink spf-link \" href=\"https:\/\/www.youtube.com\/watch?v=mQqL0i_xN4E\" data-sessionlink=\"itct=CDYQ3DAYDyITCPm6jcKkydACFSTrwgodLOAOfyj0JFISV2FsZHZpZXJ0ZWwgUmFsbHll\"><span class=\"video-time\">3:33<\/span><\/a><\/p>\n<\/div>\n<\/div>\n<\/div>\n<div class=\"yt-lockup-thumbnail contains-addto\">&nbsp;<\/div>\n<div class=\"yt-lockup-content\">\n<h3 class=\"yt-lockup-title \"><a class=\"yt-uix-sessionlink yt-uix-tile-link yt-ui-ellipsis yt-ui-ellipsis-2 spf-link \" dir=\"ltr\" title=\"Waldviertel Rallye 2016 | Raffael Sulzinger \/ Jenny G\u00e4bler | Fiesta R2 - Shakedown\" href=\"https:\/\/www.youtube.com\/watch?v=mQqL0i_xN4E\" rel=\"spf-prefetch\" data-sessionlink=\"itct=CDYQ3DAYDyITCPm6jcKkydACFSTrwgodLOAOfyj0JFISV2FsZHZpZXJ0ZWwgUmFsbHll\">Waldviertel Rallye 2016 | Raffael Sulzinger \/ Jenny G\u00e4bler | Fiesta R2 &#8211; Shakedown<\/a><\/h3>\n<div class=\"yt-lockup-byline \"><a class=\"g-hovercard yt-uix-sessionlink spf-link \" href=\"https:\/\/www.youtube.com\/channel\/UCfoA-8AnWj4_vxMS0TlnWoQ\" data-sessionlink=\"itct=CDYQ3DAYDyITCPm6jcKkydACFSTrwgodLOAOfyj0JA\" data-ytid=\"UCfoA-8AnWj4_vxMS0TlnWoQ\">Raffael Sulzinger<\/a><\/div>\n<div class=\"yt-lockup-action-menu yt-uix-menu-container\">&nbsp;<\/div>\n<\/div>\n<div class=\"yt-lockup yt-lockup-tile yt-lockup-video clearfix\" data-context-item-id=\"4yfZOJNSRSQ\" data-visibility-tracking=\"CDUQ3DAYECITCPm6jcKkydACFSTrwgodLOAOfyj0JECkismaiaf2k-MB\">\n<div class=\"yt-lockup-dismissable yt-uix-tile\">\n<div class=\"yt-lockup-thumbnail contains-addto\">\n<div class=\"yt-thumb video-thumb\"><span class=\"yt-thumb-simple\"> <img loading=\"lazy\" decoding=\"async\" src=\"https:\/\/i.ytimg.com\/vi\/4yfZOJNSRSQ\/hqdefault.jpg?custom=true&amp;w=196&amp;h=110&amp;stc=true&amp;jpg444=true&amp;jpgq=90&amp;sp=68&amp;sigh=bIz_QwyB9sq7UW8VcTeAvz0oEw0\" alt=\"\" data-ytimg=\"1\" width=\"196\" height=\"110\"\/> <\/span><\/div>\n<p><a class=\"yt-uix-sessionlink spf-link \" href=\"https:\/\/www.youtube.com\/watch?v=4yfZOJNSRSQ\" data-sessionlink=\"itct=CDUQ3DAYECITCPm6jcKkydACFSTrwgodLOAOfyj0JFISV2FsZHZpZXJ0ZWwgUmFsbHll\"><span class=\"video-time\">18:49<\/span><\/a><\/p>\n<\/div>\n<\/div>\n<\/div>\n<div class=\"yt-lockup-thumbnail contains-addto\">&nbsp;<\/div>\n<div class=\"yt-lockup-content\">\n<h3 class=\"yt-lockup-title \"><a class=\"yt-uix-sessionlink yt-uix-tile-link yt-ui-ellipsis yt-ui-ellipsis-2 spf-link \" dir=\"ltr\" title=\"P\u00e1hi Rezg\u0151 2016 Waldviertel SS8\" href=\"https:\/\/www.youtube.com\/watch?v=4yfZOJNSRSQ\" rel=\"spf-prefetch\" data-sessionlink=\"itct=CDUQ3DAYECITCPm6jcKkydACFSTrwgodLOAOfyj0JFISV2FsZHZpZXJ0ZWwgUmFsbHll\">P\u00e1hi Rezg\u0151 2016 Waldviertel SS8<\/a><\/h3>\n<div class=\"yt-lockup-byline \"><a class=\"g-hovercard yt-uix-sessionlink spf-link \" href=\"https:\/\/www.youtube.com\/user\/Erikaviking7708\" data-sessionlink=\"itct=CDUQ3DAYECITCPm6jcKkydACFSTrwgodLOAOfyj0JA\" data-ytid=\"UCgDU1ae4DVyXgSNEzHAnFng\">Erik Rezgo<\/a><\/div>\n<div class=\"yt-lockup-action-menu yt-uix-menu-container\">&nbsp;<\/div>\n<\/div>\n<div class=\"yt-lockup yt-lockup-tile yt-lockup-video clearfix\" data-context-item-id=\"58FkYSF6iWI\" data-visibility-tracking=\"CDQQ3DAYESITCPm6jcKkydACFSTrwgodLOAOfyj0JEDikuqLkozZ4OcB\">\n<div class=\"yt-lockup-dismissable yt-uix-tile\">\n<div class=\"yt-lockup-thumbnail contains-addto\">\n<div class=\"yt-thumb video-thumb\"><span class=\"yt-thumb-simple\"> <img loading=\"lazy\" decoding=\"async\" src=\"https:\/\/i.ytimg.com\/vi\/58FkYSF6iWI\/hqdefault.jpg?custom=true&amp;w=196&amp;h=110&amp;stc=true&amp;jpg444=true&amp;jpgq=90&amp;sp=68&amp;sigh=XqxKIs8NJJfzAueztPXakv_Xbss\" alt=\"\" data-ytimg=\"1\" width=\"196\" height=\"110\"\/> <\/span><\/div>\n<p><a class=\"yt-uix-sessionlink spf-link \" href=\"https:\/\/www.youtube.com\/watch?v=58FkYSF6iWI\" data-sessionlink=\"itct=CDQQ3DAYESITCPm6jcKkydACFSTrwgodLOAOfyj0JFISV2FsZHZpZXJ0ZWwgUmFsbHll\"><span class=\"video-time\">28:04<\/span><\/a><\/p>\n<\/div>\n<\/div>\n<\/div>\n<div class=\"yt-lockup-thumbnail contains-addto\">&nbsp;<\/div>\n<div class=\"yt-lockup-content\">\n<h3 class=\"yt-lockup-title \"><a class=\"yt-uix-sessionlink yt-uix-tile-link yt-ui-ellipsis yt-ui-ellipsis-2 spf-link \" dir=\"ltr\" title=\"OMV Rallye Waldviertel 2005\" href=\"https:\/\/www.youtube.com\/watch?v=58FkYSF6iWI\" rel=\"spf-prefetch\" data-sessionlink=\"itct=CDQQ3DAYESITCPm6jcKkydACFSTrwgodLOAOfyj0JFISV2FsZHZpZXJ0ZWwgUmFsbHll\">OMV Rallye Waldviertel 2005<\/a><\/h3>\n<div class=\"yt-lockup-byline \"><a class=\"g-hovercard yt-uix-sessionlink spf-link \" href=\"https:\/\/www.youtube.com\/channel\/UCdTukmA61kbimYzYc_gWqXg\" data-sessionlink=\"itct=CDQQ3DAYESITCPm6jcKkydACFSTrwgodLOAOfyj0JA\" data-ytid=\"UCdTukmA61kbimYzYc_gWqXg\">JNK Studio<\/a><\/div>\n<div class=\"yt-lockup-action-menu yt-uix-menu-container\">&nbsp;<\/div>\n<\/div>\n<div class=\"yt-lockup yt-lockup-tile yt-lockup-video clearfix\" data-context-item-id=\"OtCyxjNzMmE\" data-visibility-tracking=\"CDMQ3DAYEiITCPm6jcKkydACFSTrwgodLOAOfyj0JEDh5Myb49is6Do=\">\n<div class=\"yt-lockup-dismissable yt-uix-tile\">\n<div class=\"yt-lockup-thumbnail contains-addto\">\n<div class=\"yt-thumb video-thumb\"><span class=\"yt-thumb-simple\"> <img loading=\"lazy\" decoding=\"async\" src=\"https:\/\/i.ytimg.com\/vi\/OtCyxjNzMmE\/hqdefault.jpg?custom=true&amp;w=196&amp;h=110&amp;stc=true&amp;jpg444=true&amp;jpgq=90&amp;sp=68&amp;sigh=Gh6V9OwRT5P36s_ceBP_mxPwyZo\" alt=\"\" data-ytimg=\"1\" width=\"196\" height=\"110\"\/> <\/span><\/div>\n<p><a class=\"yt-uix-sessionlink spf-link \" href=\"https:\/\/www.youtube.com\/watch?v=OtCyxjNzMmE\" data-sessionlink=\"itct=CDMQ3DAYEiITCPm6jcKkydACFSTrwgodLOAOfyj0JFISV2FsZHZpZXJ0ZWwgUmFsbHll\"><span class=\"video-time\">1:15<\/span><\/a><\/p>\n<\/div>\n<\/div>\n<\/div>\n<div class=\"yt-lockup-thumbnail contains-addto\">&nbsp;<\/div>\n<div class=\"yt-lockup-content\">\n<h3 class=\"yt-lockup-title \"><a class=\"yt-uix-sessionlink yt-uix-tile-link yt-ui-ellipsis yt-ui-ellipsis-2 spf-link \" dir=\"ltr\" title=\"1. \u010c\u00e1st rally Waldviertel\" href=\"https:\/\/www.youtube.com\/watch?v=OtCyxjNzMmE\" rel=\"spf-prefetch\" data-sessionlink=\"itct=CDMQ3DAYEiITCPm6jcKkydACFSTrwgodLOAOfyj0JFISV2FsZHZpZXJ0ZWwgUmFsbHll\">1. \u010c\u00e1st rally Waldviertel<\/a><\/h3>\n<div class=\"yt-lockup-byline \"><a class=\"g-hovercard yt-uix-sessionlink spf-link \" href=\"https:\/\/www.youtube.com\/channel\/UC7DBVQaRL61l-NN7TACKijQ\" data-sessionlink=\"itct=CDMQ3DAYEiITCPm6jcKkydACFSTrwgodLOAOfyj0JA\" data-ytid=\"UC7DBVQaRL61l-NN7TACKijQ\">Dan Ny rally<\/a><\/div>\n<div class=\"yt-lockup-action-menu yt-uix-menu-container\">&nbsp;<\/div>\n<\/div>\n<div class=\"yt-lockup yt-lockup-tile yt-lockup-video clearfix\" data-context-item-id=\"lMWtO7KRYhw\" data-visibility-tracking=\"CDIQ3DAYEyITCPm6jcKkydACFSTrwgodLOAOfyj0JECcxMWUu6fr4pQB\">\n<div class=\"yt-lockup-dismissable yt-uix-tile\">\n<div class=\"yt-lockup-thumbnail contains-addto\">\n<div class=\"yt-thumb video-thumb\"><span class=\"yt-thumb-simple\"> <img loading=\"lazy\" decoding=\"async\" src=\"https:\/\/i.ytimg.com\/vi\/lMWtO7KRYhw\/hqdefault.jpg?custom=true&amp;w=196&amp;h=110&amp;stc=true&amp;jpg444=true&amp;jpgq=90&amp;sp=68&amp;sigh=VFGLIjD2Yo8KE0XEMznHQ9TPiHI\" alt=\"\" data-ytimg=\"1\" width=\"196\" height=\"110\"\/> <\/span><\/div>\n<p><a class=\"yt-uix-sessionlink spf-link \" href=\"https:\/\/www.youtube.com\/watch?v=lMWtO7KRYhw\" data-sessionlink=\"itct=CDIQ3DAYEyITCPm6jcKkydACFSTrwgodLOAOfyj0JFISV2FsZHZpZXJ0ZWwgUmFsbHll\"><span class=\"video-time\">0:48<\/span><\/a><\/p>\n<\/div>\n<\/div>\n<\/div>\n<div class=\"yt-lockup-thumbnail contains-addto\">&nbsp;<\/div>\n<div class=\"yt-lockup-content\">\n<h3 class=\"yt-lockup-title \"><a class=\"yt-uix-sessionlink yt-uix-tile-link yt-ui-ellipsis yt-ui-ellipsis-2 spf-link \" dir=\"ltr\" title=\"3. \u010c\u00e1st rally Waldviertel\" href=\"https:\/\/www.youtube.com\/watch?v=lMWtO7KRYhw\" rel=\"spf-prefetch\" data-sessionlink=\"itct=CDIQ3DAYEyITCPm6jcKkydACFSTrwgodLOAOfyj0JFISV2FsZHZpZXJ0ZWwgUmFsbHll\">3. \u010c\u00e1st rally Waldviertel<\/a><\/h3>\n<div class=\"yt-lockup-byline \"><a class=\"g-hovercard yt-uix-sessionlink spf-link \" href=\"https:\/\/www.youtube.com\/channel\/UC7DBVQaRL61l-NN7TACKijQ\" data-sessionlink=\"itct=CDIQ3DAYEyITCPm6jcKkydACFSTrwgodLOAOfyj0JA\" data-ytid=\"UC7DBVQaRL61l-NN7TACKijQ\">Dan Ny rally<\/a><\/div>\n<\/div>\n<div class=\"yt-thumb video-thumb\"><span class=\"yt-thumb-simple\"> <img loading=\"lazy\" decoding=\"async\" src=\"https:\/\/i.ytimg.com\/vi\/OFqh6pnS4B0\/hqdefault.jpg?custom=true&amp;w=196&amp;h=110&amp;stc=true&amp;jpg444=true&amp;jpgq=90&amp;sp=68&amp;sigh=QnRCq_WPVcDCTLasYP1MKCNcygU\" alt=\"\" data-ytimg=\"1\" width=\"196\" height=\"110\"\/> <\/span><\/div>\n<div class=\"yt-lockup-thumbnail contains-addto\">&nbsp;<\/div>\n<div class=\"yt-lockup-content\">\n<h3 class=\"yt-lockup-title \"><a class=\"yt-uix-sessionlink yt-uix-tile-link yt-ui-ellipsis yt-ui-ellipsis-2       spf-link \" dir=\"ltr\" title=\"Rally Waldviertel 2016 - \u0440\u0430\u0437\u0432\u043e\u0440\u043e\u0442 \u0421\u0435\u0440\u0433\u0435\u044f \u0420\u0435\u043c\u0435\u043d\u043d\u0438\u043a\u0430\" href=\"https:\/\/www.youtube.com\/watch?v=OFqh6pnS4B0\" rel=\"spf-prefetch\" data-sessionlink=\"itct=CEUQ3DAYACITCJfSkJalydACFSTrwgod1C0AVij0JFISV2FsZHZpZXJ0ZWwgUmFsbHll\">Rally Waldviertel 2016 &#8211; \u0440\u0430\u0437\u0432\u043e\u0440\u043e\u0442 \u0421\u0435\u0440\u0433\u0435\u044f \u0420\u0435\u043c\u0435\u043d\u043d\u0438\u043a\u0430<\/a><\/h3>\n<div class=\"yt-lockup-byline \"><a class=\"g-hovercard yt-uix-sessionlink      spf-link \" href=\"https:\/\/www.youtube.com\/user\/URGENEV\" data-sessionlink=\"itct=CEUQ3DAYACITCJfSkJalydACFSTrwgod1C0AVij0JA\" data-ytid=\"UCGBJTNGwagQgMIjpzPeHCOQ\">YuraKoev<\/a><\/div>\n<div class=\"yt-lockup-action-menu yt-uix-menu-container\">&nbsp;<\/div>\n<\/div>\n<div class=\"yt-lockup yt-lockup-tile yt-lockup-video clearfix\" data-context-item-id=\"wlUpW5T-JwI\" data-visibility-tracking=\"CEQQ3DAYASITCJfSkJalydACFSTrwgod1C0AVij0JECCzvinuavKqsIB\">\n<div class=\"yt-lockup-dismissable yt-uix-tile\">\n<div class=\"yt-lockup-thumbnail contains-addto\">\n<div class=\"yt-thumb video-thumb\"><span class=\"yt-thumb-simple\"> <img loading=\"lazy\" decoding=\"async\" src=\"https:\/\/i.ytimg.com\/vi\/wlUpW5T-JwI\/hqdefault.jpg?custom=true&amp;w=196&amp;h=110&amp;stc=true&amp;jpg444=true&amp;jpgq=90&amp;sp=68&amp;sigh=IuOhk7cefuxokz1RRcBScNEHK_4\" alt=\"\" data-ytimg=\"1\" width=\"196\" height=\"110\"\/> <\/span><\/div>\n<p><a class=\"yt-uix-sessionlink        spf-link \" href=\"https:\/\/www.youtube.com\/watch?v=wlUpW5T-JwI\" data-sessionlink=\"itct=CEQQ3DAYASITCJfSkJalydACFSTrwgod1C0AVij0JFISV2FsZHZpZXJ0ZWwgUmFsbHll\"><span class=\"video-time\">1:53<\/span><\/a><\/div>\n<\/div>\n<\/div>\n<div class=\"yt-lockup-thumbnail contains-addto\">&nbsp;<\/div>\n<div class=\"yt-lockup-content\">\n<h3 class=\"yt-lockup-title \"><a class=\"yt-uix-sessionlink yt-uix-tile-link yt-ui-ellipsis yt-ui-ellipsis-2       spf-link \" dir=\"ltr\" title=\"Waldviertel rally 2016 LQ\" href=\"https:\/\/www.youtube.com\/watch?v=wlUpW5T-JwI\" rel=\"spf-prefetch\" data-sessionlink=\"itct=CEQQ3DAYASITCJfSkJalydACFSTrwgod1C0AVij0JFISV2FsZHZpZXJ0ZWwgUmFsbHll\">Waldviertel rally 2016 LQ<\/a><\/h3>\n<div class=\"yt-lockup-byline \"><a class=\"g-hovercard yt-uix-sessionlink      spf-link \" href=\"https:\/\/www.youtube.com\/user\/Merten1978\" data-sessionlink=\"itct=CEQQ3DAYASITCJfSkJalydACFSTrwgod1C0AVij0JA\" data-ytid=\"UCyXtzhLR40--4OKyK59lUVg\">Martin Pe\u0161l<\/a><\/div>\n<div class=\"yt-lockup-action-menu yt-uix-menu-container\">&nbsp;<\/div>\n<\/div>\n<div class=\"yt-lockup yt-lockup-tile yt-lockup-video clearfix\" data-context-item-id=\"U4VMVSFCWYA\" data-visibility-tracking=\"CEMQ3DAYAiITCJfSkJalydACFSTrwgod1C0AVij0JECAs4mK0orTwlM=\">\n<div class=\"yt-lockup-dismissable yt-uix-tile\">\n<div class=\"yt-lockup-thumbnail contains-addto\">\n<div class=\"yt-thumb video-thumb\"><span class=\"yt-thumb-simple\"> <img loading=\"lazy\" decoding=\"async\" src=\"https:\/\/i.ytimg.com\/vi\/U4VMVSFCWYA\/hqdefault.jpg?custom=true&amp;w=196&amp;h=110&amp;stc=true&amp;jpg444=true&amp;jpgq=90&amp;sp=68&amp;sigh=Nx7YnIN5MJ2ed9qBcw3OGHoyKnk\" alt=\"\" data-ytimg=\"1\" width=\"196\" height=\"110\"\/> <\/span><\/div>\n<p><a class=\"yt-uix-sessionlink        spf-link \" href=\"https:\/\/www.youtube.com\/watch?v=U4VMVSFCWYA\" data-sessionlink=\"itct=CEMQ3DAYAiITCJfSkJalydACFSTrwgod1C0AVij0JFISV2FsZHZpZXJ0ZWwgUmFsbHll\"><span class=\"video-time\">0:07<\/span><\/a><\/div>\n<\/div>\n<\/div>\n<div class=\"yt-lockup-thumbnail contains-addto\">&nbsp;<\/div>\n<div class=\"yt-lockup-content\">\n<h3 class=\"yt-lockup-title \"><a class=\"yt-uix-sessionlink yt-uix-tile-link yt-ui-ellipsis yt-ui-ellipsis-2       spf-link \" dir=\"ltr\" title=\"Der Stromkasten im Untertautendorfer Amt\" href=\"https:\/\/www.youtube.com\/watch?v=U4VMVSFCWYA\" rel=\"spf-prefetch\" data-sessionlink=\"itct=CEMQ3DAYAiITCJfSkJalydACFSTrwgod1C0AVij0JFISV2FsZHZpZXJ0ZWwgUmFsbHll\">Der Stromkasten im Untertautendorfer Amt<\/a><\/h3>\n<div class=\"yt-lockup-byline \"><a class=\"g-hovercard yt-uix-sessionlink      spf-link \" href=\"https:\/\/www.youtube.com\/user\/wobberl\" data-sessionlink=\"itct=CEMQ3DAYAiITCJfSkJalydACFSTrwgod1C0AVij0JA\" data-ytid=\"UCoqUHDAmLKmdvIfEyiUaiQg\">wobberl<\/a><\/div>\n<div class=\"yt-lockup-action-menu yt-uix-menu-container\">&nbsp;<\/div>\n<\/div>\n<div class=\"yt-lockup yt-lockup-tile yt-lockup-video clearfix\" data-context-item-id=\"DGsrKHwb1KQ\" data-visibility-tracking=\"CEIQ3DAYAyITCJfSkJalydACFSTrwgod1C0AVij0JECkqe_gh-XKtQw=\">\n<div class=\"yt-lockup-dismissable yt-uix-tile\">\n<div class=\"yt-lockup-thumbnail contains-addto\">\n<div class=\"yt-thumb video-thumb\"><span class=\"yt-thumb-simple\"> <img loading=\"lazy\" decoding=\"async\" src=\"https:\/\/i.ytimg.com\/vi\/DGsrKHwb1KQ\/hqdefault.jpg?custom=true&amp;w=196&amp;h=110&amp;stc=true&amp;jpg444=true&amp;jpgq=90&amp;sp=68&amp;sigh=4ze6YI7AdHMRZpmhlQR_Jn7fBYk\" alt=\"\" data-ytimg=\"1\" width=\"196\" height=\"110\"\/> <\/span><\/div>\n<p><a class=\"yt-uix-sessionlink        spf-link \" href=\"https:\/\/www.youtube.com\/watch?v=DGsrKHwb1KQ\" data-sessionlink=\"itct=CEIQ3DAYAyITCJfSkJalydACFSTrwgod1C0AVij0JFISV2FsZHZpZXJ0ZWwgUmFsbHll\"><span class=\"video-time\">2:11<\/span><\/a><\/div>\n<\/div>\n<\/div>\n<div class=\"yt-lockup-thumbnail contains-addto\">&nbsp;<\/div>\n<div class=\"yt-lockup-content\">\n<h3 class=\"yt-lockup-title \"><a class=\"yt-uix-sessionlink yt-uix-tile-link yt-ui-ellipsis yt-ui-ellipsis-2       spf-link \" dir=\"ltr\" title=\"Waldviertler Rallye\" href=\"https:\/\/www.youtube.com\/watch?v=DGsrKHwb1KQ\" rel=\"spf-prefetch\" data-sessionlink=\"itct=CEIQ3DAYAyITCJfSkJalydACFSTrwgod1C0AVij0JFISV2FsZHZpZXJ0ZWwgUmFsbHll\">Waldviertler Rallye<\/a><\/h3>\n<div class=\"yt-lockup-byline \">crafterTobi_HD<\/div>\n<div class=\"yt-lockup-action-menu yt-uix-menu-container\">&nbsp;<\/div>\n<\/div>\n<div class=\"yt-lockup yt-lockup-tile yt-lockup-video clearfix\" data-context-item-id=\"_3RnKhHjv94\" data-visibility-tracking=\"CEEQ3DAYBCITCJfSkJalydACFSTrwgod1C0AVij0JEDe_46PoeWZuv8B\">\n<div class=\"yt-lockup-dismissable yt-uix-tile\">\n<div class=\"yt-lockup-thumbnail contains-addto\">\n<div class=\"yt-thumb video-thumb\"><span class=\"yt-thumb-simple\"> <img loading=\"lazy\" decoding=\"async\" src=\"https:\/\/i.ytimg.com\/vi\/_3RnKhHjv94\/hqdefault.jpg?custom=true&amp;w=196&amp;h=110&amp;stc=true&amp;jpg444=true&amp;jpgq=90&amp;sp=68&amp;sigh=8w5iGZbJBANBTrcn37sRJEtpvRE\" alt=\"\" data-ytimg=\"1\" width=\"196\" height=\"110\"\/> <\/span><\/div>\n<p><a class=\"yt-uix-sessionlink        spf-link \" href=\"https:\/\/www.youtube.com\/watch?v=_3RnKhHjv94\" data-sessionlink=\"itct=CEEQ3DAYBCITCJfSkJalydACFSTrwgod1C0AVij0JFISV2FsZHZpZXJ0ZWwgUmFsbHll\"><span class=\"video-time\">2:39<\/span><\/a><\/div>\n<\/div>\n<\/div>\n<div class=\"yt-lockup-thumbnail contains-addto\">&nbsp;<\/div>\n<div class=\"yt-lockup-content\">\n<h3 class=\"yt-lockup-title \"><a class=\"yt-uix-sessionlink yt-uix-tile-link yt-ui-ellipsis yt-ui-ellipsis-2       spf-link \" dir=\"ltr\" title=\"Rallye Waldviertel 2016 | 3 | Jan \u010cern\u00fd - Petr \u010cernohorsk\u00fd\" href=\"https:\/\/www.youtube.com\/watch?v=_3RnKhHjv94\" rel=\"spf-prefetch\" data-sessionlink=\"itct=CEEQ3DAYBCITCJfSkJalydACFSTrwgod1C0AVij0JFISV2FsZHZpZXJ0ZWwgUmFsbHll\">Rallye Waldviertel 2016 | 3 | Jan \u010cern\u00fd &#8211; Petr \u010cernohorsk\u00fd<\/a><\/h3>\n<div class=\"yt-lockup-byline \"><a class=\"g-hovercard yt-uix-sessionlink      spf-link \" href=\"https:\/\/www.youtube.com\/channel\/UCyVHxhzFRTIFGxHLhIFnywA\" data-sessionlink=\"itct=CEEQ3DAYBCITCJfSkJalydACFSTrwgod1C0AVij0JA\" data-ytid=\"UCyVHxhzFRTIFGxHLhIFnywA\">JNK for Competitors<\/a><\/div>\n<div class=\"yt-lockup-action-menu yt-uix-menu-container\">&nbsp;<\/div>\n<\/div>\n<div class=\"yt-lockup yt-lockup-tile yt-lockup-video clearfix\" data-context-item-id=\"09wQJTkdawY\" data-visibility-tracking=\"CEAQ3DAYBSITCJfSkJalydACFSTrwgod1C0AVij0JECG1vXI04SE7tMB\">\n<div class=\"yt-lockup-dismissable yt-uix-tile\">\n<div class=\"yt-lockup-thumbnail contains-addto\">\n<div class=\"yt-thumb video-thumb\"><span class=\"yt-thumb-simple\"> <img loading=\"lazy\" decoding=\"async\" src=\"https:\/\/i.ytimg.com\/vi\/09wQJTkdawY\/hqdefault.jpg?custom=true&amp;w=196&amp;h=110&amp;stc=true&amp;jpg444=true&amp;jpgq=90&amp;sp=68&amp;sigh=BJ-xP64L35WeypHV6R0KEQFmNTo\" alt=\"\" data-ytimg=\"1\" width=\"196\" height=\"110\"\/> <\/span><\/div>\n<p><a class=\"yt-uix-sessionlink        spf-link \" href=\"https:\/\/www.youtube.com\/watch?v=09wQJTkdawY\" data-sessionlink=\"itct=CEAQ3DAYBSITCJfSkJalydACFSTrwgod1C0AVij0JFISV2FsZHZpZXJ0ZWwgUmFsbHll\"><span class=\"video-time\">2:28<\/span><\/a><\/div>\n<\/div>\n<\/div>\n<div class=\"yt-lockup-thumbnail contains-addto\">&nbsp;<\/div>\n<div class=\"yt-lockup-content\">\n<h3 class=\"yt-lockup-title \"><a class=\"yt-uix-sessionlink yt-uix-tile-link yt-ui-ellipsis yt-ui-ellipsis-2       spf-link \" dir=\"ltr\" title=\"Rallye Waldviertel 2016 | 71 | Pavel Musil - Ji\u0159\u00ed Sko\u0159epa\" href=\"https:\/\/www.youtube.com\/watch?v=09wQJTkdawY\" rel=\"spf-prefetch\" data-sessionlink=\"itct=CEAQ3DAYBSITCJfSkJalydACFSTrwgod1C0AVij0JFISV2FsZHZpZXJ0ZWwgUmFsbHll\">Rallye Waldviertel 2016 | 71 | Pavel Musil &#8211; Ji\u0159\u00ed Sko\u0159epa<\/a><\/h3>\n<div class=\"yt-lockup-byline \"><a class=\"g-hovercard yt-uix-sessionlink      spf-link \" href=\"https:\/\/www.youtube.com\/channel\/UCyVHxhzFRTIFGxHLhIFnywA\" data-sessionlink=\"itct=CEAQ3DAYBSITCJfSkJalydACFSTrwgod1C0AVij0JA\" data-ytid=\"UCyVHxhzFRTIFGxHLhIFnywA\">JNK for Competitors<\/a><\/div>\n<div class=\"yt-lockup-action-menu yt-uix-menu-container\">&nbsp;<\/div>\n<\/div>\n<div class=\"yt-lockup yt-lockup-tile yt-lockup-video clearfix\" data-context-item-id=\"h9PN5p7AylY\" data-visibility-tracking=\"CD8Q3DAYBiITCJfSkJalydACFSTrwgod1C0AVij0JEDWlIP26bzz6YcB\">\n<div class=\"yt-lockup-dismissable yt-uix-tile\">\n<div class=\"yt-lockup-thumbnail contains-addto\">\n<div class=\"yt-thumb video-thumb\"><span class=\"yt-thumb-simple\"> <img loading=\"lazy\" decoding=\"async\" src=\"https:\/\/i.ytimg.com\/vi\/h9PN5p7AylY\/hqdefault.jpg?custom=true&amp;w=196&amp;h=110&amp;stc=true&amp;jpg444=true&amp;jpgq=90&amp;sp=68&amp;sigh=d5RAWisVb2EQ875jd4GrQDZqidw\" alt=\"\" data-ytimg=\"1\" width=\"196\" height=\"110\"\/> <\/span><\/div>\n<p><a class=\"yt-uix-sessionlink        spf-link \" href=\"https:\/\/www.youtube.com\/watch?v=h9PN5p7AylY\" data-sessionlink=\"itct=CD8Q3DAYBiITCJfSkJalydACFSTrwgod1C0AVij0JFISV2FsZHZpZXJ0ZWwgUmFsbHll\"><span class=\"video-time\">0:09<\/span><\/a><\/div>\n<\/div>\n<\/div>\n<div class=\"yt-lockup-thumbnail contains-addto\">&nbsp;<\/div>\n<div class=\"yt-lockup-content\">\n<h3 class=\"yt-lockup-title \"><a class=\"yt-uix-sessionlink yt-uix-tile-link yt-ui-ellipsis yt-ui-ellipsis-2       spf-link \" dir=\"ltr\" title=\"Rallye waldviertel\" href=\"https:\/\/www.youtube.com\/watch?v=h9PN5p7AylY\" rel=\"spf-prefetch\" data-sessionlink=\"itct=CD8Q3DAYBiITCJfSkJalydACFSTrwgod1C0AVij0JFISV2FsZHZpZXJ0ZWwgUmFsbHll\">Rallye waldviertel<\/a><\/h3>\n<div class=\"yt-lockup-byline \"><a class=\"g-hovercard yt-uix-sessionlink      spf-link \" href=\"https:\/\/www.youtube.com\/channel\/UCvSdMoFl92Mg2AnzVneZrog\" data-sessionlink=\"itct=CD8Q3DAYBiITCJfSkJalydACFSTrwgod1C0AVij0JA\" data-ytid=\"UCvSdMoFl92Mg2AnzVneZrog\">Toms Lielk\u0101jis<\/a><\/div>\n<div class=\"yt-lockup-action-menu yt-uix-menu-container\">&nbsp;<\/div>\n<\/div>\n<div class=\"yt-lockup yt-lockup-tile yt-lockup-video clearfix\" data-context-item-id=\"-6gzor6EBXo\" data-visibility-tracking=\"CD4Q3DAYByITCJfSkJalydACFSTrwgod1C0AVij0JED6ipD0q_SM1PsB\">\n<div class=\"yt-lockup-dismissable yt-uix-tile\">\n<div class=\"yt-lockup-thumbnail contains-addto\">\n<div class=\"yt-thumb video-thumb\"><span class=\"yt-thumb-simple\"> <img loading=\"lazy\" decoding=\"async\" src=\"https:\/\/i.ytimg.com\/vi\/-6gzor6EBXo\/hqdefault.jpg?custom=true&amp;w=196&amp;h=110&amp;stc=true&amp;jpg444=true&amp;jpgq=90&amp;sp=68&amp;sigh=QQKwLp-cOI6zhAvR1n_DQdmcgCI\" alt=\"\" data-ytimg=\"1\" width=\"196\" height=\"110\"\/> <\/span><\/div>\n<p><a class=\"yt-uix-sessionlink        spf-link \" href=\"https:\/\/www.youtube.com\/watch?v=-6gzor6EBXo\" data-sessionlink=\"itct=CD4Q3DAYByITCJfSkJalydACFSTrwgod1C0AVij0JFISV2FsZHZpZXJ0ZWwgUmFsbHll\"><span class=\"video-time\">0:38<\/span><\/a><\/div>\n<\/div>\n<\/div>\n<div class=\"yt-lockup-thumbnail contains-addto\">&nbsp;<\/div>\n<div class=\"yt-lockup-content\">\n<h3 class=\"yt-lockup-title \"><a class=\"yt-uix-sessionlink yt-uix-tile-link yt-ui-ellipsis yt-ui-ellipsis-2       spf-link \" dir=\"ltr\" title=\"Rallye Waldviertel 2016 | 42 | V\u00e1clav Stejskal jun. - Stanislav Viktora jun.\" href=\"https:\/\/www.youtube.com\/watch?v=-6gzor6EBXo\" rel=\"spf-prefetch\" data-sessionlink=\"itct=CD4Q3DAYByITCJfSkJalydACFSTrwgod1C0AVij0JFISV2FsZHZpZXJ0ZWwgUmFsbHll\">Rallye Waldviertel 2016 | 42 | V\u00e1clav Stejskal jun. &#8211; Stanislav Viktora jun.<\/a><\/h3>\n<div class=\"yt-lockup-byline \"><a class=\"g-hovercard yt-uix-sessionlink      spf-link \" href=\"https:\/\/www.youtube.com\/channel\/UCyVHxhzFRTIFGxHLhIFnywA\" data-sessionlink=\"itct=CD4Q3DAYByITCJfSkJalydACFSTrwgod1C0AVij0JA\" data-ytid=\"UCyVHxhzFRTIFGxHLhIFnywA\">JNK for Competitors<\/a><\/div>\n<div class=\"yt-lockup-action-menu yt-uix-menu-container\">&nbsp;<\/div>\n<\/div>\n<div class=\"yt-lockup yt-lockup-tile yt-lockup-video clearfix\" data-context-item-id=\"VuTMQT_VWTw\" data-visibility-tracking=\"CD0Q3DAYCCITCJfSkJalydACFSTrwgod1C0AVij0JEC8stX-k4iz8lY=\">\n<div class=\"yt-lockup-dismissable yt-uix-tile\">\n<div class=\"yt-lockup-thumbnail contains-addto\">\n<div class=\"yt-thumb video-thumb\"><span class=\"yt-thumb-simple\"> <img loading=\"lazy\" decoding=\"async\" src=\"https:\/\/i.ytimg.com\/vi\/VuTMQT_VWTw\/hqdefault.jpg?custom=true&amp;w=196&amp;h=110&amp;stc=true&amp;jpg444=true&amp;jpgq=90&amp;sp=68&amp;sigh=bSd8cnzX0cIUY8dUY_DTNXRTJZ0\" alt=\"\" data-ytimg=\"1\" width=\"196\" height=\"110\"\/> <\/span><\/div>\n<p><a class=\"yt-uix-sessionlink        spf-link \" href=\"https:\/\/www.youtube.com\/watch?v=VuTMQT_VWTw\" data-sessionlink=\"itct=CD0Q3DAYCCITCJfSkJalydACFSTrwgod1C0AVij0JFISV2FsZHZpZXJ0ZWwgUmFsbHll\"><span class=\"video-time\">0:24<\/span><\/a><\/div>\n<\/div>\n<\/div>\n<div class=\"yt-lockup-thumbnail contains-addto\">&nbsp;<\/div>\n<div class=\"yt-lockup-content\">\n<h3 class=\"yt-lockup-title \"><a class=\"yt-uix-sessionlink yt-uix-tile-link yt-ui-ellipsis yt-ui-ellipsis-2       spf-link \" dir=\"ltr\" title=\"Jasen Popov \/ Dilian Popov - Subaru Impreza WRX STi  - Rallye Waldviertel 2004\" href=\"https:\/\/www.youtube.com\/watch?v=VuTMQT_VWTw\" rel=\"spf-prefetch\" data-sessionlink=\"itct=CD0Q3DAYCCITCJfSkJalydACFSTrwgod1C0AVij0JFISV2FsZHZpZXJ0ZWwgUmFsbHll\">Jasen Popov \/ Dilian Popov &#8211; Subaru Impreza WRX STi &#8211; Rallye Waldviertel 2004<\/a><\/h3>\n<div class=\"yt-lockup-byline \"><a class=\"g-hovercard yt-uix-sessionlink      spf-link \" href=\"https:\/\/www.youtube.com\/user\/apolon59\" data-sessionlink=\"itct=CD0Q3DAYCCITCJfSkJalydACFSTrwgod1C0AVij0JA\" data-ytid=\"UCGDYmfoxQh99Fir41Bf-rkQ\">apolon59<\/a><\/div>\n<div class=\"yt-lockup-action-menu yt-uix-menu-container\">&nbsp;<\/div>\n<\/div>\n<div class=\"yt-lockup yt-lockup-tile yt-lockup-video clearfix\" data-context-item-id=\"BGnf7FqnrYI\" data-visibility-tracking=\"CDwQ3DAYCSITCJfSkJalydACFSTrwgod1C0AVij0JECC257Vxf33tAQ=\">\n<div class=\"yt-lockup-dismissable yt-uix-tile\">\n<div class=\"yt-lockup-thumbnail contains-addto\">\n<div class=\"yt-thumb video-thumb\"><span class=\"yt-thumb-simple\"> <img loading=\"lazy\" decoding=\"async\" src=\"https:\/\/i.ytimg.com\/vi\/BGnf7FqnrYI\/hqdefault.jpg?custom=true&amp;w=196&amp;h=110&amp;stc=true&amp;jpg444=true&amp;jpgq=90&amp;sp=68&amp;sigh=JwwdYr7Kd4v9asOS1CkM9IAoAoA\" alt=\"\" data-ytimg=\"1\" width=\"196\" height=\"110\"\/> <\/span><\/div>\n<p><a class=\"yt-uix-sessionlink        spf-link \" href=\"https:\/\/www.youtube.com\/watch?v=BGnf7FqnrYI\" data-sessionlink=\"itct=CDwQ3DAYCSITCJfSkJalydACFSTrwgod1C0AVij0JFISV2FsZHZpZXJ0ZWwgUmFsbHll\"><span class=\"video-time\">1:58<\/span><\/a><\/div>\n<\/div>\n<\/div>\n<div class=\"yt-lockup-thumbnail contains-addto\">&nbsp;<\/div>\n<div class=\"yt-lockup-content\">\n<h3 class=\"yt-lockup-title \"><a class=\"yt-uix-sessionlink yt-uix-tile-link yt-ui-ellipsis yt-ui-ellipsis-2       spf-link \" dir=\"ltr\" title=\"Kroneder Zehetbauer SP 2 st p\u00f6lten vaz 2016\" href=\"https:\/\/www.youtube.com\/watch?v=BGnf7FqnrYI\" rel=\"spf-prefetch\" data-sessionlink=\"itct=CDwQ3DAYCSITCJfSkJalydACFSTrwgod1C0AVij0JFISV2FsZHZpZXJ0ZWwgUmFsbHll\">Kroneder Zehetbauer SP 2 st p\u00f6lten vaz 2016<\/a><\/h3>\n<div class=\"yt-lockup-byline \"><a class=\"g-hovercard yt-uix-sessionlink      spf-link \" href=\"https:\/\/www.youtube.com\/user\/markuskroneder\" data-sessionlink=\"itct=CDwQ3DAYCSITCJfSkJalydACFSTrwgod1C0AVij0JA\" data-ytid=\"UCO5IZvgmYje271ucxZgM4GQ\">Markus Kroneder<\/a><\/div>\n<div class=\"yt-lockup-action-menu yt-uix-menu-container\">&nbsp;<\/div>\n<\/div>\n<div class=\"yt-lockup yt-lockup-tile yt-lockup-video clearfix\" data-context-item-id=\"MJRJgRl4kGI\" data-visibility-tracking=\"CDsQ3DAYCiITCJfSkJalydACFSTrwgod1C0AVij0JEDioOLLkbCSyjA=\">\n<div class=\"yt-lockup-dismissable yt-uix-tile\">\n<div class=\"yt-lockup-thumbnail contains-addto\">\n<div class=\"yt-thumb video-thumb\"><span class=\"yt-thumb-simple\"> <img loading=\"lazy\" decoding=\"async\" src=\"https:\/\/i.ytimg.com\/vi\/MJRJgRl4kGI\/hqdefault.jpg?custom=true&amp;w=196&amp;h=110&amp;stc=true&amp;jpg444=true&amp;jpgq=90&amp;sp=68&amp;sigh=R4qxmtnHTHtDf5tUUUUiNT8OVic\" alt=\"\" data-ytimg=\"1\" width=\"196\" height=\"110\"\/> <\/span><\/div>\n<p><a class=\"yt-uix-sessionlink        spf-link \" href=\"https:\/\/www.youtube.com\/watch?v=MJRJgRl4kGI\" data-sessionlink=\"itct=CDsQ3DAYCiITCJfSkJalydACFSTrwgod1C0AVij0JFISV2FsZHZpZXJ0ZWwgUmFsbHll\"><span class=\"video-time\">2:00<\/span><\/a><\/div>\n<\/div>\n<\/div>\n<div class=\"yt-lockup-thumbnail contains-addto\">&nbsp;<\/div>\n<div class=\"yt-lockup-content\">\n<h3 class=\"yt-lockup-title \"><a class=\"yt-uix-sessionlink yt-uix-tile-link yt-ui-ellipsis yt-ui-ellipsis-2       spf-link \" dir=\"ltr\" title=\"P\u00e1hi Rezg\u0151 2016 Waldviertel SS4\" href=\"https:\/\/www.youtube.com\/watch?v=MJRJgRl4kGI\" rel=\"spf-prefetch\" data-sessionlink=\"itct=CDsQ3DAYCiITCJfSkJalydACFSTrwgod1C0AVij0JFISV2FsZHZpZXJ0ZWwgUmFsbHll\">P\u00e1hi Rezg\u0151 2016 Waldviertel SS4<\/a><\/h3>\n<div class=\"yt-lockup-action-menu yt-uix-menu-container\"><a class=\"g-hovercard yt-uix-sessionlink      spf-link \" href=\"https:\/\/www.youtube.com\/user\/Erikaviking7708\" data-sessionlink=\"itct=CDsQ3DAYCiITCJfSkJalydACFSTrwgod1C0AVij0JA\" data-ytid=\"UCgDU1ae4DVyXgSNEzHAnFng\">Erik Rezgo<\/a><\/div>\n<\/div>\n<div class=\"yt-lockup yt-lockup-tile yt-lockup-video clearfix\" data-context-item-id=\"SCOqLDIdM8s\" data-visibility-tracking=\"CDoQ3DAYCyITCJfSkJalydACFSTrwgod1C0AVij0JEDL5_SQw8XqkUg=\">\n<div class=\"yt-lockup-dismissable yt-uix-tile\">\n<div class=\"yt-lockup-thumbnail contains-addto\">\n<div class=\"yt-thumb video-thumb\"><span class=\"yt-thumb-simple\"> <img loading=\"lazy\" decoding=\"async\" src=\"https:\/\/i.ytimg.com\/vi\/SCOqLDIdM8s\/hqdefault.jpg?custom=true&amp;w=196&amp;h=110&amp;stc=true&amp;jpg444=true&amp;jpgq=90&amp;sp=68&amp;sigh=37Bjl0NTo9vsR_iNiyODjZfb4BM\" alt=\"\" data-ytimg=\"1\" width=\"196\" height=\"110\"\/> <\/span><\/div>\n<p><a class=\"yt-uix-sessionlink        spf-link \" href=\"https:\/\/www.youtube.com\/watch?v=SCOqLDIdM8s\" data-sessionlink=\"itct=CDoQ3DAYCyITCJfSkJalydACFSTrwgod1C0AVij0JFISV2FsZHZpZXJ0ZWwgUmFsbHll\"><span class=\"video-time\">10:19<\/span><\/a><\/div>\n<\/div>\n<\/div>\n<div class=\"yt-lockup-thumbnail contains-addto\">&nbsp;<\/div>\n<div class=\"yt-lockup-content\">\n<h3 class=\"yt-lockup-title \"><a class=\"yt-uix-sessionlink yt-uix-tile-link yt-ui-ellipsis yt-ui-ellipsis-2       spf-link \" dir=\"ltr\" title=\"motortv - Folge SchauTV 24\/2016\" href=\"https:\/\/www.youtube.com\/watch?v=SCOqLDIdM8s\" rel=\"spf-prefetch\" data-sessionlink=\"itct=CDoQ3DAYCyITCJfSkJalydACFSTrwgod1C0AVij0JFISV2FsZHZpZXJ0ZWwgUmFsbHll\">motortv &#8211; Folge SchauTV 24\/2016<\/a><\/h3>\n<div class=\"yt-lockup-byline \"><a class=\"g-hovercard yt-uix-sessionlink      spf-link \" href=\"https:\/\/www.youtube.com\/user\/motortvtv7\" data-sessionlink=\"itct=CDoQ3DAYCyITCJfSkJalydACFSTrwgod1C0AVij0JA\" data-ytid=\"UCKl5kWkg_FTQEa6attMEwIw\">motortvtv7<\/a><\/div>\n<div class=\"yt-lockup-meta \">\n<ul class=\"yt-lockup-meta-info\">\n<li>vor 3 Tagen<\/li>\n<\/ul>\n<\/div>\n<div class=\"yt-lockup-action-menu yt-uix-menu-container\">&nbsp;<\/div>\n<\/div>\n<div class=\"yt-lockup yt-lockup-tile yt-lockup-video clearfix\" data-context-item-id=\"-MDLe9wzVKg\" data-visibility-tracking=\"CDkQ3DAYDCITCJfSkJalydACFSTrwgod1C0AVij0JECoqc3hve-y4PgB\">\n<div class=\"yt-lockup-dismissable yt-uix-tile\">\n<div class=\"yt-lockup-thumbnail contains-addto\">\n<div class=\"yt-thumb video-thumb\"><span class=\"yt-thumb-simple\"> <img loading=\"lazy\" decoding=\"async\" src=\"https:\/\/i.ytimg.com\/vi\/-MDLe9wzVKg\/hqdefault.jpg?custom=true&amp;w=196&amp;h=110&amp;stc=true&amp;jpg444=true&amp;jpgq=90&amp;sp=68&amp;sigh=-DWz1niVu5-WcQVDgspoZdN232E\" alt=\"\" data-ytimg=\"1\" width=\"196\" height=\"110\"\/> <\/span><\/div>\n<p><a class=\"yt-uix-sessionlink        spf-link \" href=\"https:\/\/www.youtube.com\/watch?v=-MDLe9wzVKg\" data-sessionlink=\"itct=CDkQ3DAYDCITCJfSkJalydACFSTrwgod1C0AVij0JFISV2FsZHZpZXJ0ZWwgUmFsbHll\"><span class=\"video-time\">1:27<\/span><\/a><\/div>\n<\/div>\n<\/div>\n<div class=\"yt-lockup-thumbnail contains-addto\">&nbsp;<\/div>\n<div class=\"yt-lockup-content\">\n<h3 class=\"yt-lockup-title \"><a class=\"yt-uix-sessionlink yt-uix-tile-link yt-ui-ellipsis yt-ui-ellipsis-2       spf-link \" dir=\"ltr\" title=\"Rallye Waldviertel 2016 | 92 | Tom\u00e1\u0161 Carbol - Krist\u00fdna Smr\u010dkov\u00e1\" href=\"https:\/\/www.youtube.com\/watch?v=-MDLe9wzVKg\" rel=\"spf-prefetch\" data-sessionlink=\"itct=CDkQ3DAYDCITCJfSkJalydACFSTrwgod1C0AVij0JFISV2FsZHZpZXJ0ZWwgUmFsbHll\">Rallye Waldviertel 2016 | 92 | Tom\u00e1\u0161 Carbol &#8211; Krist\u00fdna Smr\u010dkov\u00e1<\/a><\/h3>\n<div class=\"yt-lockup-byline \"><a class=\"g-hovercard yt-uix-sessionlink      spf-link \" href=\"https:\/\/www.youtube.com\/channel\/UCyVHxhzFRTIFGxHLhIFnywA\" data-sessionlink=\"itct=CDkQ3DAYDCITCJfSkJalydACFSTrwgod1C0AVij0JA\" data-ytid=\"UCyVHxhzFRTIFGxHLhIFnywA\">JNK for Competitors<\/a><\/div>\n<div class=\"yt-lockup-action-menu yt-uix-menu-container\">&nbsp;<\/div>\n<\/div>\n<div class=\"yt-lockup yt-lockup-tile yt-lockup-video clearfix\" data-context-item-id=\"-gsXoMgQVqo\" data-visibility-tracking=\"CDgQ3DAYDSITCJfSkJalydACFSTrwgod1C0AVij0JECqrcHAjPTFhfoB\">\n<div class=\"yt-lockup-dismissable yt-uix-tile\">\n<div class=\"yt-lockup-thumbnail contains-addto\">\n<div class=\"yt-thumb video-thumb\"><span class=\"yt-thumb-simple\"> <img loading=\"lazy\" decoding=\"async\" src=\"https:\/\/i.ytimg.com\/vi\/-gsXoMgQVqo\/hqdefault.jpg?custom=true&amp;w=196&amp;h=110&amp;stc=true&amp;jpg444=true&amp;jpgq=90&amp;sp=68&amp;sigh=SCGCiNM6VeLBIgumjM5pTbCz3-E\" alt=\"\" data-ytimg=\"1\" width=\"196\" height=\"110\"\/> <\/span><\/div>\n<p><a class=\"yt-uix-sessionlink        spf-link \" href=\"https:\/\/www.youtube.com\/watch?v=-gsXoMgQVqo\" data-sessionlink=\"itct=CDgQ3DAYDSITCJfSkJalydACFSTrwgod1C0AVij0JFISV2FsZHZpZXJ0ZWwgUmFsbHll\"><span class=\"video-time\">2:00<\/span><\/a><\/div>\n<\/div>\n<\/div>\n<div class=\"yt-lockup-thumbnail contains-addto\">&nbsp;<\/div>\n<div class=\"yt-lockup-content\">\n<h3 class=\"yt-lockup-title \"><a class=\"yt-uix-sessionlink yt-uix-tile-link yt-ui-ellipsis yt-ui-ellipsis-2       spf-link \" dir=\"ltr\" title=\"2. \u010c\u00e1st rally Waldviertel\" href=\"https:\/\/www.youtube.com\/watch?v=-gsXoMgQVqo\" rel=\"spf-prefetch\" data-sessionlink=\"itct=CDgQ3DAYDSITCJfSkJalydACFSTrwgod1C0AVij0JFISV2FsZHZpZXJ0ZWwgUmFsbHll\">2. \u010c\u00e1st rally Waldviertel<\/a><\/h3>\n<div class=\"yt-lockup-byline \"><a class=\"g-hovercard yt-uix-sessionlink      spf-link \" href=\"https:\/\/www.youtube.com\/channel\/UC7DBVQaRL61l-NN7TACKijQ\" data-sessionlink=\"itct=CDgQ3DAYDSITCJfSkJalydACFSTrwgod1C0AVij0JA\" data-ytid=\"UC7DBVQaRL61l-NN7TACKijQ\">Dan Ny rally<\/a><\/div>\n<div class=\"yt-lockup-action-menu yt-uix-menu-container\">&nbsp;<\/div>\n<\/div>\n<div class=\"yt-lockup yt-lockup-tile yt-lockup-video clearfix\" data-context-item-id=\"4ouLSlMVBUU\" data-visibility-tracking=\"CDcQ3DAYDiITCJfSkJalydACFSTrwgod1C0AVij0JEDFitSYpenixeIB\">\n<div class=\"yt-lockup-dismissable yt-uix-tile\">\n<div class=\"yt-lockup-thumbnail contains-addto\">\n<div class=\"yt-thumb video-thumb\"><span class=\"yt-thumb-simple\"> <img loading=\"lazy\" decoding=\"async\" src=\"https:\/\/i.ytimg.com\/vi\/4ouLSlMVBUU\/hqdefault.jpg?custom=true&amp;w=196&amp;h=110&amp;stc=true&amp;jpg444=true&amp;jpgq=90&amp;sp=68&amp;sigh=XhxKgmY3C7tMIcjYTY-sL_WLhPo\" alt=\"\" data-ytimg=\"1\" width=\"196\" height=\"110\"\/> <\/span><\/div>\n<p><a class=\"yt-uix-sessionlink        spf-link \" href=\"https:\/\/www.youtube.com\/watch?v=4ouLSlMVBUU\" data-sessionlink=\"itct=CDcQ3DAYDiITCJfSkJalydACFSTrwgod1C0AVij0JFISV2FsZHZpZXJ0ZWwgUmFsbHll\"><span class=\"video-time\">5:19<\/span><\/a><\/div>\n<\/div>\n<\/div>\n<div class=\"yt-lockup-thumbnail contains-addto\">&nbsp;<\/div>\n<div class=\"yt-lockup-content\">\n<h3 class=\"yt-lockup-title \"><a class=\"yt-uix-sessionlink yt-uix-tile-link yt-ui-ellipsis yt-ui-ellipsis-2       spf-link \" dir=\"ltr\" title=\"Kroneder Zehetbauer SP 7 Kronsegg 2016\" href=\"https:\/\/www.youtube.com\/watch?v=4ouLSlMVBUU\" rel=\"spf-prefetch\" data-sessionlink=\"itct=CDcQ3DAYDiITCJfSkJalydACFSTrwgod1C0AVij0JFISV2FsZHZpZXJ0ZWwgUmFsbHll\">Kroneder Zehetbauer SP 7 Kronsegg 2016<\/a><\/h3>\n<div class=\"yt-lockup-byline \"><a class=\"g-hovercard yt-uix-sessionlink      spf-link \" href=\"https:\/\/www.youtube.com\/user\/markuskroneder\" data-sessionlink=\"itct=CDcQ3DAYDiITCJfSkJalydACFSTrwgod1C0AVij0JA\" data-ytid=\"UCO5IZvgmYje271ucxZgM4GQ\">Markus Kroneder<\/a><\/div>\n<div class=\"yt-lockup-action-menu yt-uix-menu-container\">&nbsp;<\/div>\n<\/div>\n<div class=\"yt-lockup yt-lockup-tile yt-lockup-video clearfix\" data-context-item-id=\"P2ZGhVsu7rg\" data-visibility-tracking=\"CDYQ3DAYDyITCJfSkJalydACFSTrwgod1C0AVij0JEC43bvZ1dCRsz8=\">\n<div class=\"yt-lockup-dismissable yt-uix-tile\">\n<div class=\"yt-lockup-thumbnail contains-addto\">\n<div class=\"yt-thumb video-thumb\"><span class=\"yt-thumb-simple\"> <img loading=\"lazy\" decoding=\"async\" src=\"https:\/\/i.ytimg.com\/vi\/P2ZGhVsu7rg\/hqdefault.jpg?custom=true&amp;w=196&amp;h=110&amp;stc=true&amp;jpg444=true&amp;jpgq=90&amp;sp=68&amp;sigh=m0ZqEm7bWaryxelFsHRGadFvj-I\" alt=\"\" data-ytimg=\"1\" width=\"196\" height=\"110\"\/> <\/span><\/div>\n<p><a class=\"yt-uix-sessionlink        spf-link \" href=\"https:\/\/www.youtube.com\/watch?v=P2ZGhVsu7rg\" data-sessionlink=\"itct=CDYQ3DAYDyITCJfSkJalydACFSTrwgod1C0AVij0JFISV2FsZHZpZXJ0ZWwgUmFsbHll\"><span class=\"video-time\">2:38<\/span><\/a><\/div>\n<\/div>\n<\/div>\n<div class=\"yt-lockup-thumbnail contains-addto\">&nbsp;<\/div>\n<div class=\"yt-lockup-content\">\n<h3 class=\"yt-lockup-title \"><a class=\"yt-uix-sessionlink yt-uix-tile-link yt-ui-ellipsis yt-ui-ellipsis-2       spf-link \" dir=\"ltr\" title=\"ciedra racing \/ rallye waldviertel'16\" href=\"https:\/\/www.youtube.com\/watch?v=P2ZGhVsu7rg\" rel=\"spf-prefetch\" data-sessionlink=\"itct=CDYQ3DAYDyITCJfSkJalydACFSTrwgod1C0AVij0JFISV2FsZHZpZXJ0ZWwgUmFsbHll\">ciedra racing \/ rallye waldviertel&#8217;16<\/a><\/h3>\n<div class=\"yt-lockup-byline \"><a class=\"g-hovercard yt-uix-sessionlink      spf-link \" href=\"https:\/\/www.youtube.com\/channel\/UCNnmHHrpcszIjS3sVdlUYSg\" data-sessionlink=\"itct=CDYQ3DAYDyITCJfSkJalydACFSTrwgod1C0AVij0JA\" data-ytid=\"UCNnmHHrpcszIjS3sVdlUYSg\">mareks ivans<\/a><\/div>\n<div class=\"yt-lockup-action-menu yt-uix-menu-container\">&nbsp;<\/div>\n<\/div>\n<div class=\"yt-lockup yt-lockup-tile yt-lockup-video clearfix\" data-context-item-id=\"E270wo1CaWI\" data-visibility-tracking=\"CDUQ3DAYECITCJfSkJalydACFSTrwgod1C0AVij0JEDi0onqqJi9txM=\">\n<div class=\"yt-lockup-dismissable yt-uix-tile\">\n<div class=\"yt-lockup-thumbnail contains-addto\">\n<div class=\"yt-thumb video-thumb\"><span class=\"yt-thumb-simple\"> <img loading=\"lazy\" decoding=\"async\" src=\"https:\/\/i.ytimg.com\/vi\/E270wo1CaWI\/hqdefault.jpg?custom=true&amp;w=196&amp;h=110&amp;stc=true&amp;jpg444=true&amp;jpgq=90&amp;sp=68&amp;sigh=XkMVBFw5qLdjucdbYdBzHVdpaEQ\" alt=\"\" data-ytimg=\"1\" width=\"196\" height=\"110\"\/> <\/span><\/div>\n<p><a class=\"yt-uix-sessionlink        spf-link \" href=\"https:\/\/www.youtube.com\/watch?v=E270wo1CaWI\" data-sessionlink=\"itct=CDUQ3DAYECITCJfSkJalydACFSTrwgod1C0AVij0JFISV2FsZHZpZXJ0ZWwgUmFsbHll\"><span class=\"video-time\">1:00<\/span><\/a><\/div>\n<\/div>\n<\/div>\n<div class=\"yt-lockup-thumbnail contains-addto\">&nbsp;<\/div>\n<div class=\"yt-lockup-content\">\n<h3 class=\"yt-lockup-title \"><a class=\"yt-uix-sessionlink yt-uix-tile-link yt-ui-ellipsis yt-ui-ellipsis-2       spf-link \" dir=\"ltr\" title=\"Rallye Waldviertel 2016 | 79 | Old\u0159ich Kova\u0159\u00edk - V\u00e1clav Horn\" href=\"https:\/\/www.youtube.com\/watch?v=E270wo1CaWI\" rel=\"spf-prefetch\" data-sessionlink=\"itct=CDUQ3DAYECITCJfSkJalydACFSTrwgod1C0AVij0JFISV2FsZHZpZXJ0ZWwgUmFsbHll\">Rallye Waldviertel 2016 | 79 | Old\u0159ich Kova\u0159\u00edk &#8211; V\u00e1clav Horn<\/a><\/h3>\n<div class=\"yt-lockup-byline \"><a class=\"g-hovercard yt-uix-sessionlink      spf-link \" href=\"https:\/\/www.youtube.com\/channel\/UCyVHxhzFRTIFGxHLhIFnywA\" data-sessionlink=\"itct=CDUQ3DAYECITCJfSkJalydACFSTrwgod1C0AVij0JA\" data-ytid=\"UCyVHxhzFRTIFGxHLhIFnywA\">JNK for Competitors<\/a><\/div>\n<div class=\"yt-lockup-action-menu yt-uix-menu-container\">&nbsp;<\/div>\n<\/div>\n<div class=\"yt-lockup yt-lockup-tile yt-lockup-video clearfix\" data-context-item-id=\"4g-4ZaI0GCA\" data-visibility-tracking=\"CDQQ3DAYESITCJfSkJalydACFSTrwgod1C0AVij0JECgsNCR2ozuh-IB\">\n<div class=\"yt-lockup-dismissable yt-uix-tile\">\n<div class=\"yt-lockup-thumbnail contains-addto\">\n<div class=\"yt-thumb video-thumb\"><span class=\"yt-thumb-simple\"> <img loading=\"lazy\" decoding=\"async\" src=\"https:\/\/i.ytimg.com\/vi\/4g-4ZaI0GCA\/hqdefault.jpg?custom=true&amp;w=196&amp;h=110&amp;stc=true&amp;jpg444=true&amp;jpgq=90&amp;sp=68&amp;sigh=XVNq2BeIsnaG_-OtdErNvAq9RSY\" alt=\"\" data-ytimg=\"1\" width=\"196\" height=\"110\"\/> <\/span><\/div>\n<p><a class=\"yt-uix-sessionlink        spf-link \" href=\"https:\/\/www.youtube.com\/watch?v=4g-4ZaI0GCA\" data-sessionlink=\"itct=CDQQ3DAYESITCJfSkJalydACFSTrwgod1C0AVij0JFISV2FsZHZpZXJ0ZWwgUmFsbHll\"><span class=\"video-time\">17:49<\/span><\/a><\/div>\n<\/div>\n<\/div>\n<div class=\"yt-lockup-thumbnail contains-addto\">&nbsp;<\/div>\n<div class=\"yt-lockup-content\">\n<h3 class=\"yt-lockup-title \"><a class=\"yt-uix-sessionlink yt-uix-tile-link yt-ui-ellipsis yt-ui-ellipsis-2       spf-link \" dir=\"ltr\" title=\"Griso-Lucato Rally Waldviertel 2016\" href=\"https:\/\/www.youtube.com\/watch?v=4g-4ZaI0GCA\" rel=\"spf-prefetch\" data-sessionlink=\"itct=CDQQ3DAYESITCJfSkJalydACFSTrwgod1C0AVij0JFISV2FsZHZpZXJ0ZWwgUmFsbHll\">Griso-Lucato Rally Waldviertel 2016<\/a><\/h3>\n<div class=\"yt-lockup-byline \"><a class=\"g-hovercard yt-uix-sessionlink      spf-link \" href=\"https:\/\/www.youtube.com\/channel\/UCQRYKB7cte9bAArbcm3ylxw\" data-sessionlink=\"itct=CDQQ3DAYESITCJfSkJalydACFSTrwgod1C0AVij0JA\" data-ytid=\"UCQRYKB7cte9bAArbcm3ylxw\">Michele Griso<\/a><\/div>\n<div class=\"yt-lockup-action-menu yt-uix-menu-container\">&nbsp;<\/div>\n<\/div>\n<div class=\"yt-lockup yt-lockup-tile yt-lockup-video clearfix\" data-context-item-id=\"IQiQL0082uI\" data-visibility-tracking=\"CDMQ3DAYEiITCJfSkJalydACFSTrwgod1C0AVij0JEDitfPp9IWkhCE=\">\n<div class=\"yt-lockup-dismissable yt-uix-tile\">\n<div class=\"yt-lockup-thumbnail contains-addto\">\n<div class=\"yt-thumb video-thumb\"><span class=\"yt-thumb-simple\"> <img loading=\"lazy\" decoding=\"async\" src=\"https:\/\/i.ytimg.com\/vi\/IQiQL0082uI\/hqdefault.jpg?custom=true&amp;w=196&amp;h=110&amp;stc=true&amp;jpg444=true&amp;jpgq=90&amp;sp=68&amp;sigh=6m_fl2GYm5yn5aH0ZMSus2yKRcg\" alt=\"\" data-ytimg=\"1\" width=\"196\" height=\"110\"\/> <\/span><\/div>\n<p><a class=\"yt-uix-sessionlink        spf-link \" href=\"https:\/\/www.youtube.com\/watch?v=IQiQL0082uI\" data-sessionlink=\"itct=CDMQ3DAYEiITCJfSkJalydACFSTrwgod1C0AVij0JFISV2FsZHZpZXJ0ZWwgUmFsbHll\"><span class=\"video-time\">1:09<\/span><\/a><\/div>\n<\/div>\n<\/div>\n<div class=\"yt-lockup-thumbnail contains-addto\">&nbsp;<\/div>\n<div class=\"yt-lockup-content\">\n<h3 class=\"yt-lockup-title \"><a class=\"yt-uix-sessionlink yt-uix-tile-link yt-ui-ellipsis yt-ui-ellipsis-2       spf-link \" dir=\"ltr\" title=\"Rallye Waldviertel 2016 | 87 | Tom\u00e1\u0161 B\u011blohradsk\u00fd - Pavel Ba\u0161ta\" href=\"https:\/\/www.youtube.com\/watch?v=IQiQL0082uI\" rel=\"spf-prefetch\" data-sessionlink=\"itct=CDMQ3DAYEiITCJfSkJalydACFSTrwgod1C0AVij0JFISV2FsZHZpZXJ0ZWwgUmFsbHll\">Rallye Waldviertel 2016 | 87 | Tom\u00e1\u0161 B\u011blohradsk\u00fd &#8211; Pavel Ba\u0161ta<\/a><\/h3>\n<div class=\"yt-lockup-byline \"><a class=\"g-hovercard yt-uix-sessionlink      spf-link \" href=\"https:\/\/www.youtube.com\/channel\/UCyVHxhzFRTIFGxHLhIFnywA\" data-sessionlink=\"itct=CDMQ3DAYEiITCJfSkJalydACFSTrwgod1C0AVij0JA\" data-ytid=\"UCyVHxhzFRTIFGxHLhIFnywA\">JNK for Competitors<\/a><\/div>\n<div class=\"yt-lockup-action-menu yt-uix-menu-container\">&nbsp;<\/div>\n<\/div>\n<div class=\"yt-lockup yt-lockup-tile yt-lockup-video clearfix\" data-context-item-id=\"6-OgoMle91k\" data-visibility-tracking=\"CDIQ3DAYEyITCJfSkJalydACFSTrwgod1C0AVij0JEDZ7vvKjJTo8esB\">\n<div class=\"yt-lockup-dismissable yt-uix-tile\">\n<div class=\"yt-lockup-thumbnail contains-addto\">\n<div class=\"yt-thumb video-thumb\"><span class=\"yt-thumb-simple\"> <img loading=\"lazy\" decoding=\"async\" src=\"https:\/\/i.ytimg.com\/vi\/6-OgoMle91k\/hqdefault.jpg?custom=true&amp;w=196&amp;h=110&amp;stc=true&amp;jpg444=true&amp;jpgq=90&amp;sp=68&amp;sigh=KYOBOm8GjXhJpdLwWmxtlbxkh44\" alt=\"\" data-ytimg=\"1\" width=\"196\" height=\"110\"\/> <\/span><\/div>\n<p><a class=\"yt-uix-sessionlink        spf-link \" href=\"https:\/\/www.youtube.com\/watch?v=6-OgoMle91k\" data-sessionlink=\"itct=CDIQ3DAYEyITCJfSkJalydACFSTrwgod1C0AVij0JFISV2FsZHZpZXJ0ZWwgUmFsbHll\"><span class=\"video-time\">1:18<\/span><\/a><\/div>\n<\/div>\n<\/div>\n<div class=\"yt-lockup-thumbnail contains-addto\">&nbsp;<\/div>\n<div class=\"yt-lockup-content\">\n<h3 class=\"yt-lockup-title \"><a class=\"yt-uix-sessionlink yt-uix-tile-link yt-ui-ellipsis yt-ui-ellipsis-2       spf-link \" dir=\"ltr\" title=\"Rallye Waldviertel 2016 | 50 | Martin Rada - Jaroslav Jugas\" href=\"https:\/\/www.youtube.com\/watch?v=6-OgoMle91k\" rel=\"spf-prefetch\" data-sessionlink=\"itct=CDIQ3DAYEyITCJfSkJalydACFSTrwgod1C0AVij0JFISV2FsZHZpZXJ0ZWwgUmFsbHll\">Rallye Waldviertel 2016 | 50 | Martin Rada &#8211; Jaroslav Jugas<\/a><\/h3>\n<div class=\"yt-lockup-byline \"><a class=\"g-hovercard yt-uix-sessionlink      spf-link \" href=\"https:\/\/www.youtube.com\/channel\/UCyVHxhzFRTIFGxHLhIFnywA\" data-sessionlink=\"itct=CDIQ3DAYEyITCJfSkJalydACFSTrwgod1C0AVij0JA\" data-ytid=\"UCyVHxhzFRTIFGxHLhIFnywA\">JNK for Competitors<\/a><\/div>\n<\/div>\n<p>&nbsp;<\/p>\n<p>&nbsp;<\/p>\n<p>&nbsp;<\/p>\n<p>&nbsp;<\/p>\n<p>&nbsp;<\/p>\n<p>&nbsp;<\/p>\n","protected":false},"excerpt":{"rendered":"<p>2:06 &nbsp; Best of Shakedown + SP1 Crash, Action, Waldviertel Rallye 2016 Foto Video POLT http:\/\/www.facebook.com\/FotoVideoPolt http:\/\/www.foto-video-polt.com. &nbsp; 13:33 &nbsp; ORM Waldviertel Rallye 2016 Foto Video POLT http:\/\/www.facebook.com\/FotoVideoPolt http:\/\/www.foto-video-polt.com. &nbsp; 7:56 &nbsp; Rallye Waldviertel 2016 (crash &amp; action) JNK Studio vor 1 Woche 11.659 Aufrufe Neu &nbsp; 5:15 &nbsp; Waldviertel Rallye 2016 | ACTION GHrallyemotion [&hellip;]<\/p>\n","protected":false},"author":1,"featured_media":0,"parent":0,"menu_order":0,"comment_status":"closed","ping_status":"closed","template":"","meta":{"ngg_post_thumbnail":0,"footnotes":""},"_links":{"self":[{"href":"http:\/\/www.waldviertel-rallye.at\/cms\/wp-json\/wp\/v2\/pages\/7276"}],"collection":[{"href":"http:\/\/www.waldviertel-rallye.at\/cms\/wp-json\/wp\/v2\/pages"}],"about":[{"href":"http:\/\/www.waldviertel-rallye.at\/cms\/wp-json\/wp\/v2\/types\/page"}],"author":[{"embeddable":true,"href":"http:\/\/www.waldviertel-rallye.at\/cms\/wp-json\/wp\/v2\/users\/1"}],"replies":[{"embeddable":true,"href":"http:\/\/www.waldviertel-rallye.at\/cms\/wp-json\/wp\/v2\/comments?post=7276"}],"version-history":[{"count":3,"href":"http:\/\/www.waldviertel-rallye.at\/cms\/wp-json\/wp\/v2\/pages\/7276\/revisions"}],"predecessor-version":[{"id":7279,"href":"http:\/\/www.waldviertel-rallye.at\/cms\/wp-json\/wp\/v2\/pages\/7276\/revisions\/7279"}],"wp:attachment":[{"href":"http:\/\/www.waldviertel-rallye.at\/cms\/wp-json\/wp\/v2\/media?parent=7276"}],"curies":[{"name":"wp","href":"https:\/\/api.w.org\/{rel}","templated":true}]}}