{"id":6613,"date":"2016-03-29T18:33:38","date_gmt":"2016-03-29T16:33:38","guid":{"rendered":"http:\/\/www.waldviertel-rallye.at\/cms\/?page_id=6613"},"modified":"2016-03-29T18:36:05","modified_gmt":"2016-03-29T16:36:05","slug":"austrian-rallye-legends-powered-by-arboe","status":"publish","type":"page","link":"http:\/\/www.waldviertel-rallye.at\/cms\/austrian-rallye-legends-powered-by-arboe\/","title":{"rendered":"Austrian Rallye Legends powered by ARB\u00d6"},"content":{"rendered":"<div id=\"content_text\" class=\"contentheading\">\n<p>Wir freuen uns, die <b>Austrian Rallye Legends<\/b> mit Organisator <b>Kurt Gutternigg<\/b> als Partnerveranstaltung pr\u00e4sentieren zu d\u00fcrfen!<\/p>\n<div class=\"padLeftRight16\">\n<div id=\"content\">\n<p>Unsere Partnerschaft umfasst folgende gemeinsame Bestrebungen:<\/p>\n<p>1. Sponsoren<br \/>\n2. Medien<br \/>\n3. Star\u00b4s<br \/>\n4. Teilnehmer<br \/>\n5. Zuseher<br \/>\n6. Organisatorisches<\/p>\n<p>Wir k\u00f6nnen gerne den Kontakt herstellen wenn jemand von den quattrolegende &#8211; Teilnehmern in Admont fahren m\u00f6chte!<\/p>\n<p>Auch gemeinsame &#8222;Sponsor und Medienprojekte&#8220; sind herzlich willkommen! Bitte kontaktieren Sie uns!<\/p>\n<p>F\u00fcr Zuseher die auch an unseren Partnerveranstaltungen interessiert sind, gibt\u00b4s weiter unten die Info\u00b4s und Link zur Homepage!<\/p>\n<div class=\"topSpacer\"><\/div>\n<div class=\"headline\">Historische Rallyeautos auf bekannten Rallyestrecken<\/div>\n<div class=\"spacer10\"><\/div>\n<p><a href=\"http:\/\/www.arboe-rallye.at\" target=\"_blank\"><img decoding=\"async\" src=\"http:\/\/www.quattrolegende.com\/img\/partner_sites\/austrian_rallye_legends\/leitbild_arl_2016.jpg\" alt=\"\" width=\"886\" \/><\/a><\/p>\n<p>Das Wochenende vom <strong>15. \u2013 17. September 2016<\/strong> haben sich die Rallye-Fans europaweit bereits dick im Kalender notiert.<\/p>\n<p>Rund um<strong> Admont in der Alpenregion Nationalpark Ges\u00e4use und Spital am Pyhrn<\/strong> wird dann die \u201e<strong>Austrian Rallye Legends powered by ARB\u00d6<\/strong>\u201c ausgetragen. Seit 2014 wird nach 40 j\u00e4hriger \u00d6M die Legends ausgetragen. Tausende Fans aus ganz Europa verfolgen die Parade der \u00fcber historischen Rallye-Boliden bei ihrer Demonstrationsfahrt.<\/p>\n<p><strong>Mit rund 30 verschiedenen Automarken<\/strong> wird ein einmaliges Spektrum an Vielfalt pr\u00e4sentiert. In Zusammenarbeit mit \u201e<strong>Slowly Sideways Europa<\/strong>\u201c der Vereinigung von Besitzern historischer Rallye-Autos ist eine gro\u00dfe Vielfalt der Rallye-Geschichte zu sehen sein.<\/p>\n<p>Die Fans d\u00fcrfen schon jetzt gespannt sein, welche verborgenen \u201eSch\u00e4tze &amp; Sch\u00e4tzchen der Rallye-Szene\u201e ihren Weg in die Steiermark finden werden.<\/p>\n<div class=\"spacer10\"><\/div>\n<div>\n<div>\n<table border=\"0\" cellspacing=\"0\" cellpadding=\"0\">\n<tbody>\n<tr>\n<td class=\"text18px\" valign=\"top\"><b>Termin:<\/b><\/td>\n<td>15.09. bis 17.09.2016<\/td>\n<\/tr>\n<tr>\n<td colspan=\"2\"><\/td>\n<\/tr>\n<tr>\n<td class=\"text18px\" valign=\"top\" width=\"140\"><b>Ortsangaben:<\/b><\/td>\n<td>Admont &#8211; Alpenregion Nationalpark Ges\u00e4use<br \/>\nSpital a Pyhrn \u2013 Region Pyhrn-Priel<\/td>\n<\/tr>\n<tr>\n<td colspan=\"2\"><\/td>\n<\/tr>\n<tr>\n<td class=\"text18px\" valign=\"top\"><b>Kontakt:<\/b><\/td>\n<td>\n<table border=\"0\" cellspacing=\"0\" cellpadding=\"0\">\n<tbody>\n<tr>\n<td width=\"80\"><strong>Telefon:<\/strong><\/td>\n<td>+43 (0)660\/6560003<\/td>\n<\/tr>\n<tr>\n<td colspan=\"2\"><\/td>\n<\/tr>\n<tr>\n<td><strong>E-Mail: <\/strong><\/td>\n<td><a href=\"mailto:rallye@arboe-rallye.at?subject=Anfrage%20Austrian%20Rallye%20Legends%20powered%20by%20ARB%C3%96\">rallye@arboe-rallye.at<\/a><\/td>\n<\/tr>\n<tr>\n<td colspan=\"2\"><\/td>\n<\/tr>\n<tr>\n<td valign=\"top\"><strong>Facebook: <\/strong><\/td>\n<td><a href=\"https:\/\/www.facebook.com\/ArboAustrianRallyeLegends\/?fref=ts\" target=\"_blank\">ARB\u00d6 Austrian Rallye Legends<\/a><\/td>\n<\/tr>\n<\/tbody>\n<\/table>\n<\/td>\n<\/tr>\n<tr>\n<td colspan=\"2\"><\/td>\n<\/tr>\n<tr>\n<td class=\"text18px\" valign=\"top\"><b>Homepage:<\/b><\/td>\n<td><a href=\"http:\/\/www.arboe-rallye.at\" target=\"_blank\">http:\/\/www.arboe-rallye.at<\/a><\/td>\n<\/tr>\n<\/tbody>\n<\/table>\n<\/div>\n<div><a href=\"http:\/\/www.arboe-rallye.at\" target=\"_blank\"><img decoding=\"async\" src=\"http:\/\/www.quattrolegende.com\/img\/partner_sites\/austrian_rallye_legends\/legends_logo.jpg\" alt=\"\" width=\"310\" \/><\/a><\/div>\n<\/div>\n<div class=\"clear spacer10\"><\/div>\n<\/div>\n<\/div>\n<\/div>\n","protected":false},"excerpt":{"rendered":"<p>Wir freuen uns, die Austrian Rallye Legends mit Organisator Kurt Gutternigg als Partnerveranstaltung pr\u00e4sentieren zu d\u00fcrfen! Unsere Partnerschaft umfasst folgende gemeinsame Bestrebungen: 1. Sponsoren 2. Medien 3. Star\u00b4s 4. Teilnehmer 5. Zuseher 6. Organisatorisches Wir k\u00f6nnen gerne den Kontakt herstellen wenn jemand von den quattrolegende &#8211; Teilnehmern in Admont fahren m\u00f6chte! Auch gemeinsame &#8222;Sponsor und [&hellip;]<\/p>\n","protected":false},"author":1,"featured_media":0,"parent":0,"menu_order":0,"comment_status":"closed","ping_status":"closed","template":"","meta":{"ngg_post_thumbnail":0,"footnotes":""},"_links":{"self":[{"href":"http:\/\/www.waldviertel-rallye.at\/cms\/wp-json\/wp\/v2\/pages\/6613"}],"collection":[{"href":"http:\/\/www.waldviertel-rallye.at\/cms\/wp-json\/wp\/v2\/pages"}],"about":[{"href":"http:\/\/www.waldviertel-rallye.at\/cms\/wp-json\/wp\/v2\/types\/page"}],"author":[{"embeddable":true,"href":"http:\/\/www.waldviertel-rallye.at\/cms\/wp-json\/wp\/v2\/users\/1"}],"replies":[{"embeddable":true,"href":"http:\/\/www.waldviertel-rallye.at\/cms\/wp-json\/wp\/v2\/comments?post=6613"}],"version-history":[{"count":2,"href":"http:\/\/www.waldviertel-rallye.at\/cms\/wp-json\/wp\/v2\/pages\/6613\/revisions"}],"predecessor-version":[{"id":6617,"href":"http:\/\/www.waldviertel-rallye.at\/cms\/wp-json\/wp\/v2\/pages\/6613\/revisions\/6617"}],"wp:attachment":[{"href":"http:\/\/www.waldviertel-rallye.at\/cms\/wp-json\/wp\/v2\/media?parent=6613"}],"curies":[{"name":"wp","href":"https:\/\/api.w.org\/{rel}","templated":true}]}}