{"id":5236,"date":"2014-12-30T09:59:15","date_gmt":"2014-12-30T08:59:15","guid":{"rendered":"http:\/\/www.waldviertel-rallye.at\/cms\/?page_id=5236"},"modified":"2017-07-26T18:24:06","modified_gmt":"2017-07-26T16:24:06","slug":"presse-info-2015","status":"publish","type":"page","link":"http:\/\/www.waldviertel-rallye.at\/cms\/presse-info-2015\/","title":{"rendered":"PRESSE"},"content":{"rendered":"<p>Beachten sie bitte besonders das <strong>FIA MEDIA SAFETY VIDEO<\/strong><\/p>\n<p><iframe loading=\"lazy\" width=\"1140\" height=\"641\" src=\"https:\/\/www.youtube.com\/embed\/4Npy5eUuWHw?feature=oembed\" frameborder=\"0\" gesture=\"media\" allow=\"encrypted-media\" allowfullscreen><\/iframe><\/p>\n<p><strong>Alle Presseinfos inklusive Anmeldung, aktueller Presseaussendungen, Presse Bilder und umfangreiches Archiv&#8230;<\/strong><\/p>\n<p>ZUS\u00c4TZLICH IST DIE AUSWAHL DES AKTUELLEN VERANSTALTUNGSJAHRES IM HAUPTMEN\u00dc M\u00d6GLICH<\/p>\n<address><span style=\"font-size: x-small;\">weiterf\u00fchrende Informationen finden sie unter:<\/span><\/address>\n<h3><a href=\"http:\/\/www.waldviertel-rallye.at\/cms\/?page_id=474\">&gt;&gt; Akkreditierung<\/a><\/h3>\n<h3><a href=\"http:\/\/www.waldviertel-rallye.at\/cms\/?page_id=48\">&gt;&gt; Pressefotos<\/a><\/h3>\n<h3><a href=\"http:\/\/www.waldviertel-rallye.at\/cms\/fia-european-rally-trophy-final-event-2016\/\">&gt;&gt; Presseaussendungen 2016<\/a><\/h3>\n<h3><a href=\"http:\/\/www.waldviertel-rallye.at\/cms\/?page_id=5490\">&gt;&gt; Presseaussendungen 2015<\/a><\/h3>\n<h3><a href=\"http:\/\/www.waldviertel-rallye.at\/cms\/?page_id=2936\">&gt;&gt; Rallye Archiv<\/a><\/h3>\n<h3>&nbsp;<\/h3>\n","protected":false},"excerpt":{"rendered":"<p>Beachten sie bitte besonders das FIA MEDIA SAFETY VIDEO Alle Presseinfos inklusive Anmeldung, aktueller Presseaussendungen, Presse Bilder und umfangreiches Archiv&#8230; ZUS\u00c4TZLICH IST DIE AUSWAHL DES AKTUELLEN VERANSTALTUNGSJAHRES IM HAUPTMEN\u00dc M\u00d6GLICH weiterf\u00fchrende Informationen finden sie unter: &gt;&gt; Akkreditierung &gt;&gt; Pressefotos &gt;&gt; Presseaussendungen 2016 &gt;&gt; Presseaussendungen 2015 &gt;&gt; Rallye Archiv &nbsp;<\/p>\n","protected":false},"author":1,"featured_media":1846,"parent":0,"menu_order":0,"comment_status":"open","ping_status":"closed","template":"","meta":{"ngg_post_thumbnail":0,"footnotes":""},"_links":{"self":[{"href":"http:\/\/www.waldviertel-rallye.at\/cms\/wp-json\/wp\/v2\/pages\/5236"}],"collection":[{"href":"http:\/\/www.waldviertel-rallye.at\/cms\/wp-json\/wp\/v2\/pages"}],"about":[{"href":"http:\/\/www.waldviertel-rallye.at\/cms\/wp-json\/wp\/v2\/types\/page"}],"author":[{"embeddable":true,"href":"http:\/\/www.waldviertel-rallye.at\/cms\/wp-json\/wp\/v2\/users\/1"}],"replies":[{"embeddable":true,"href":"http:\/\/www.waldviertel-rallye.at\/cms\/wp-json\/wp\/v2\/comments?post=5236"}],"version-history":[{"count":16,"href":"http:\/\/www.waldviertel-rallye.at\/cms\/wp-json\/wp\/v2\/pages\/5236\/revisions"}],"predecessor-version":[{"id":7397,"href":"http:\/\/www.waldviertel-rallye.at\/cms\/wp-json\/wp\/v2\/pages\/5236\/revisions\/7397"}],"wp:featuredmedia":[{"embeddable":true,"href":"http:\/\/www.waldviertel-rallye.at\/cms\/wp-json\/wp\/v2\/media\/1846"}],"wp:attachment":[{"href":"http:\/\/www.waldviertel-rallye.at\/cms\/wp-json\/wp\/v2\/media?parent=5236"}],"curies":[{"name":"wp","href":"https:\/\/api.w.org\/{rel}","templated":true}]}}